{"id":149,"date":"2026-03-17T11:54:08","date_gmt":"2026-03-17T11:54:08","guid":{"rendered":"https:\/\/realcup.org\/guayaquil2026\/?page_id=149"},"modified":"2026-04-30T18:53:03","modified_gmt":"2026-04-30T18:53:03","slug":"inicio","status":"publish","type":"page","link":"https:\/\/realcup.org\/guayaquil2026\/","title":{"rendered":"Inicio"},"content":{"rendered":"\t\t<div data-elementor-type=\"wp-page\" data-elementor-id=\"149\" class=\"elementor elementor-149\" data-elementor-post-type=\"page\">\n\t\t\t\t<div class=\"elementor-element elementor-element-b8f71a2 e-flex e-con-boxed e-con e-parent\" data-id=\"b8f71a2\" data-element_type=\"container\" data-e-type=\"container\" data-settings=\"{&quot;background_background&quot;:&quot;video&quot;,&quot;background_video_link&quot;:&quot;https:\\\/\\\/realcup.org\\\/guayaquil2026\\\/wp-content\\\/uploads\\\/2026\\\/04\\\/human-brain-in-bule-2026-01-28-03-07-53-utc2.mp4&quot;}\">\n\t\t\t\t\t<div class=\"e-con-inner\">\n\t\t<div class=\"elementor-background-video-container elementor-hidden-mobile\">\n\t\t\t\t\t\t\t<video class=\"elementor-background-video-hosted\" role=\"presentation\" autoplay muted playsinline loop><\/video>\n\t\t\t\t\t<\/div><div class=\"elementor-element elementor-element-f67f565 e-con-full e-flex e-con e-child\" data-id=\"f67f565\" data-element_type=\"container\" data-e-type=\"container\" data-settings=\"{&quot;background_background&quot;:&quot;classic&quot;}\">\n\t\t\t\t<div class=\"elementor-element elementor-element-5a8cce4 elementor-widget elementor-widget-heading\" data-id=\"5a8cce4\" data-element_type=\"widget\" data-e-type=\"widget\" data-widget_type=\"heading.default\">\n\t\t\t\t\t<h1 class=\"elementor-heading-title elementor-size-default\">Inteligencias postartificiales<\/h1>\t\t\t\t<\/div>\n\t\t\t\t<div class=\"elementor-element elementor-element-30c5a3e elementor-widget elementor-widget-heading\" data-id=\"30c5a3e\" data-element_type=\"widget\" data-e-type=\"widget\" data-widget_type=\"heading.default\">\n\t\t\t\t\t<h2 class=\"elementor-heading-title elementor-size-default\">11 al 13 de noviembre<\/h2>\t\t\t\t<\/div>\n\t\t\t\t<div class=\"elementor-element elementor-element-23418fd elementor-widget elementor-widget-heading\" data-id=\"23418fd\" data-element_type=\"widget\" data-e-type=\"widget\" data-widget_type=\"heading.default\">\n\t\t\t\t\t<h3 class=\"elementor-heading-title elementor-size-default\"><a href=\"https:\/\/uees.edu.ec\/\" target=\"_blank\" rel=\"noopener noreferrer nofollow\">Universidad Esp\u00edritu Santo (UEES)<\/a><\/h3>\t\t\t\t<\/div>\n\t\t\t\t<div class=\"elementor-element elementor-element-e054cab elementor-widget elementor-widget-heading\" data-id=\"e054cab\" data-element_type=\"widget\" data-e-type=\"widget\" data-widget_type=\"heading.default\">\n\t\t\t\t\t<h3 class=\"elementor-heading-title elementor-size-default\">Ecuador<\/h3>\t\t\t\t<\/div>\n\t\t\t\t<div class=\"elementor-element elementor-element-1d2be3a elementor-widget elementor-widget-image\" data-id=\"1d2be3a\" data-element_type=\"widget\" data-e-type=\"widget\" data-widget_type=\"image.default\">\n\t\t\t\t\t\t\t\t\t\t\t\t\t\t\t<img fetchpriority=\"high\" decoding=\"async\" width=\"300\" height=\"185\" src=\"https:\/\/realcup.org\/guayaquil2026\/wp-content\/uploads\/2026\/03\/olas-300x185.png\" class=\"attachment-medium size-medium wp-image-307\" alt=\"\" srcset=\"https:\/\/realcup.org\/guayaquil2026\/wp-content\/uploads\/2026\/03\/olas-300x185.png 300w, https:\/\/realcup.org\/guayaquil2026\/wp-content\/uploads\/2026\/03\/olas.png 468w\" sizes=\"(max-width: 300px) 100vw, 300px\" \/>\t\t\t\t\t\t\t\t\t\t\t\t\t\t\t<\/div>\n\t\t\t\t<\/div>\n\t\t\t\t\t<\/div>\n\t\t\t\t<\/div>\n\t\t<div class=\"elementor-element elementor-element-3fe0358 e-con-full e-flex e-con e-parent\" data-id=\"3fe0358\" data-element_type=\"container\" data-e-type=\"container\" data-settings=\"{&quot;background_background&quot;:&quot;classic&quot;}\">\n\t\t\t\t<div class=\"elementor-element elementor-element-ef4f2e2 elementor-widget elementor-widget-html\" data-id=\"ef4f2e2\" data-element_type=\"widget\" data-e-type=\"widget\" data-widget_type=\"html.default\">\n\t\t\t\t\t<div style=\"width:100%;overflow:hidden;position:relative;height:200px;margin:0;padding:0;line-height:0;\">\n\n  <!-- Capa 3 - Celeste claro (fondo) -->\n  <div style=\"position:absolute;width:200%;height:100%;bottom:0;left:0;z-index:1;animation:wvs 22s linear infinite;\">\n    <svg viewBox=\"0 0 720 200\" preserveAspectRatio=\"none\" style=\"width:50%;height:100%;display:block;float:left;\">\n      <path d=\"M0,80 C60,55 120,55 180,80 C240,105 300,115 360,90 C420,65 480,55 540,75 C600,95 660,105 720,80 L720,200 L0,200 Z\" fill=\"#89D4F5\"\/>\n    <\/svg>\n    <svg viewBox=\"0 0 720 200\" preserveAspectRatio=\"none\" style=\"width:50%;height:100%;display:block;float:left;\">\n      <path d=\"M0,80 C60,55 120,55 180,80 C240,105 300,115 360,90 C420,65 480,55 540,75 C600,95 660,105 720,80 L720,200 L0,200 Z\" fill=\"#89D4F5\"\/>\n    <\/svg>\n  <\/div>\n\n  <!-- Capa 2 - Azul profundo (medio) -->\n  <div style=\"position:absolute;width:200%;height:100%;bottom:0;left:0;z-index:2;animation:wvs 18s linear infinite reverse;\">\n    <svg viewBox=\"0 0 720 200\" preserveAspectRatio=\"none\" style=\"width:50%;height:100%;display:block;float:left;\">\n      <path d=\"M0,110 C60,85 120,90 180,115 C240,140 300,130 360,105 C420,80 480,85 540,110 C600,135 660,130 720,110 L720,200 L0,200 Z\" fill=\"#0A6FA0\"\/>\n    <\/svg>\n    <svg viewBox=\"0 0 720 200\" preserveAspectRatio=\"none\" style=\"width:50%;height:100%;display:block;float:left;\">\n      <path d=\"M0,110 C60,85 120,90 180,115 C240,140 300,130 360,105 C420,80 480,85 540,110 C600,135 660,130 720,110 L720,200 L0,200 Z\" fill=\"#0A6FA0\"\/>\n    <\/svg>\n  <\/div>\n\n  <!-- Capa 1 - Azul brillante (frente) -->\n  <div style=\"position:absolute;width:200%;height:100%;bottom:0;left:0;z-index:3;animation:wvs 14s linear infinite;\">\n    <svg viewBox=\"0 0 720 200\" preserveAspectRatio=\"none\" style=\"width:50%;height:100%;display:block;float:left;\">\n      <path d=\"M0,145 C60,120 120,125 180,150 C240,175 300,165 360,140 C420,115 480,125 540,150 C600,175 660,165 720,145 L720,200 L0,200 Z\" fill=\"#1794D4\"\/>\n    <\/svg>\n    <svg viewBox=\"0 0 720 200\" preserveAspectRatio=\"none\" style=\"width:50%;height:100%;display:block;float:left;\">\n      <path d=\"M0,145 C60,120 120,125 180,150 C240,175 300,165 360,140 C420,115 480,125 540,150 C600,175 660,165 720,145 L720,200 L0,200 Z\" fill=\"#1794D4\"\/>\n    <\/svg>\n  <\/div>\n\n<\/div>\n\n<style>\n@keyframes wvs {\n  0% { transform: translateX(0); }\n  100% { transform: translateX(-50%); }\n}\n<\/style>\t\t\t\t<\/div>\n\t\t\t\t<\/div>\n\t\t<div class=\"elementor-element elementor-element-2bd74f0 e-con-full e-flex e-con e-parent\" data-id=\"2bd74f0\" data-element_type=\"container\" data-e-type=\"container\" data-settings=\"{&quot;background_background&quot;:&quot;classic&quot;,&quot;shape_divider_bottom&quot;:&quot;waves&quot;}\">\n\t\t\t\t<div class=\"elementor-shape elementor-shape-bottom\" aria-hidden=\"true\" data-negative=\"false\">\n\t\t\t<svg xmlns=\"http:\/\/www.w3.org\/2000\/svg\" viewBox=\"0 0 1000 100\" preserveAspectRatio=\"none\">\n\t<path class=\"elementor-shape-fill\" d=\"M421.9,6.5c22.6-2.5,51.5,0.4,75.5,5.3c23.6,4.9,70.9,23.5,100.5,35.7c75.8,32.2,133.7,44.5,192.6,49.7\n\tc23.6,2.1,48.7,3.5,103.4-2.5c54.7-6,106.2-25.6,106.2-25.6V0H0v30.3c0,0,72,32.6,158.4,30.5c39.2-0.7,92.8-6.7,134-22.4\n\tc21.2-8.1,52.2-18.2,79.7-24.2C399.3,7.9,411.6,7.5,421.9,6.5z\"\/>\n<\/svg>\t\t<\/div>\n\t\t\t\t<div class=\"elementor-element elementor-element-74d9de6 elementor-widget elementor-widget-text-editor\" data-id=\"74d9de6\" data-element_type=\"widget\" data-e-type=\"widget\" data-widget_type=\"text-editor.default\">\n\t\t\t\t\t\t\t\t\t<p>En noviembre en Ecuador regresa el encuentro anual de la <strong>Red de Asociaciones Latinoamericanas y Caribe\u00f1as de Universidades Privadas (REALCUP)<\/strong>. Se trata del evento m\u00e1s importante de instituciones privadas de la regi\u00f3n, con la presencia de unos 600 gestores, de los cuales la mayor\u00eda de ellos ser\u00e1n rectores.<\/p>\t\t\t\t\t\t\t\t<\/div>\n\t\t\t\t<div class=\"elementor-element elementor-element-2e1d5b9 elementor-mobile-align-center elementor-align-center elementor-widget elementor-widget-button\" data-id=\"2e1d5b9\" data-element_type=\"widget\" data-e-type=\"widget\" data-widget_type=\"button.default\">\n\t\t\t\t\t\t\t\t\t\t<a class=\"elementor-button elementor-button-link elementor-size-sm elementor-animation-push\" href=\"https:\/\/erp.uees.edu.ec\/ords\/r\/ctsi\/realcup251\/formulario_de_registro?session=14674994306691\" target=\"_blank\" rel=\"noopener noreferrer nofollow\">\n\t\t\t\t\t\t<span class=\"elementor-button-content-wrapper\">\n\t\t\t\t\t\t\t\t\t<span class=\"elementor-button-text\">MATR\u00cdCULA ABIERTA<\/span>\n\t\t\t\t\t<\/span>\n\t\t\t\t\t<\/a>\n\t\t\t\t\t\t\t\t<\/div>\n\t\t\t\t<div class=\"elementor-element elementor-element-acfa197 elementor-widget elementor-widget-video\" data-id=\"acfa197\" data-element_type=\"widget\" data-e-type=\"widget\" data-settings=\"{&quot;youtube_url&quot;:&quot;https:\\\/\\\/youtu.be\\\/y5p2N7Nddiw?si=HceTfxb7Zy8gTARS&quot;,&quot;image_overlay&quot;:{&quot;url&quot;:&quot;https:\\\/\\\/realcup.org\\\/guayaquil2026\\\/wp-content\\\/uploads\\\/2026\\\/04\\\/guayaquillogovideo.jpg&quot;,&quot;id&quot;:603,&quot;size&quot;:&quot;&quot;,&quot;alt&quot;:&quot;&quot;,&quot;source&quot;:&quot;library&quot;},&quot;show_image_overlay&quot;:&quot;yes&quot;,&quot;video_type&quot;:&quot;youtube&quot;,&quot;controls&quot;:&quot;yes&quot;}\" data-widget_type=\"video.default\">\n\t\t\t\t\t\t\t<div class=\"elementor-wrapper elementor-open-inline\">\n\t\t\t<div class=\"elementor-video\"><\/div>\t\t\t\t<div class=\"elementor-custom-embed-image-overlay\" style=\"background-image: url(https:\/\/realcup.org\/guayaquil2026\/wp-content\/uploads\/2026\/04\/guayaquillogovideo.jpg);\">\n\t\t\t\t\t\t\t\t\t\t\t\t\t\t\t\t<div class=\"elementor-custom-embed-play\" role=\"button\" aria-label=\"Reproducir v\u00eddeo\" tabindex=\"0\">\n\t\t\t\t\t\t\t<svg aria-hidden=\"true\" class=\"e-font-icon-svg e-eicon-play\" viewBox=\"0 0 1000 1000\" xmlns=\"http:\/\/www.w3.org\/2000\/svg\"><path d=\"M838 162C746 71 633 25 500 25 371 25 258 71 163 162 71 254 25 367 25 500 25 633 71 746 163 837 254 929 367 979 500 979 633 979 746 933 838 837 929 746 975 633 975 500 975 367 929 254 838 162M808 192C892 279 933 379 933 500 933 621 892 725 808 808 725 892 621 938 500 938 379 938 279 896 196 808 113 725 67 621 67 500 67 379 108 279 196 192 279 108 383 62 500 62 621 62 721 108 808 192M438 392V642L642 517 438 392Z\"><\/path><\/svg>\t\t\t\t\t\t<\/div>\n\t\t\t\t\t\t\t\t\t<\/div>\n\t\t\t\t\t<\/div>\n\t\t\t\t\t\t<\/div>\n\t\t\t\t<\/div>\n\t\t<div class=\"elementor-element elementor-element-57256770 e-flex e-con-boxed e-con e-parent\" data-id=\"57256770\" data-element_type=\"container\" data-e-type=\"container\" data-settings=\"{&quot;background_background&quot;:&quot;classic&quot;,&quot;background_motion_fx_motion_fx_mouse&quot;:&quot;yes&quot;}\">\n\t\t\t\t\t<div class=\"e-con-inner\">\n\t\t<div class=\"elementor-element elementor-element-874d4a0 e-con-full e-flex e-con e-child\" data-id=\"874d4a0\" data-element_type=\"container\" data-e-type=\"container\">\n\t\t<div class=\"elementor-element elementor-element-19a3e9ea e-con-full e-flex elementor-invisible e-con e-child\" data-id=\"19a3e9ea\" data-element_type=\"container\" data-e-type=\"container\" data-settings=\"{&quot;animation&quot;:&quot;fadeInLeft&quot;,&quot;animation_delay&quot;:100}\">\n\t\t\t\t<div class=\"elementor-element elementor-element-3ed02bb7 elementor-widget elementor-widget-heading\" data-id=\"3ed02bb7\" data-element_type=\"widget\" data-e-type=\"widget\" data-widget_type=\"heading.default\">\n\t\t\t\t\t<h2 class=\"elementor-heading-title elementor-size-default\">Ejes tem\u00e1ticos<\/h2>\t\t\t\t<\/div>\n\t\t\t\t<div class=\"elementor-element elementor-element-16ed33e7 elementor-widget elementor-widget-text-editor\" data-id=\"16ed33e7\" data-element_type=\"widget\" data-e-type=\"widget\" data-widget_type=\"text-editor.default\">\n\t\t\t\t\t\t\t\t\t<p>Las universidades no solo gestionan tecnolog\u00edas, sino que cultivan inteligencias humanas m\u00faltiples capaces de liderar un mundo donde lo artificial es la norma, pero lo humano es el sentido. Son estas capacidades las que ser\u00e1n postartificiales.<\/p>\t\t\t\t\t\t\t\t<\/div>\n\t\t<div class=\"elementor-element elementor-element-aa6ad65 e-con-full e-flex e-con e-child\" data-id=\"aa6ad65\" data-element_type=\"container\" data-e-type=\"container\">\n\t\t<div class=\"elementor-element elementor-element-0c784e3 e-con-full e-flex e-con e-child\" data-id=\"0c784e3\" data-element_type=\"container\" data-e-type=\"container\">\n\t\t\t\t<div class=\"elementor-element elementor-element-9469c95 elementor-widget elementor-widget-image\" data-id=\"9469c95\" data-element_type=\"widget\" data-e-type=\"widget\" data-widget_type=\"image.default\">\n\t\t\t\t\t\t\t\t\t\t\t\t\t\t\t<img decoding=\"async\" width=\"150\" height=\"150\" src=\"https:\/\/realcup.org\/guayaquil2026\/wp-content\/uploads\/2026\/03\/guaya_quienessomos.jpg\" class=\"attachment-thumbnail size-thumbnail wp-image-260\" alt=\"\" \/>\t\t\t\t\t\t\t\t\t\t\t\t\t\t\t<\/div>\n\t\t\t\t<div class=\"elementor-element elementor-element-a1aa864 elementor-widget elementor-widget-heading\" data-id=\"a1aa864\" data-element_type=\"widget\" data-e-type=\"widget\" data-widget_type=\"heading.default\">\n\t\t\t\t\t<h3 class=\"elementor-heading-title elementor-size-default\">1. \u00bfQui\u00e9nes <br>somos?<\/h3>\t\t\t\t<\/div>\n\t\t\t\t<div class=\"elementor-element elementor-element-da0b345 elementor-widget elementor-widget-text-editor\" data-id=\"da0b345\" data-element_type=\"widget\" data-e-type=\"widget\" data-widget_type=\"text-editor.default\">\n\t\t\t\t\t\t\t\t\t<p>Persona, ciudadano y profesional<\/p>\t\t\t\t\t\t\t\t<\/div>\n\t\t\t\t<\/div>\n\t\t<div class=\"elementor-element elementor-element-8c3bffa e-con-full e-flex e-con e-child\" data-id=\"8c3bffa\" data-element_type=\"container\" data-e-type=\"container\">\n\t\t\t\t<div class=\"elementor-element elementor-element-4bbe2280 elementor-widget elementor-widget-image\" data-id=\"4bbe2280\" data-element_type=\"widget\" data-e-type=\"widget\" data-widget_type=\"image.default\">\n\t\t\t\t\t\t\t\t\t\t\t\t\t\t\t<img decoding=\"async\" width=\"150\" height=\"150\" src=\"https:\/\/realcup.org\/guayaquil2026\/wp-content\/uploads\/2026\/03\/guaya_dondeubicamos.jpg\" class=\"attachment-large size-large wp-image-255\" alt=\"\" \/>\t\t\t\t\t\t\t\t\t\t\t\t\t\t\t<\/div>\n\t\t\t\t<div class=\"elementor-element elementor-element-2fe7aa3 elementor-widget elementor-widget-heading\" data-id=\"2fe7aa3\" data-element_type=\"widget\" data-e-type=\"widget\" data-widget_type=\"heading.default\">\n\t\t\t\t\t<h3 class=\"elementor-heading-title elementor-size-default\">2. \u00bfD\u00f3nde nos ubicamos?<\/h3>\t\t\t\t<\/div>\n\t\t\t\t<div class=\"elementor-element elementor-element-cf9ed36 elementor-widget elementor-widget-text-editor\" data-id=\"cf9ed36\" data-element_type=\"widget\" data-e-type=\"widget\" data-widget_type=\"text-editor.default\">\n\t\t\t\t\t\t\t\t\t<p>Habitar ecosistemas h\u00edbridos<\/p>\t\t\t\t\t\t\t\t<\/div>\n\t\t\t\t<\/div>\n\t\t<div class=\"elementor-element elementor-element-8afa349 e-con-full e-flex e-con e-child\" data-id=\"8afa349\" data-element_type=\"container\" data-e-type=\"container\">\n\t\t\t\t<div class=\"elementor-element elementor-element-1381c7af elementor-widget elementor-widget-image\" data-id=\"1381c7af\" data-element_type=\"widget\" data-e-type=\"widget\" data-widget_type=\"image.default\">\n\t\t\t\t\t\t\t\t\t\t\t\t\t\t\t<img loading=\"lazy\" decoding=\"async\" width=\"150\" height=\"150\" src=\"https:\/\/realcup.org\/guayaquil2026\/wp-content\/uploads\/2026\/03\/guaya_comoevaluamos.jpg\" class=\"attachment-large size-large wp-image-253\" alt=\"\" \/>\t\t\t\t\t\t\t\t\t\t\t\t\t\t\t<\/div>\n\t\t\t\t<div class=\"elementor-element elementor-element-ab5e791 elementor-widget elementor-widget-heading\" data-id=\"ab5e791\" data-element_type=\"widget\" data-e-type=\"widget\" data-widget_type=\"heading.default\">\n\t\t\t\t\t<h3 class=\"elementor-heading-title elementor-size-default\">3. \u00bfC\u00f3mo nos evaluamos?<\/h3>\t\t\t\t<\/div>\n\t\t\t\t<div class=\"elementor-element elementor-element-a887ed8 elementor-widget elementor-widget-text-editor\" data-id=\"a887ed8\" data-element_type=\"widget\" data-e-type=\"widget\" data-widget_type=\"text-editor.default\">\n\t\t\t\t\t\t\t\t\t<p>Calidad, \u00e9tica y confianza<\/p>\t\t\t\t\t\t\t\t<\/div>\n\t\t\t\t<\/div>\n\t\t<div class=\"elementor-element elementor-element-db8886b e-con-full e-flex e-con e-child\" data-id=\"db8886b\" data-element_type=\"container\" data-e-type=\"container\">\n\t\t\t\t<div class=\"elementor-element elementor-element-1fa55264 elementor-widget elementor-widget-image\" data-id=\"1fa55264\" data-element_type=\"widget\" data-e-type=\"widget\" data-widget_type=\"image.default\">\n\t\t\t\t\t\t\t\t\t\t\t\t\t\t\t<img loading=\"lazy\" decoding=\"async\" width=\"150\" height=\"150\" src=\"https:\/\/realcup.org\/guayaquil2026\/wp-content\/uploads\/2026\/03\/guaya_comoproyectamos.jpg\" class=\"attachment-large size-large wp-image-254\" alt=\"\" \/>\t\t\t\t\t\t\t\t\t\t\t\t\t\t\t<\/div>\n\t\t\t\t<div class=\"elementor-element elementor-element-092c7f9 elementor-widget elementor-widget-heading\" data-id=\"092c7f9\" data-element_type=\"widget\" data-e-type=\"widget\" data-widget_type=\"heading.default\">\n\t\t\t\t\t<h3 class=\"elementor-heading-title elementor-size-default\">4. \u00bfC\u00f3mo nos proyectamos?<\/h3>\t\t\t\t<\/div>\n\t\t\t\t<div class=\"elementor-element elementor-element-c293b9d elementor-widget elementor-widget-text-editor\" data-id=\"c293b9d\" data-element_type=\"widget\" data-e-type=\"widget\" data-widget_type=\"text-editor.default\">\n\t\t\t\t\t\t\t\t\t<p>Valor p\u00fablico y ciudadan\u00eda aumentada<\/p>\t\t\t\t\t\t\t\t<\/div>\n\t\t\t\t<\/div>\n\t\t\t\t<\/div>\n\t\t<div class=\"elementor-element elementor-element-216e3bc9 e-con-full e-flex e-con e-child\" data-id=\"216e3bc9\" data-element_type=\"container\" data-e-type=\"container\">\n\t\t\t\t<div class=\"elementor-element elementor-element-2d519c6a elementor-mobile-align-center elementor-align-center elementor-widget elementor-widget-button\" data-id=\"2d519c6a\" data-element_type=\"widget\" data-e-type=\"widget\" data-widget_type=\"button.default\">\n\t\t\t\t\t\t\t\t\t\t<a class=\"elementor-button elementor-button-link elementor-size-sm elementor-animation-push\" href=\"https:\/\/realcup.org\/guayaquil2026\/tematica\/\">\n\t\t\t\t\t\t<span class=\"elementor-button-content-wrapper\">\n\t\t\t\t\t\t\t\t\t<span class=\"elementor-button-text\">QUIERO SABER M\u00c1S<\/span>\n\t\t\t\t\t<\/span>\n\t\t\t\t\t<\/a>\n\t\t\t\t\t\t\t\t<\/div>\n\t\t\t\t<\/div>\n\t\t\t\t<\/div>\n\t\t\t\t<\/div>\n\t\t\t\t\t<\/div>\n\t\t\t\t<\/div>\n\t\t<div class=\"elementor-element elementor-element-4c6bb13 e-con-full e-flex e-con e-parent\" data-id=\"4c6bb13\" data-element_type=\"container\" data-e-type=\"container\">\n\t\t\t\t<div class=\"elementor-element elementor-element-cd7070d elementor-widget elementor-widget-html\" data-id=\"cd7070d\" data-element_type=\"widget\" data-e-type=\"widget\" data-widget_type=\"html.default\">\n\t\t\t\t\t<div style=\"width:100%;overflow:hidden;position:relative;height:200px;margin:0;padding:0;line-height:0;\">\n\n  <!-- Capa 3 - Celeste claro (fondo) -->\n  <div style=\"position:absolute;width:200%;height:100%;bottom:0;left:0;z-index:1;animation:wvs 22s linear infinite;\">\n    <svg viewBox=\"0 0 720 200\" preserveAspectRatio=\"none\" style=\"width:50%;height:100%;display:block;float:left;\">\n      <path d=\"M0,80 C60,55 120,55 180,80 C240,105 300,115 360,90 C420,65 480,55 540,75 C600,95 660,105 720,80 L720,200 L0,200 Z\" fill=\"#89D4F5\"\/>\n    <\/svg>\n    <svg viewBox=\"0 0 720 200\" preserveAspectRatio=\"none\" style=\"width:50%;height:100%;display:block;float:left;\">\n      <path d=\"M0,80 C60,55 120,55 180,80 C240,105 300,115 360,90 C420,65 480,55 540,75 C600,95 660,105 720,80 L720,200 L0,200 Z\" fill=\"#89D4F5\"\/>\n    <\/svg>\n  <\/div>\n\n  <!-- Capa 2 - Azul profundo (medio) -->\n  <div style=\"position:absolute;width:200%;height:100%;bottom:0;left:0;z-index:2;animation:wvs 18s linear infinite reverse;\">\n    <svg viewBox=\"0 0 720 200\" preserveAspectRatio=\"none\" style=\"width:50%;height:100%;display:block;float:left;\">\n      <path d=\"M0,110 C60,85 120,90 180,115 C240,140 300,130 360,105 C420,80 480,85 540,110 C600,135 660,130 720,110 L720,200 L0,200 Z\" fill=\"#0A6FA0\"\/>\n    <\/svg>\n    <svg viewBox=\"0 0 720 200\" preserveAspectRatio=\"none\" style=\"width:50%;height:100%;display:block;float:left;\">\n      <path d=\"M0,110 C60,85 120,90 180,115 C240,140 300,130 360,105 C420,80 480,85 540,110 C600,135 660,130 720,110 L720,200 L0,200 Z\" fill=\"#0A6FA0\"\/>\n    <\/svg>\n  <\/div>\n\n  <!-- Capa 1 - Azul brillante (frente) -->\n  <div style=\"position:absolute;width:200%;height:100%;bottom:0;left:0;z-index:3;animation:wvs 14s linear infinite;\">\n    <svg viewBox=\"0 0 720 200\" preserveAspectRatio=\"none\" style=\"width:50%;height:100%;display:block;float:left;\">\n      <path d=\"M0,145 C60,120 120,125 180,150 C240,175 300,165 360,140 C420,115 480,125 540,150 C600,175 660,165 720,145 L720,200 L0,200 Z\" fill=\"#003E71\"\/>\n    <\/svg>\n    <svg viewBox=\"0 0 720 200\" preserveAspectRatio=\"none\" style=\"width:50%;height:100%;display:block;float:left;\">\n      <path d=\"M0,145 C60,120 120,125 180,150 C240,175 300,165 360,140 C420,115 480,125 540,150 C600,175 660,165 720,145 L720,200 L0,200 Z\" fill=\"#003E71\"\/>\n    <\/svg>\n  <\/div>\n\n<\/div>\n\n<style>\n@keyframes wvs {\n  0% { transform: translateX(0); }\n  100% { transform: translateX(-50%); }\n}\n<\/style>\t\t\t\t<\/div>\n\t\t\t\t<\/div>\n\t\t<div class=\"elementor-element elementor-element-1acf4418 e-flex e-con-boxed e-con e-parent\" data-id=\"1acf4418\" data-element_type=\"container\" data-e-type=\"container\" data-settings=\"{&quot;background_background&quot;:&quot;classic&quot;}\">\n\t\t\t\t\t<div class=\"e-con-inner\">\n\t\t\t\t<div class=\"elementor-element elementor-element-116e1196 elementor-invisible elementor-widget elementor-widget-heading\" data-id=\"116e1196\" data-element_type=\"widget\" data-e-type=\"widget\" data-settings=\"{&quot;_animation&quot;:&quot;fadeInLeft&quot;}\" data-widget_type=\"heading.default\">\n\t\t\t\t\t<h3 class=\"elementor-heading-title elementor-size-default\">+30 ponentes internacionales<\/h3>\t\t\t\t<\/div>\n\t\t\t\t\t<\/div>\n\t\t\t\t<\/div>\n\t\t<div class=\"elementor-element elementor-element-da38ae5 e-con-full e-flex e-con e-parent\" data-id=\"da38ae5\" data-element_type=\"container\" data-e-type=\"container\" data-settings=\"{&quot;background_background&quot;:&quot;classic&quot;,&quot;shape_divider_bottom&quot;:&quot;waves&quot;}\">\n\t\t\t\t<div class=\"elementor-shape elementor-shape-bottom\" aria-hidden=\"true\" data-negative=\"false\">\n\t\t\t<svg xmlns=\"http:\/\/www.w3.org\/2000\/svg\" viewBox=\"0 0 1000 100\" preserveAspectRatio=\"none\">\n\t<path class=\"elementor-shape-fill\" d=\"M421.9,6.5c22.6-2.5,51.5,0.4,75.5,5.3c23.6,4.9,70.9,23.5,100.5,35.7c75.8,32.2,133.7,44.5,192.6,49.7\n\tc23.6,2.1,48.7,3.5,103.4-2.5c54.7-6,106.2-25.6,106.2-25.6V0H0v30.3c0,0,72,32.6,158.4,30.5c39.2-0.7,92.8-6.7,134-22.4\n\tc21.2-8.1,52.2-18.2,79.7-24.2C399.3,7.9,411.6,7.5,421.9,6.5z\"\/>\n<\/svg>\t\t<\/div>\n\t\t\t\t<div class=\"elementor-element elementor-element-17a937d elementor-arrows-position-inside elementor-widget elementor-widget-loop-carousel\" data-id=\"17a937d\" data-element_type=\"widget\" data-e-type=\"widget\" data-settings=\"{&quot;template_id&quot;:&quot;429&quot;,&quot;slides_to_show&quot;:&quot;6&quot;,&quot;slides_to_show_tablet&quot;:&quot;4&quot;,&quot;slides_to_show_mobile&quot;:&quot;2&quot;,&quot;slides_to_scroll&quot;:&quot;6&quot;,&quot;slides_to_scroll_tablet&quot;:&quot;4&quot;,&quot;slides_to_scroll_mobile&quot;:&quot;2&quot;,&quot;image_spacing_custom&quot;:{&quot;unit&quot;:&quot;px&quot;,&quot;size&quot;:0,&quot;sizes&quot;:[]},&quot;_skin&quot;:&quot;post&quot;,&quot;edit_handle_selector&quot;:&quot;.elementor-loop-container&quot;,&quot;autoplay&quot;:&quot;yes&quot;,&quot;autoplay_speed&quot;:5000,&quot;pause_on_hover&quot;:&quot;yes&quot;,&quot;pause_on_interaction&quot;:&quot;yes&quot;,&quot;infinite&quot;:&quot;yes&quot;,&quot;speed&quot;:500,&quot;offset_sides&quot;:&quot;none&quot;,&quot;arrows&quot;:&quot;yes&quot;,&quot;image_spacing_custom_tablet&quot;:{&quot;unit&quot;:&quot;px&quot;,&quot;size&quot;:&quot;&quot;,&quot;sizes&quot;:[]},&quot;image_spacing_custom_mobile&quot;:{&quot;unit&quot;:&quot;px&quot;,&quot;size&quot;:&quot;&quot;,&quot;sizes&quot;:[]}}\" data-widget_type=\"loop-carousel.post\">\n\t\t\t\t\t\t\t<div class=\"swiper elementor-loop-container elementor-grid\" role=\"list\" dir=\"ltr\">\n\t\t\t\t<div class=\"swiper-wrapper\" aria-live=\"off\">\n\t\t<style id=\"loop-429\">.elementor-429 .elementor-element.elementor-element-ea37510{--display:flex;--flex-direction:column;--container-widget-width:calc( ( 1 - var( --container-widget-flex-grow ) ) * 100% );--container-widget-height:initial;--container-widget-flex-grow:0;--container-widget-align-self:initial;--flex-wrap-mobile:wrap;--justify-content:flex-start;--align-items:center;--gap:20px 20px;--row-gap:20px;--column-gap:20px;--overflow:hidden;}.elementor-widget-image .widget-image-caption{color:var( --e-global-color-text );font-family:var( --e-global-typography-text-font-family ), Sans-serif;font-weight:var( --e-global-typography-text-font-weight );}.elementor-429 .elementor-element.elementor-element-fa718f0 img{border-radius:10% 10% 10% 10%;}.elementor-widget-heading .elementor-heading-title{font-family:var( --e-global-typography-primary-font-family ), Sans-serif;font-weight:var( --e-global-typography-primary-font-weight );color:var( --e-global-color-primary );}.elementor-429 .elementor-element.elementor-element-5ea2d46{text-align:center;margin:0px 0px calc(var(--kit-widget-spacing, 0px) + -10px) 0px;}.elementor-429 .elementor-element.elementor-element-5ea2d46 .elementor-heading-title{font-family:\"Raleway\", Sans-serif;font-size:1.2em;font-weight:600;color:var( --e-global-color-4ffe3f4 );}.elementor-widget-text-editor{font-family:var( --e-global-typography-text-font-family ), Sans-serif;font-weight:var( --e-global-typography-text-font-weight );color:var( --e-global-color-text );}.elementor-widget-text-editor.elementor-drop-cap-view-stacked .elementor-drop-cap{background-color:var( --e-global-color-primary );}.elementor-widget-text-editor.elementor-drop-cap-view-framed .elementor-drop-cap, .elementor-widget-text-editor.elementor-drop-cap-view-default .elementor-drop-cap{color:var( --e-global-color-primary );border-color:var( --e-global-color-primary );}.elementor-429 .elementor-element.elementor-element-3aea271{text-align:center;font-family:\"Raleway\", Sans-serif;font-size:0.9em;font-weight:400;color:var( --e-global-color-4ffe3f4 );}@media(max-width:1024px){.elementor-429 .elementor-element.elementor-element-5ea2d46 .elementor-heading-title{font-size:1em;}}@media(max-width:767px){.elementor-429 .elementor-element.elementor-element-5ea2d46 .elementor-heading-title{font-size:1em;}}<\/style>\t\t<div data-elementor-type=\"loop-item\" data-elementor-id=\"429\" class=\"elementor elementor-429 swiper-slide e-loop-item e-loop-item-923 post-923 panelistas type-panelistas status-publish has-post-thumbnail hentry\" data-elementor-post-type=\"elementor_library\" role=\"group\" aria-roledescription=\"slide\" data-custom-edit-handle=\"1\">\n\t\t\t<div class=\"elementor-element elementor-element-ea37510 e-flex e-con-boxed e-con e-parent\" data-id=\"ea37510\" data-element_type=\"container\" data-e-type=\"container\" data-settings=\"{&quot;background_background&quot;:&quot;classic&quot;}\">\n\t\t\t\t\t<div class=\"e-con-inner\">\n\t\t\t\t<div class=\"elementor-element elementor-element-fa718f0 elementor-widget elementor-widget-image\" data-id=\"fa718f0\" data-element_type=\"widget\" data-e-type=\"widget\" id=\"panelistas\" data-widget_type=\"image.default\">\n\t\t\t\t\t\t\t\t\t\t\t\t\t\t\t<img loading=\"lazy\" decoding=\"async\" width=\"240\" height=\"300\" src=\"https:\/\/realcup.org\/guayaquil2026\/wp-content\/uploads\/2026\/04\/gildaalcivar-240x300.jpg\" class=\"attachment-medium size-medium wp-image-920\" alt=\"\" srcset=\"https:\/\/realcup.org\/guayaquil2026\/wp-content\/uploads\/2026\/04\/gildaalcivar-240x300.jpg 240w, https:\/\/realcup.org\/guayaquil2026\/wp-content\/uploads\/2026\/04\/gildaalcivar-768x960.jpg 768w, https:\/\/realcup.org\/guayaquil2026\/wp-content\/uploads\/2026\/04\/gildaalcivar.jpg 800w\" sizes=\"(max-width: 240px) 100vw, 240px\" \/>\t\t\t\t\t\t\t\t\t\t\t\t\t\t\t<\/div>\n\t\t\t\t<div class=\"elementor-element elementor-element-5ea2d46 elementor-widget elementor-widget-heading\" data-id=\"5ea2d46\" data-element_type=\"widget\" data-e-type=\"widget\" data-widget_type=\"heading.default\">\n\t\t\t\t\t<h2 class=\"elementor-heading-title elementor-size-default\">Gilda Alc\u00edvar Garc\u00eda<\/h2>\t\t\t\t<\/div>\n\t\t\t\t<div class=\"elementor-element elementor-element-3aea271 elementor-widget elementor-widget-text-editor\" data-id=\"3aea271\" data-element_type=\"widget\" data-e-type=\"widget\" data-widget_type=\"text-editor.default\">\n\t\t\t\t\t\t\t\t\t<p>Ministra de Educaci\u00f3n de Ecuador<\/p>\n\t\t\t\t\t\t\t\t<\/div>\n\t\t\t\t\t<\/div>\n\t\t\t\t<\/div>\n\t\t\t\t<\/div>\n\t\t\t\t<div data-elementor-type=\"loop-item\" data-elementor-id=\"429\" class=\"elementor elementor-429 swiper-slide e-loop-item e-loop-item-919 post-919 panelistas type-panelistas status-publish has-post-thumbnail hentry\" data-elementor-post-type=\"elementor_library\" role=\"group\" aria-roledescription=\"slide\" data-custom-edit-handle=\"1\">\n\t\t\t<div class=\"elementor-element elementor-element-ea37510 e-flex e-con-boxed e-con e-parent\" data-id=\"ea37510\" data-element_type=\"container\" data-e-type=\"container\" data-settings=\"{&quot;background_background&quot;:&quot;classic&quot;}\">\n\t\t\t\t\t<div class=\"e-con-inner\">\n\t\t\t\t<div class=\"elementor-element elementor-element-fa718f0 elementor-widget elementor-widget-image\" data-id=\"fa718f0\" data-element_type=\"widget\" data-e-type=\"widget\" id=\"panelistas\" data-widget_type=\"image.default\">\n\t\t\t\t\t\t\t\t\t\t\t\t\t\t\t<img loading=\"lazy\" decoding=\"async\" width=\"240\" height=\"300\" src=\"https:\/\/realcup.org\/guayaquil2026\/wp-content\/uploads\/2026\/04\/marubolanos-240x300.jpg\" class=\"attachment-medium size-medium wp-image-922\" alt=\"\" srcset=\"https:\/\/realcup.org\/guayaquil2026\/wp-content\/uploads\/2026\/04\/marubolanos-240x300.jpg 240w, https:\/\/realcup.org\/guayaquil2026\/wp-content\/uploads\/2026\/04\/marubolanos-768x960.jpg 768w, https:\/\/realcup.org\/guayaquil2026\/wp-content\/uploads\/2026\/04\/marubolanos.jpg 800w\" sizes=\"(max-width: 240px) 100vw, 240px\" \/>\t\t\t\t\t\t\t\t\t\t\t\t\t\t\t<\/div>\n\t\t\t\t<div class=\"elementor-element elementor-element-5ea2d46 elementor-widget elementor-widget-heading\" data-id=\"5ea2d46\" data-element_type=\"widget\" data-e-type=\"widget\" data-widget_type=\"heading.default\">\n\t\t\t\t\t<h2 class=\"elementor-heading-title elementor-size-default\">Mar\u00eda Eugenia Bola\u00f1os<\/h2>\t\t\t\t<\/div>\n\t\t\t\t<div class=\"elementor-element elementor-element-3aea271 elementor-widget elementor-widget-text-editor\" data-id=\"3aea271\" data-element_type=\"widget\" data-e-type=\"widget\" data-widget_type=\"text-editor.default\">\n\t\t\t\t\t\t\t\t\t<p>Directora Sistema de Acreditaci\u00f3n FIMPES \u2022 M\u00e9xico<\/p>\n\t\t\t\t\t\t\t\t<\/div>\n\t\t\t\t\t<\/div>\n\t\t\t\t<\/div>\n\t\t\t\t<\/div>\n\t\t\t\t<div data-elementor-type=\"loop-item\" data-elementor-id=\"429\" class=\"elementor elementor-429 swiper-slide e-loop-item e-loop-item-918 post-918 panelistas type-panelistas status-publish has-post-thumbnail hentry\" data-elementor-post-type=\"elementor_library\" role=\"group\" aria-roledescription=\"slide\" data-custom-edit-handle=\"1\">\n\t\t\t<div class=\"elementor-element elementor-element-ea37510 e-flex e-con-boxed e-con e-parent\" data-id=\"ea37510\" data-element_type=\"container\" data-e-type=\"container\" data-settings=\"{&quot;background_background&quot;:&quot;classic&quot;}\">\n\t\t\t\t\t<div class=\"e-con-inner\">\n\t\t\t\t<div class=\"elementor-element elementor-element-fa718f0 elementor-widget elementor-widget-image\" data-id=\"fa718f0\" data-element_type=\"widget\" data-e-type=\"widget\" id=\"panelistas\" data-widget_type=\"image.default\">\n\t\t\t\t\t\t\t\t\t\t\t\t\t\t\t<img loading=\"lazy\" decoding=\"async\" width=\"240\" height=\"300\" src=\"https:\/\/realcup.org\/guayaquil2026\/wp-content\/uploads\/2026\/04\/bernardogonzalez-240x300.jpg\" class=\"attachment-medium size-medium wp-image-921\" alt=\"\" srcset=\"https:\/\/realcup.org\/guayaquil2026\/wp-content\/uploads\/2026\/04\/bernardogonzalez-240x300.jpg 240w, https:\/\/realcup.org\/guayaquil2026\/wp-content\/uploads\/2026\/04\/bernardogonzalez-768x960.jpg 768w, https:\/\/realcup.org\/guayaquil2026\/wp-content\/uploads\/2026\/04\/bernardogonzalez.jpg 800w\" sizes=\"(max-width: 240px) 100vw, 240px\" \/>\t\t\t\t\t\t\t\t\t\t\t\t\t\t\t<\/div>\n\t\t\t\t<div class=\"elementor-element elementor-element-5ea2d46 elementor-widget elementor-widget-heading\" data-id=\"5ea2d46\" data-element_type=\"widget\" data-e-type=\"widget\" data-widget_type=\"heading.default\">\n\t\t\t\t\t<h2 class=\"elementor-heading-title elementor-size-default\">Bernardo Gonz\u00e1lez-Ar\u00e9chiga<\/h2>\t\t\t\t<\/div>\n\t\t\t\t<div class=\"elementor-element elementor-element-3aea271 elementor-widget elementor-widget-text-editor\" data-id=\"3aea271\" data-element_type=\"widget\" data-e-type=\"widget\" data-widget_type=\"text-editor.default\">\n\t\t\t\t\t\t\t\t\t<p>Secretario General FIMPES \u2022 M\u00e9xico<\/p>\n\t\t\t\t\t\t\t\t<\/div>\n\t\t\t\t\t<\/div>\n\t\t\t\t<\/div>\n\t\t\t\t<\/div>\n\t\t\t\t<div data-elementor-type=\"loop-item\" data-elementor-id=\"429\" class=\"elementor elementor-429 swiper-slide e-loop-item e-loop-item-744 post-744 panelistas type-panelistas status-publish has-post-thumbnail hentry\" data-elementor-post-type=\"elementor_library\" role=\"group\" aria-roledescription=\"slide\" data-custom-edit-handle=\"1\">\n\t\t\t<div class=\"elementor-element elementor-element-ea37510 e-flex e-con-boxed e-con e-parent\" data-id=\"ea37510\" data-element_type=\"container\" data-e-type=\"container\" data-settings=\"{&quot;background_background&quot;:&quot;classic&quot;}\">\n\t\t\t\t\t<div class=\"e-con-inner\">\n\t\t\t\t<div class=\"elementor-element elementor-element-fa718f0 elementor-widget elementor-widget-image\" data-id=\"fa718f0\" data-element_type=\"widget\" data-e-type=\"widget\" id=\"panelistas\" data-widget_type=\"image.default\">\n\t\t\t\t\t\t\t\t\t\t\t\t\t\t\t<img loading=\"lazy\" decoding=\"async\" width=\"240\" height=\"300\" src=\"https:\/\/realcup.org\/guayaquil2026\/wp-content\/uploads\/2026\/04\/Christina-Saksanian-240x300.jpg\" class=\"attachment-medium size-medium wp-image-738\" alt=\"\" srcset=\"https:\/\/realcup.org\/guayaquil2026\/wp-content\/uploads\/2026\/04\/Christina-Saksanian-240x300.jpg 240w, https:\/\/realcup.org\/guayaquil2026\/wp-content\/uploads\/2026\/04\/Christina-Saksanian-768x958.jpg 768w, https:\/\/realcup.org\/guayaquil2026\/wp-content\/uploads\/2026\/04\/Christina-Saksanian.jpg 800w\" sizes=\"(max-width: 240px) 100vw, 240px\" \/>\t\t\t\t\t\t\t\t\t\t\t\t\t\t\t<\/div>\n\t\t\t\t<div class=\"elementor-element elementor-element-5ea2d46 elementor-widget elementor-widget-heading\" data-id=\"5ea2d46\" data-element_type=\"widget\" data-e-type=\"widget\" data-widget_type=\"heading.default\">\n\t\t\t\t\t<h2 class=\"elementor-heading-title elementor-size-default\">Christina Saksanian<\/h2>\t\t\t\t<\/div>\n\t\t\t\t<div class=\"elementor-element elementor-element-3aea271 elementor-widget elementor-widget-text-editor\" data-id=\"3aea271\" data-element_type=\"widget\" data-e-type=\"widget\" data-widget_type=\"text-editor.default\">\n\t\t\t\t\t\t\t\t\t<p>Rectora Universidad Continental \u2022 Per\u00fa<\/p>\n\t\t\t\t\t\t\t\t<\/div>\n\t\t\t\t\t<\/div>\n\t\t\t\t<\/div>\n\t\t\t\t<\/div>\n\t\t\t\t<div data-elementor-type=\"loop-item\" data-elementor-id=\"429\" class=\"elementor elementor-429 swiper-slide e-loop-item e-loop-item-742 post-742 panelistas type-panelistas status-publish has-post-thumbnail hentry\" data-elementor-post-type=\"elementor_library\" role=\"group\" aria-roledescription=\"slide\" data-custom-edit-handle=\"1\">\n\t\t\t<div class=\"elementor-element elementor-element-ea37510 e-flex e-con-boxed e-con e-parent\" data-id=\"ea37510\" data-element_type=\"container\" data-e-type=\"container\" data-settings=\"{&quot;background_background&quot;:&quot;classic&quot;}\">\n\t\t\t\t\t<div class=\"e-con-inner\">\n\t\t\t\t<div class=\"elementor-element elementor-element-fa718f0 elementor-widget elementor-widget-image\" data-id=\"fa718f0\" data-element_type=\"widget\" data-e-type=\"widget\" id=\"panelistas\" data-widget_type=\"image.default\">\n\t\t\t\t\t\t\t\t\t\t\t\t\t\t\t<img loading=\"lazy\" decoding=\"async\" width=\"240\" height=\"300\" src=\"https:\/\/realcup.org\/guayaquil2026\/wp-content\/uploads\/2026\/04\/IsidroFierroUlloa-240x300.jpg\" class=\"attachment-medium size-medium wp-image-743\" alt=\"\" srcset=\"https:\/\/realcup.org\/guayaquil2026\/wp-content\/uploads\/2026\/04\/IsidroFierroUlloa-240x300.jpg 240w, https:\/\/realcup.org\/guayaquil2026\/wp-content\/uploads\/2026\/04\/IsidroFierroUlloa-768x958.jpg 768w, https:\/\/realcup.org\/guayaquil2026\/wp-content\/uploads\/2026\/04\/IsidroFierroUlloa.jpg 800w\" sizes=\"(max-width: 240px) 100vw, 240px\" \/>\t\t\t\t\t\t\t\t\t\t\t\t\t\t\t<\/div>\n\t\t\t\t<div class=\"elementor-element elementor-element-5ea2d46 elementor-widget elementor-widget-heading\" data-id=\"5ea2d46\" data-element_type=\"widget\" data-e-type=\"widget\" data-widget_type=\"heading.default\">\n\t\t\t\t\t<h2 class=\"elementor-heading-title elementor-size-default\">Isidro Fierro Ulloa<\/h2>\t\t\t\t<\/div>\n\t\t\t\t<div class=\"elementor-element elementor-element-3aea271 elementor-widget elementor-widget-text-editor\" data-id=\"3aea271\" data-element_type=\"widget\" data-e-type=\"widget\" data-widget_type=\"text-editor.default\">\n\t\t\t\t\t\t\t\t\t<p>Rector Universidad Esp\u00edritu Santo \u2022 Ecuador<\/p>\n\t\t\t\t\t\t\t\t<\/div>\n\t\t\t\t\t<\/div>\n\t\t\t\t<\/div>\n\t\t\t\t<\/div>\n\t\t\t\t<div data-elementor-type=\"loop-item\" data-elementor-id=\"429\" class=\"elementor elementor-429 swiper-slide e-loop-item e-loop-item-741 post-741 panelistas type-panelistas status-publish has-post-thumbnail hentry\" data-elementor-post-type=\"elementor_library\" role=\"group\" aria-roledescription=\"slide\" data-custom-edit-handle=\"1\">\n\t\t\t<div class=\"elementor-element elementor-element-ea37510 e-flex e-con-boxed e-con e-parent\" data-id=\"ea37510\" data-element_type=\"container\" data-e-type=\"container\" data-settings=\"{&quot;background_background&quot;:&quot;classic&quot;}\">\n\t\t\t\t\t<div class=\"e-con-inner\">\n\t\t\t\t<div class=\"elementor-element elementor-element-fa718f0 elementor-widget elementor-widget-image\" data-id=\"fa718f0\" data-element_type=\"widget\" data-e-type=\"widget\" id=\"panelistas\" data-widget_type=\"image.default\">\n\t\t\t\t\t\t\t\t\t\t\t\t\t\t\t<img loading=\"lazy\" decoding=\"async\" width=\"240\" height=\"300\" src=\"https:\/\/realcup.org\/guayaquil2026\/wp-content\/uploads\/2026\/04\/guido_grinbaum-240x300.jpg\" class=\"attachment-medium size-medium wp-image-739\" alt=\"\" srcset=\"https:\/\/realcup.org\/guayaquil2026\/wp-content\/uploads\/2026\/04\/guido_grinbaum-240x300.jpg 240w, https:\/\/realcup.org\/guayaquil2026\/wp-content\/uploads\/2026\/04\/guido_grinbaum-768x958.jpg 768w, https:\/\/realcup.org\/guayaquil2026\/wp-content\/uploads\/2026\/04\/guido_grinbaum.jpg 800w\" sizes=\"(max-width: 240px) 100vw, 240px\" \/>\t\t\t\t\t\t\t\t\t\t\t\t\t\t\t<\/div>\n\t\t\t\t<div class=\"elementor-element elementor-element-5ea2d46 elementor-widget elementor-widget-heading\" data-id=\"5ea2d46\" data-element_type=\"widget\" data-e-type=\"widget\" data-widget_type=\"heading.default\">\n\t\t\t\t\t<h2 class=\"elementor-heading-title elementor-size-default\">Guido Grinbaum<\/h2>\t\t\t\t<\/div>\n\t\t\t\t<div class=\"elementor-element elementor-element-3aea271 elementor-widget elementor-widget-text-editor\" data-id=\"3aea271\" data-element_type=\"widget\" data-e-type=\"widget\" data-widget_type=\"text-editor.default\">\n\t\t\t\t\t\t\t\t\t<p>Fundador POK<\/p>\n\t\t\t\t\t\t\t\t<\/div>\n\t\t\t\t\t<\/div>\n\t\t\t\t<\/div>\n\t\t\t\t<\/div>\n\t\t\t\t<div data-elementor-type=\"loop-item\" data-elementor-id=\"429\" class=\"elementor elementor-429 swiper-slide e-loop-item e-loop-item-480 post-480 panelistas type-panelistas status-publish has-post-thumbnail hentry\" data-elementor-post-type=\"elementor_library\" role=\"group\" aria-roledescription=\"slide\" data-custom-edit-handle=\"1\">\n\t\t\t<div class=\"elementor-element elementor-element-ea37510 e-flex e-con-boxed e-con e-parent\" data-id=\"ea37510\" data-element_type=\"container\" data-e-type=\"container\" data-settings=\"{&quot;background_background&quot;:&quot;classic&quot;}\">\n\t\t\t\t\t<div class=\"e-con-inner\">\n\t\t\t\t<div class=\"elementor-element elementor-element-fa718f0 elementor-widget elementor-widget-image\" data-id=\"fa718f0\" data-element_type=\"widget\" data-e-type=\"widget\" id=\"panelistas\" data-widget_type=\"image.default\">\n\t\t\t\t\t\t\t\t\t\t\t\t\t\t\t<img loading=\"lazy\" decoding=\"async\" width=\"240\" height=\"300\" src=\"https:\/\/realcup.org\/guayaquil2026\/wp-content\/uploads\/2026\/04\/Erik-Pablo-Beltran-240x300.jpg\" class=\"attachment-medium size-medium wp-image-410\" alt=\"\" srcset=\"https:\/\/realcup.org\/guayaquil2026\/wp-content\/uploads\/2026\/04\/Erik-Pablo-Beltran-240x300.jpg 240w, https:\/\/realcup.org\/guayaquil2026\/wp-content\/uploads\/2026\/04\/Erik-Pablo-Beltran-768x959.jpg 768w, https:\/\/realcup.org\/guayaquil2026\/wp-content\/uploads\/2026\/04\/Erik-Pablo-Beltran.jpg 800w\" sizes=\"(max-width: 240px) 100vw, 240px\" \/>\t\t\t\t\t\t\t\t\t\t\t\t\t\t\t<\/div>\n\t\t\t\t<div class=\"elementor-element elementor-element-5ea2d46 elementor-widget elementor-widget-heading\" data-id=\"5ea2d46\" data-element_type=\"widget\" data-e-type=\"widget\" data-widget_type=\"heading.default\">\n\t\t\t\t\t<h2 class=\"elementor-heading-title elementor-size-default\">Erik Pablo Beltran<\/h2>\t\t\t\t<\/div>\n\t\t\t\t<div class=\"elementor-element elementor-element-3aea271 elementor-widget elementor-widget-text-editor\" data-id=\"3aea271\" data-element_type=\"widget\" data-e-type=\"widget\" data-widget_type=\"text-editor.default\">\n\t\t\t\t\t\t\t\t\t<p>Consejo de gobierno IESALC\/UNESCO <\/p>\n\t\t\t\t\t\t\t\t<\/div>\n\t\t\t\t\t<\/div>\n\t\t\t\t<\/div>\n\t\t\t\t<\/div>\n\t\t\t\t<div data-elementor-type=\"loop-item\" data-elementor-id=\"429\" class=\"elementor elementor-429 swiper-slide e-loop-item e-loop-item-479 post-479 panelistas type-panelistas status-publish has-post-thumbnail hentry\" data-elementor-post-type=\"elementor_library\" role=\"group\" aria-roledescription=\"slide\" data-custom-edit-handle=\"1\">\n\t\t\t<div class=\"elementor-element elementor-element-ea37510 e-flex e-con-boxed e-con e-parent\" data-id=\"ea37510\" data-element_type=\"container\" data-e-type=\"container\" data-settings=\"{&quot;background_background&quot;:&quot;classic&quot;}\">\n\t\t\t\t\t<div class=\"e-con-inner\">\n\t\t\t\t<div class=\"elementor-element elementor-element-fa718f0 elementor-widget elementor-widget-image\" data-id=\"fa718f0\" data-element_type=\"widget\" data-e-type=\"widget\" id=\"panelistas\" data-widget_type=\"image.default\">\n\t\t\t\t\t\t\t\t\t\t\t\t\t\t\t<img loading=\"lazy\" decoding=\"async\" width=\"240\" height=\"300\" src=\"https:\/\/realcup.org\/guayaquil2026\/wp-content\/uploads\/2026\/04\/ariana_de_vincenzi-240x300.jpg\" class=\"attachment-medium size-medium wp-image-409\" alt=\"\" srcset=\"https:\/\/realcup.org\/guayaquil2026\/wp-content\/uploads\/2026\/04\/ariana_de_vincenzi-240x300.jpg 240w, https:\/\/realcup.org\/guayaquil2026\/wp-content\/uploads\/2026\/04\/ariana_de_vincenzi-768x961.jpg 768w, https:\/\/realcup.org\/guayaquil2026\/wp-content\/uploads\/2026\/04\/ariana_de_vincenzi.jpg 800w\" sizes=\"(max-width: 240px) 100vw, 240px\" \/>\t\t\t\t\t\t\t\t\t\t\t\t\t\t\t<\/div>\n\t\t\t\t<div class=\"elementor-element elementor-element-5ea2d46 elementor-widget elementor-widget-heading\" data-id=\"5ea2d46\" data-element_type=\"widget\" data-e-type=\"widget\" data-widget_type=\"heading.default\">\n\t\t\t\t\t<h2 class=\"elementor-heading-title elementor-size-default\">Ariana De Vincenzi<\/h2>\t\t\t\t<\/div>\n\t\t\t\t<div class=\"elementor-element elementor-element-3aea271 elementor-widget elementor-widget-text-editor\" data-id=\"3aea271\" data-element_type=\"widget\" data-e-type=\"widget\" data-widget_type=\"text-editor.default\">\n\t\t\t\t\t\t\t\t\t<p>Consejo de gobierno IESALC\/UNESCO <\/p>\n\t\t\t\t\t\t\t\t<\/div>\n\t\t\t\t\t<\/div>\n\t\t\t\t<\/div>\n\t\t\t\t<\/div>\n\t\t\t\t<div data-elementor-type=\"loop-item\" data-elementor-id=\"429\" class=\"elementor elementor-429 swiper-slide e-loop-item e-loop-item-478 post-478 panelistas type-panelistas status-publish has-post-thumbnail hentry\" data-elementor-post-type=\"elementor_library\" role=\"group\" aria-roledescription=\"slide\" data-custom-edit-handle=\"1\">\n\t\t\t<div class=\"elementor-element elementor-element-ea37510 e-flex e-con-boxed e-con e-parent\" data-id=\"ea37510\" data-element_type=\"container\" data-e-type=\"container\" data-settings=\"{&quot;background_background&quot;:&quot;classic&quot;}\">\n\t\t\t\t\t<div class=\"e-con-inner\">\n\t\t\t\t<div class=\"elementor-element elementor-element-fa718f0 elementor-widget elementor-widget-image\" data-id=\"fa718f0\" data-element_type=\"widget\" data-e-type=\"widget\" id=\"panelistas\" data-widget_type=\"image.default\">\n\t\t\t\t\t\t\t\t\t\t\t\t\t\t\t<img loading=\"lazy\" decoding=\"async\" width=\"240\" height=\"300\" src=\"https:\/\/realcup.org\/guayaquil2026\/wp-content\/uploads\/2026\/04\/Esteban-Veintimilla-240x300.jpg\" class=\"attachment-medium size-medium wp-image-411\" alt=\"\" srcset=\"https:\/\/realcup.org\/guayaquil2026\/wp-content\/uploads\/2026\/04\/Esteban-Veintimilla-240x300.jpg 240w, https:\/\/realcup.org\/guayaquil2026\/wp-content\/uploads\/2026\/04\/Esteban-Veintimilla-768x958.jpg 768w, https:\/\/realcup.org\/guayaquil2026\/wp-content\/uploads\/2026\/04\/Esteban-Veintimilla.jpg 800w\" sizes=\"(max-width: 240px) 100vw, 240px\" \/>\t\t\t\t\t\t\t\t\t\t\t\t\t\t\t<\/div>\n\t\t\t\t<div class=\"elementor-element elementor-element-5ea2d46 elementor-widget elementor-widget-heading\" data-id=\"5ea2d46\" data-element_type=\"widget\" data-e-type=\"widget\" data-widget_type=\"heading.default\">\n\t\t\t\t\t<h2 class=\"elementor-heading-title elementor-size-default\">Esteban Veintimilla<\/h2>\t\t\t\t<\/div>\n\t\t\t\t<div class=\"elementor-element elementor-element-3aea271 elementor-widget elementor-widget-text-editor\" data-id=\"3aea271\" data-element_type=\"widget\" data-e-type=\"widget\" data-widget_type=\"text-editor.default\">\n\t\t\t\t\t\t\t\t\t<p>Co-Founder 1Mentor <\/p>\n\t\t\t\t\t\t\t\t<\/div>\n\t\t\t\t\t<\/div>\n\t\t\t\t<\/div>\n\t\t\t\t<\/div>\n\t\t\t\t<div data-elementor-type=\"loop-item\" data-elementor-id=\"429\" class=\"elementor elementor-429 swiper-slide e-loop-item e-loop-item-477 post-477 panelistas type-panelistas status-publish has-post-thumbnail hentry\" data-elementor-post-type=\"elementor_library\" role=\"group\" aria-roledescription=\"slide\" data-custom-edit-handle=\"1\">\n\t\t\t<div class=\"elementor-element elementor-element-ea37510 e-flex e-con-boxed e-con e-parent\" data-id=\"ea37510\" data-element_type=\"container\" data-e-type=\"container\" data-settings=\"{&quot;background_background&quot;:&quot;classic&quot;}\">\n\t\t\t\t\t<div class=\"e-con-inner\">\n\t\t\t\t<div class=\"elementor-element elementor-element-fa718f0 elementor-widget elementor-widget-image\" data-id=\"fa718f0\" data-element_type=\"widget\" data-e-type=\"widget\" id=\"panelistas\" data-widget_type=\"image.default\">\n\t\t\t\t\t\t\t\t\t\t\t\t\t\t\t<img loading=\"lazy\" decoding=\"async\" width=\"240\" height=\"300\" src=\"https:\/\/realcup.org\/guayaquil2026\/wp-content\/uploads\/2026\/04\/Laura-Ramirez-Saborio-240x300.jpg\" class=\"attachment-medium size-medium wp-image-414\" alt=\"\" srcset=\"https:\/\/realcup.org\/guayaquil2026\/wp-content\/uploads\/2026\/04\/Laura-Ramirez-Saborio-240x300.jpg 240w, https:\/\/realcup.org\/guayaquil2026\/wp-content\/uploads\/2026\/04\/Laura-Ramirez-Saborio-768x960.jpg 768w, https:\/\/realcup.org\/guayaquil2026\/wp-content\/uploads\/2026\/04\/Laura-Ramirez-Saborio.jpg 800w\" sizes=\"(max-width: 240px) 100vw, 240px\" \/>\t\t\t\t\t\t\t\t\t\t\t\t\t\t\t<\/div>\n\t\t\t\t<div class=\"elementor-element elementor-element-5ea2d46 elementor-widget elementor-widget-heading\" data-id=\"5ea2d46\" data-element_type=\"widget\" data-e-type=\"widget\" data-widget_type=\"heading.default\">\n\t\t\t\t\t<h2 class=\"elementor-heading-title elementor-size-default\">Laura Ram\u00edrez Sabor\u00edo<\/h2>\t\t\t\t<\/div>\n\t\t\t\t<div class=\"elementor-element elementor-element-3aea271 elementor-widget elementor-widget-text-editor\" data-id=\"3aea271\" data-element_type=\"widget\" data-e-type=\"widget\" data-widget_type=\"text-editor.default\">\n\t\t\t\t\t\t\t\t\t<p>Rectora Universidad Libre de Costa Rica<\/p>\n\t\t\t\t\t\t\t\t<\/div>\n\t\t\t\t\t<\/div>\n\t\t\t\t<\/div>\n\t\t\t\t<\/div>\n\t\t\t\t<div data-elementor-type=\"loop-item\" data-elementor-id=\"429\" class=\"elementor elementor-429 swiper-slide e-loop-item e-loop-item-476 post-476 panelistas type-panelistas status-publish has-post-thumbnail hentry\" data-elementor-post-type=\"elementor_library\" role=\"group\" aria-roledescription=\"slide\" data-custom-edit-handle=\"1\">\n\t\t\t<div class=\"elementor-element elementor-element-ea37510 e-flex e-con-boxed e-con e-parent\" data-id=\"ea37510\" data-element_type=\"container\" data-e-type=\"container\" data-settings=\"{&quot;background_background&quot;:&quot;classic&quot;}\">\n\t\t\t\t\t<div class=\"e-con-inner\">\n\t\t\t\t<div class=\"elementor-element elementor-element-fa718f0 elementor-widget elementor-widget-image\" data-id=\"fa718f0\" data-element_type=\"widget\" data-e-type=\"widget\" id=\"panelistas\" data-widget_type=\"image.default\">\n\t\t\t\t\t\t\t\t\t\t\t\t\t\t\t<img loading=\"lazy\" decoding=\"async\" width=\"240\" height=\"300\" src=\"https:\/\/realcup.org\/guayaquil2026\/wp-content\/uploads\/2026\/04\/Adriana-Reyes-Gamboa-240x300.jpg\" class=\"attachment-medium size-medium wp-image-408\" alt=\"\" srcset=\"https:\/\/realcup.org\/guayaquil2026\/wp-content\/uploads\/2026\/04\/Adriana-Reyes-Gamboa-240x300.jpg 240w, https:\/\/realcup.org\/guayaquil2026\/wp-content\/uploads\/2026\/04\/Adriana-Reyes-Gamboa-768x959.jpg 768w, https:\/\/realcup.org\/guayaquil2026\/wp-content\/uploads\/2026\/04\/Adriana-Reyes-Gamboa.jpg 800w\" sizes=\"(max-width: 240px) 100vw, 240px\" \/>\t\t\t\t\t\t\t\t\t\t\t\t\t\t\t<\/div>\n\t\t\t\t<div class=\"elementor-element elementor-element-5ea2d46 elementor-widget elementor-widget-heading\" data-id=\"5ea2d46\" data-element_type=\"widget\" data-e-type=\"widget\" data-widget_type=\"heading.default\">\n\t\t\t\t\t<h2 class=\"elementor-heading-title elementor-size-default\">Adriana Reyes Gamboa<\/h2>\t\t\t\t<\/div>\n\t\t\t\t<div class=\"elementor-element elementor-element-3aea271 elementor-widget elementor-widget-text-editor\" data-id=\"3aea271\" data-element_type=\"widget\" data-e-type=\"widget\" data-widget_type=\"text-editor.default\">\n\t\t\t\t\t\t\t\t\t<p>Coordinadora Consejo Nacional de Acreditaci\u00f3n \u2022 Colombia<\/p>\n\t\t\t\t\t\t\t\t<\/div>\n\t\t\t\t\t<\/div>\n\t\t\t\t<\/div>\n\t\t\t\t<\/div>\n\t\t\t\t<div data-elementor-type=\"loop-item\" data-elementor-id=\"429\" class=\"elementor elementor-429 swiper-slide e-loop-item e-loop-item-475 post-475 panelistas type-panelistas status-publish has-post-thumbnail hentry\" data-elementor-post-type=\"elementor_library\" role=\"group\" aria-roledescription=\"slide\" data-custom-edit-handle=\"1\">\n\t\t\t<div class=\"elementor-element elementor-element-ea37510 e-flex e-con-boxed e-con e-parent\" data-id=\"ea37510\" data-element_type=\"container\" data-e-type=\"container\" data-settings=\"{&quot;background_background&quot;:&quot;classic&quot;}\">\n\t\t\t\t\t<div class=\"e-con-inner\">\n\t\t\t\t<div class=\"elementor-element elementor-element-fa718f0 elementor-widget elementor-widget-image\" data-id=\"fa718f0\" data-element_type=\"widget\" data-e-type=\"widget\" id=\"panelistas\" data-widget_type=\"image.default\">\n\t\t\t\t\t\t\t\t\t\t\t\t\t\t\t<img loading=\"lazy\" decoding=\"async\" width=\"240\" height=\"300\" src=\"https:\/\/realcup.org\/guayaquil2026\/wp-content\/uploads\/2026\/04\/HAROLD-CASTILLA-DEVOZ-240x300.jpg\" class=\"attachment-medium size-medium wp-image-737\" alt=\"\" srcset=\"https:\/\/realcup.org\/guayaquil2026\/wp-content\/uploads\/2026\/04\/HAROLD-CASTILLA-DEVOZ-240x300.jpg 240w, https:\/\/realcup.org\/guayaquil2026\/wp-content\/uploads\/2026\/04\/HAROLD-CASTILLA-DEVOZ-768x958.jpg 768w, https:\/\/realcup.org\/guayaquil2026\/wp-content\/uploads\/2026\/04\/HAROLD-CASTILLA-DEVOZ.jpg 800w\" sizes=\"(max-width: 240px) 100vw, 240px\" \/>\t\t\t\t\t\t\t\t\t\t\t\t\t\t\t<\/div>\n\t\t\t\t<div class=\"elementor-element elementor-element-5ea2d46 elementor-widget elementor-widget-heading\" data-id=\"5ea2d46\" data-element_type=\"widget\" data-e-type=\"widget\" data-widget_type=\"heading.default\">\n\t\t\t\t\t<h2 class=\"elementor-heading-title elementor-size-default\">Harold Castilla Devoz<\/h2>\t\t\t\t<\/div>\n\t\t\t\t<div class=\"elementor-element elementor-element-3aea271 elementor-widget elementor-widget-text-editor\" data-id=\"3aea271\" data-element_type=\"widget\" data-e-type=\"widget\" data-widget_type=\"text-editor.default\">\n\t\t\t\t\t\t\t\t\t<p>Rector General Corporaci\u00f3n Universitaria Minuto de Dios \u2022\u00a0Colombia<\/p>\n\t\t\t\t\t\t\t\t<\/div>\n\t\t\t\t\t<\/div>\n\t\t\t\t<\/div>\n\t\t\t\t<\/div>\n\t\t\t\t<div data-elementor-type=\"loop-item\" data-elementor-id=\"429\" class=\"elementor elementor-429 swiper-slide e-loop-item e-loop-item-469 post-469 panelistas type-panelistas status-publish has-post-thumbnail hentry\" data-elementor-post-type=\"elementor_library\" role=\"group\" aria-roledescription=\"slide\" data-custom-edit-handle=\"1\">\n\t\t\t<div class=\"elementor-element elementor-element-ea37510 e-flex e-con-boxed e-con e-parent\" data-id=\"ea37510\" data-element_type=\"container\" data-e-type=\"container\" data-settings=\"{&quot;background_background&quot;:&quot;classic&quot;}\">\n\t\t\t\t\t<div class=\"e-con-inner\">\n\t\t\t\t<div class=\"elementor-element elementor-element-fa718f0 elementor-widget elementor-widget-image\" data-id=\"fa718f0\" data-element_type=\"widget\" data-e-type=\"widget\" id=\"panelistas\" data-widget_type=\"image.default\">\n\t\t\t\t\t\t\t\t\t\t\t\t\t\t\t<img loading=\"lazy\" decoding=\"async\" width=\"240\" height=\"300\" src=\"https:\/\/realcup.org\/guayaquil2026\/wp-content\/uploads\/2026\/04\/Andres_Nunez-1-240x300.jpg\" class=\"attachment-medium size-medium wp-image-740\" alt=\"\" srcset=\"https:\/\/realcup.org\/guayaquil2026\/wp-content\/uploads\/2026\/04\/Andres_Nunez-1-240x300.jpg 240w, https:\/\/realcup.org\/guayaquil2026\/wp-content\/uploads\/2026\/04\/Andres_Nunez-1-768x958.jpg 768w, https:\/\/realcup.org\/guayaquil2026\/wp-content\/uploads\/2026\/04\/Andres_Nunez-1.jpg 800w\" sizes=\"(max-width: 240px) 100vw, 240px\" \/>\t\t\t\t\t\t\t\t\t\t\t\t\t\t\t<\/div>\n\t\t\t\t<div class=\"elementor-element elementor-element-5ea2d46 elementor-widget elementor-widget-heading\" data-id=\"5ea2d46\" data-element_type=\"widget\" data-e-type=\"widget\" data-widget_type=\"heading.default\">\n\t\t\t\t\t<h2 class=\"elementor-heading-title elementor-size-default\">Andr\u00e9s N\u00fa\u00f1ez \u00c1lvarez<\/h2>\t\t\t\t<\/div>\n\t\t\t\t<div class=\"elementor-element elementor-element-3aea271 elementor-widget elementor-widget-text-editor\" data-id=\"3aea271\" data-element_type=\"widget\" data-e-type=\"widget\" data-widget_type=\"text-editor.default\">\n\t\t\t\t\t\t\t\t\t<p>Presidente Lifelong Learning University. Fundador de Griky<\/p>\n\t\t\t\t\t\t\t\t<\/div>\n\t\t\t\t\t<\/div>\n\t\t\t\t<\/div>\n\t\t\t\t<\/div>\n\t\t\t\t<div data-elementor-type=\"loop-item\" data-elementor-id=\"429\" class=\"elementor elementor-429 swiper-slide e-loop-item e-loop-item-468 post-468 panelistas type-panelistas status-publish has-post-thumbnail hentry\" data-elementor-post-type=\"elementor_library\" role=\"group\" aria-roledescription=\"slide\" data-custom-edit-handle=\"1\">\n\t\t\t<div class=\"elementor-element elementor-element-ea37510 e-flex e-con-boxed e-con e-parent\" data-id=\"ea37510\" data-element_type=\"container\" data-e-type=\"container\" data-settings=\"{&quot;background_background&quot;:&quot;classic&quot;}\">\n\t\t\t\t\t<div class=\"e-con-inner\">\n\t\t\t\t<div class=\"elementor-element elementor-element-fa718f0 elementor-widget elementor-widget-image\" data-id=\"fa718f0\" data-element_type=\"widget\" data-e-type=\"widget\" id=\"panelistas\" data-widget_type=\"image.default\">\n\t\t\t\t\t\t\t\t\t\t\t\t\t\t\t<img loading=\"lazy\" decoding=\"async\" width=\"240\" height=\"300\" src=\"https:\/\/realcup.org\/guayaquil2026\/wp-content\/uploads\/2026\/04\/SantiagoAcostaAide-240x300.jpg\" class=\"attachment-medium size-medium wp-image-416\" alt=\"\" srcset=\"https:\/\/realcup.org\/guayaquil2026\/wp-content\/uploads\/2026\/04\/SantiagoAcostaAide-240x300.jpg 240w, https:\/\/realcup.org\/guayaquil2026\/wp-content\/uploads\/2026\/04\/SantiagoAcostaAide-768x960.jpg 768w, https:\/\/realcup.org\/guayaquil2026\/wp-content\/uploads\/2026\/04\/SantiagoAcostaAide.jpg 800w\" sizes=\"(max-width: 240px) 100vw, 240px\" \/>\t\t\t\t\t\t\t\t\t\t\t\t\t\t\t<\/div>\n\t\t\t\t<div class=\"elementor-element elementor-element-5ea2d46 elementor-widget elementor-widget-heading\" data-id=\"5ea2d46\" data-element_type=\"widget\" data-e-type=\"widget\" data-widget_type=\"heading.default\">\n\t\t\t\t\t<h2 class=\"elementor-heading-title elementor-size-default\">Santiago Acosta Aide<\/h2>\t\t\t\t<\/div>\n\t\t\t\t<div class=\"elementor-element elementor-element-3aea271 elementor-widget elementor-widget-text-editor\" data-id=\"3aea271\" data-element_type=\"widget\" data-e-type=\"widget\" data-widget_type=\"text-editor.default\">\n\t\t\t\t\t\t\t\t\t<p>Rector Universidad T\u00e9cnica Particular de Loja \u2022 Ecuador<\/p>\n\t\t\t\t\t\t\t\t<\/div>\n\t\t\t\t\t<\/div>\n\t\t\t\t<\/div>\n\t\t\t\t<\/div>\n\t\t\t\t<div data-elementor-type=\"loop-item\" data-elementor-id=\"429\" class=\"elementor elementor-429 swiper-slide e-loop-item e-loop-item-425 post-425 panelistas type-panelistas status-publish has-post-thumbnail hentry\" data-elementor-post-type=\"elementor_library\" role=\"group\" aria-roledescription=\"slide\" data-custom-edit-handle=\"1\">\n\t\t\t<div class=\"elementor-element elementor-element-ea37510 e-flex e-con-boxed e-con e-parent\" data-id=\"ea37510\" data-element_type=\"container\" data-e-type=\"container\" data-settings=\"{&quot;background_background&quot;:&quot;classic&quot;}\">\n\t\t\t\t\t<div class=\"e-con-inner\">\n\t\t\t\t<div class=\"elementor-element elementor-element-fa718f0 elementor-widget elementor-widget-image\" data-id=\"fa718f0\" data-element_type=\"widget\" data-e-type=\"widget\" id=\"panelistas\" data-widget_type=\"image.default\">\n\t\t\t\t\t\t\t\t\t\t\t\t\t\t\t<img loading=\"lazy\" decoding=\"async\" width=\"240\" height=\"300\" src=\"https:\/\/realcup.org\/guayaquil2026\/wp-content\/uploads\/2026\/04\/jose_escamilla-240x300.jpg\" class=\"attachment-medium size-medium wp-image-413\" alt=\"\" srcset=\"https:\/\/realcup.org\/guayaquil2026\/wp-content\/uploads\/2026\/04\/jose_escamilla-240x300.jpg 240w, https:\/\/realcup.org\/guayaquil2026\/wp-content\/uploads\/2026\/04\/jose_escamilla-768x960.jpg 768w, https:\/\/realcup.org\/guayaquil2026\/wp-content\/uploads\/2026\/04\/jose_escamilla.jpg 800w\" sizes=\"(max-width: 240px) 100vw, 240px\" \/>\t\t\t\t\t\t\t\t\t\t\t\t\t\t\t<\/div>\n\t\t\t\t<div class=\"elementor-element elementor-element-5ea2d46 elementor-widget elementor-widget-heading\" data-id=\"5ea2d46\" data-element_type=\"widget\" data-e-type=\"widget\" data-widget_type=\"heading.default\">\n\t\t\t\t\t<h2 class=\"elementor-heading-title elementor-size-default\">Jos\u00e9 Escamilla de los Santos<\/h2>\t\t\t\t<\/div>\n\t\t\t\t<div class=\"elementor-element elementor-element-3aea271 elementor-widget elementor-widget-text-editor\" data-id=\"3aea271\" data-element_type=\"widget\" data-e-type=\"widget\" data-widget_type=\"text-editor.default\">\n\t\t\t\t\t\t\t\t\t<p>Director Asociado Instituto para el Futuro de la Educaci\u00f3n, Tecnol\u00f3gico de Monterrey \u2022 M\u00e9xico<\/p>\n\t\t\t\t\t\t\t\t<\/div>\n\t\t\t\t\t<\/div>\n\t\t\t\t<\/div>\n\t\t\t\t<\/div>\n\t\t\t\t<div data-elementor-type=\"loop-item\" data-elementor-id=\"429\" class=\"elementor elementor-429 swiper-slide e-loop-item e-loop-item-424 post-424 panelistas type-panelistas status-publish has-post-thumbnail hentry\" data-elementor-post-type=\"elementor_library\" role=\"group\" aria-roledescription=\"slide\" data-custom-edit-handle=\"1\">\n\t\t\t<div class=\"elementor-element elementor-element-ea37510 e-flex e-con-boxed e-con e-parent\" data-id=\"ea37510\" data-element_type=\"container\" data-e-type=\"container\" data-settings=\"{&quot;background_background&quot;:&quot;classic&quot;}\">\n\t\t\t\t\t<div class=\"e-con-inner\">\n\t\t\t\t<div class=\"elementor-element elementor-element-fa718f0 elementor-widget elementor-widget-image\" data-id=\"fa718f0\" data-element_type=\"widget\" data-e-type=\"widget\" id=\"panelistas\" data-widget_type=\"image.default\">\n\t\t\t\t\t\t\t\t\t\t\t\t\t\t\t<img loading=\"lazy\" decoding=\"async\" width=\"240\" height=\"300\" src=\"https:\/\/realcup.org\/guayaquil2026\/wp-content\/uploads\/2026\/04\/Svetlana_Velikanova--240x300.jpg\" class=\"attachment-medium size-medium wp-image-417\" alt=\"\" srcset=\"https:\/\/realcup.org\/guayaquil2026\/wp-content\/uploads\/2026\/04\/Svetlana_Velikanova--240x300.jpg 240w, https:\/\/realcup.org\/guayaquil2026\/wp-content\/uploads\/2026\/04\/Svetlana_Velikanova--768x959.jpg 768w, https:\/\/realcup.org\/guayaquil2026\/wp-content\/uploads\/2026\/04\/Svetlana_Velikanova-.jpg 800w\" sizes=\"(max-width: 240px) 100vw, 240px\" \/>\t\t\t\t\t\t\t\t\t\t\t\t\t\t\t<\/div>\n\t\t\t\t<div class=\"elementor-element elementor-element-5ea2d46 elementor-widget elementor-widget-heading\" data-id=\"5ea2d46\" data-element_type=\"widget\" data-e-type=\"widget\" data-widget_type=\"heading.default\">\n\t\t\t\t\t<h2 class=\"elementor-heading-title elementor-size-default\">Svetlana Velikanova<\/h2>\t\t\t\t<\/div>\n\t\t\t\t<div class=\"elementor-element elementor-element-3aea271 elementor-widget elementor-widget-text-editor\" data-id=\"3aea271\" data-element_type=\"widget\" data-e-type=\"widget\" data-widget_type=\"text-editor.default\">\n\t\t\t\t\t\t\t\t\t<p>Co-Founder and Group CEO Harbour.Space University \u2022 Espa\u00f1a<\/p>\n\t\t\t\t\t\t\t\t<\/div>\n\t\t\t\t\t<\/div>\n\t\t\t\t<\/div>\n\t\t\t\t<\/div>\n\t\t\t\t<div data-elementor-type=\"loop-item\" data-elementor-id=\"429\" class=\"elementor elementor-429 swiper-slide e-loop-item e-loop-item-423 post-423 panelistas type-panelistas status-publish has-post-thumbnail hentry\" data-elementor-post-type=\"elementor_library\" role=\"group\" aria-roledescription=\"slide\" data-custom-edit-handle=\"1\">\n\t\t\t<div class=\"elementor-element elementor-element-ea37510 e-flex e-con-boxed e-con e-parent\" data-id=\"ea37510\" data-element_type=\"container\" data-e-type=\"container\" data-settings=\"{&quot;background_background&quot;:&quot;classic&quot;}\">\n\t\t\t\t\t<div class=\"e-con-inner\">\n\t\t\t\t<div class=\"elementor-element elementor-element-fa718f0 elementor-widget elementor-widget-image\" data-id=\"fa718f0\" data-element_type=\"widget\" data-e-type=\"widget\" id=\"panelistas\" data-widget_type=\"image.default\">\n\t\t\t\t\t\t\t\t\t\t\t\t\t\t\t<img loading=\"lazy\" decoding=\"async\" width=\"240\" height=\"300\" src=\"https:\/\/realcup.org\/guayaquil2026\/wp-content\/uploads\/2026\/04\/Jamil_Salmi-240x300.jpg\" class=\"attachment-medium size-medium wp-image-412\" alt=\"\" srcset=\"https:\/\/realcup.org\/guayaquil2026\/wp-content\/uploads\/2026\/04\/Jamil_Salmi-240x300.jpg 240w, https:\/\/realcup.org\/guayaquil2026\/wp-content\/uploads\/2026\/04\/Jamil_Salmi-768x960.jpg 768w, https:\/\/realcup.org\/guayaquil2026\/wp-content\/uploads\/2026\/04\/Jamil_Salmi.jpg 800w\" sizes=\"(max-width: 240px) 100vw, 240px\" \/>\t\t\t\t\t\t\t\t\t\t\t\t\t\t\t<\/div>\n\t\t\t\t<div class=\"elementor-element elementor-element-5ea2d46 elementor-widget elementor-widget-heading\" data-id=\"5ea2d46\" data-element_type=\"widget\" data-e-type=\"widget\" data-widget_type=\"heading.default\">\n\t\t\t\t\t<h2 class=\"elementor-heading-title elementor-size-default\">Jamil Salmi<\/h2>\t\t\t\t<\/div>\n\t\t\t\t<div class=\"elementor-element elementor-element-3aea271 elementor-widget elementor-widget-text-editor\" data-id=\"3aea271\" data-element_type=\"widget\" data-e-type=\"widget\" data-widget_type=\"text-editor.default\">\n\t\t\t\t\t\t\t\t\t<p>Consultor. Experto global en educaci\u00f3n superior<\/p>\n\t\t\t\t\t\t\t\t<\/div>\n\t\t\t\t\t<\/div>\n\t\t\t\t<\/div>\n\t\t\t\t<\/div>\n\t\t\t\t<div data-elementor-type=\"loop-item\" data-elementor-id=\"429\" class=\"elementor elementor-429 swiper-slide e-loop-item e-loop-item-422 post-422 panelistas type-panelistas status-publish has-post-thumbnail hentry\" data-elementor-post-type=\"elementor_library\" role=\"group\" aria-roledescription=\"slide\" data-custom-edit-handle=\"1\">\n\t\t\t<div class=\"elementor-element elementor-element-ea37510 e-flex e-con-boxed e-con e-parent\" data-id=\"ea37510\" data-element_type=\"container\" data-e-type=\"container\" data-settings=\"{&quot;background_background&quot;:&quot;classic&quot;}\">\n\t\t\t\t\t<div class=\"e-con-inner\">\n\t\t\t\t<div class=\"elementor-element elementor-element-fa718f0 elementor-widget elementor-widget-image\" data-id=\"fa718f0\" data-element_type=\"widget\" data-e-type=\"widget\" id=\"panelistas\" data-widget_type=\"image.default\">\n\t\t\t\t\t\t\t\t\t\t\t\t\t\t\t<img loading=\"lazy\" decoding=\"async\" width=\"240\" height=\"300\" src=\"https:\/\/realcup.org\/guayaquil2026\/wp-content\/uploads\/2026\/04\/philip-cotton-240x300.jpg\" class=\"attachment-medium size-medium wp-image-415\" alt=\"\" srcset=\"https:\/\/realcup.org\/guayaquil2026\/wp-content\/uploads\/2026\/04\/philip-cotton-240x300.jpg 240w, https:\/\/realcup.org\/guayaquil2026\/wp-content\/uploads\/2026\/04\/philip-cotton-768x960.jpg 768w, https:\/\/realcup.org\/guayaquil2026\/wp-content\/uploads\/2026\/04\/philip-cotton.jpg 800w\" sizes=\"(max-width: 240px) 100vw, 240px\" \/>\t\t\t\t\t\t\t\t\t\t\t\t\t\t\t<\/div>\n\t\t\t\t<div class=\"elementor-element elementor-element-5ea2d46 elementor-widget elementor-widget-heading\" data-id=\"5ea2d46\" data-element_type=\"widget\" data-e-type=\"widget\" data-widget_type=\"heading.default\">\n\t\t\t\t\t<h2 class=\"elementor-heading-title elementor-size-default\">Philip Cotton<\/h2>\t\t\t\t<\/div>\n\t\t\t\t<div class=\"elementor-element elementor-element-3aea271 elementor-widget elementor-widget-text-editor\" data-id=\"3aea271\" data-element_type=\"widget\" data-e-type=\"widget\" data-widget_type=\"text-editor.default\">\n\t\t\t\t\t\t\t\t\t<p>Vice Chancellor University of Global Health Equity (UGHE) \u2022 Rwanda<\/p>\n\t\t\t\t\t\t\t\t<\/div>\n\t\t\t\t\t<\/div>\n\t\t\t\t<\/div>\n\t\t\t\t<\/div>\n\t\t\t\t<\/div>\n\t\t<\/div>\n\t\t\t\t\t<div class=\"elementor-swiper-button elementor-swiper-button-prev\" role=\"button\" tabindex=\"0\" aria-label=\"Anterior\">\n\t\t\t\t<svg aria-hidden=\"true\" class=\"e-font-icon-svg e-eicon-chevron-left\" viewBox=\"0 0 1000 1000\" xmlns=\"http:\/\/www.w3.org\/2000\/svg\"><path d=\"M646 125C629 125 613 133 604 142L308 442C296 454 292 471 292 487 292 504 296 521 308 533L604 854C617 867 629 875 646 875 663 875 679 871 692 858 704 846 713 829 713 812 713 796 708 779 692 767L438 487 692 225C700 217 708 204 708 187 708 171 704 154 692 142 675 129 663 125 646 125Z\"><\/path><\/svg>\t\t\t<\/div>\n\t\t\t<div class=\"elementor-swiper-button elementor-swiper-button-next\" role=\"button\" tabindex=\"0\" aria-label=\"Siguiente\">\n\t\t\t\t<svg aria-hidden=\"true\" class=\"e-font-icon-svg e-eicon-chevron-right\" viewBox=\"0 0 1000 1000\" xmlns=\"http:\/\/www.w3.org\/2000\/svg\"><path d=\"M696 533C708 521 713 504 713 487 713 471 708 454 696 446L400 146C388 133 375 125 354 125 338 125 325 129 313 142 300 154 292 171 292 187 292 204 296 221 308 233L563 492 304 771C292 783 288 800 288 817 288 833 296 850 308 863 321 871 338 875 354 875 371 875 388 867 400 854L696 533Z\"><\/path><\/svg>\t\t\t<\/div>\n\t\t\t\t\t\t<\/div>\n\t\t\t\t<div class=\"elementor-element elementor-element-769a077 elementor-widget-divider--view-line elementor-widget elementor-widget-divider\" data-id=\"769a077\" data-element_type=\"widget\" data-e-type=\"widget\" data-widget_type=\"divider.default\">\n\t\t\t\t\t\t\t<div class=\"elementor-divider\">\n\t\t\t<span class=\"elementor-divider-separator\">\n\t\t\t\t\t\t<\/span>\n\t\t<\/div>\n\t\t\t\t\t\t<\/div>\n\t\t\t\t<div class=\"elementor-element elementor-element-6ecd89a elementor-widget elementor-widget-text-editor\" data-id=\"6ecd89a\" data-element_type=\"widget\" data-e-type=\"widget\" data-widget_type=\"text-editor.default\">\n\t\t\t\t\t\t\t\t\t<p>Durante tres d\u00edas de actividades presenciales habr\u00e1 <b>8 sesiones plenarias<\/b>, y se podr\u00e1 elegir entre <b>16 duetos<\/b>, <b>10 inmersivas +DES<\/b> y <b>5 Incubadoras UVI<\/b>. El precio de la matr\u00edcula es de <b>250 d\u00f3lares<\/b> e incluye las siguientes comidas: <b>tres almuerzos<\/b> y <b>cinco pausas de caf\u00e9<\/b> en el campus de la UEES, y <b>una noche de c\u00f3ctel de bienvenida<\/b>. Adem\u00e1s, incluye la movilidad desde los tres hoteles principales al campus de la UEES.<\/p>\t\t\t\t\t\t\t\t<\/div>\n\t\t\t\t<div class=\"elementor-element elementor-element-da89397 elementor-mobile-align-center elementor-align-center elementor-widget elementor-widget-button\" data-id=\"da89397\" data-element_type=\"widget\" data-e-type=\"widget\" data-widget_type=\"button.default\">\n\t\t\t\t\t\t\t\t\t\t<a class=\"elementor-button elementor-button-link elementor-size-sm elementor-animation-push\" href=\"https:\/\/erp.uees.edu.ec\/ords\/r\/ctsi\/realcup251\/formulario_de_registro?session=14674994306691\" target=\"_blank\" rel=\"noopener noreferrer nofollow\">\n\t\t\t\t\t\t<span class=\"elementor-button-content-wrapper\">\n\t\t\t\t\t\t\t\t\t<span class=\"elementor-button-text\">MATR\u00cdCULA ABIERTA<\/span>\n\t\t\t\t\t<\/span>\n\t\t\t\t\t<\/a>\n\t\t\t\t\t\t\t\t<\/div>\n\t\t\t\t<\/div>\n\t\t<div class=\"elementor-element elementor-element-6d3164f6 e-flex e-con-boxed e-con e-parent\" data-id=\"6d3164f6\" data-element_type=\"container\" data-e-type=\"container\">\n\t\t\t\t\t<div class=\"e-con-inner\">\n\t\t<div class=\"elementor-element elementor-element-6662825f e-con-full e-flex e-con e-child\" data-id=\"6662825f\" data-element_type=\"container\" data-e-type=\"container\">\n\t\t\t\t<div class=\"elementor-element elementor-element-21c2a7c elementor-invisible elementor-widget elementor-widget-heading\" data-id=\"21c2a7c\" data-element_type=\"widget\" data-e-type=\"widget\" data-settings=\"{&quot;_animation&quot;:&quot;fadeInLeft&quot;}\" data-widget_type=\"heading.default\">\n\t\t\t\t\t<h3 class=\"elementor-heading-title elementor-size-default\">Organizan<\/h3>\t\t\t\t<\/div>\n\t\t<div class=\"elementor-element elementor-element-1a67a4ce e-con-full e-flex e-con e-child\" data-id=\"1a67a4ce\" data-element_type=\"container\" data-e-type=\"container\">\n\t\t<div class=\"elementor-element elementor-element-56042a2 e-con-full e-flex e-con e-child\" data-id=\"56042a2\" data-element_type=\"container\" data-e-type=\"container\">\n\t\t\t\t<div class=\"elementor-element elementor-element-375910d2 elementor-widget elementor-widget-image\" data-id=\"375910d2\" data-element_type=\"widget\" data-e-type=\"widget\" data-widget_type=\"image.default\">\n\t\t\t\t\t\t\t\t\t\t\t\t\t\t\t\t<a href=\"https:\/\/uees.edu.ec\/\" target=\"_blank\" rel=\"noopener noreferrer nofollow\">\n\t\t\t\t\t\t\t<img loading=\"lazy\" decoding=\"async\" width=\"400\" height=\"184\" src=\"https:\/\/realcup.org\/guayaquil2026\/wp-content\/uploads\/2026\/04\/uees_logo.jpg\" class=\"attachment-full size-full wp-image-353\" alt=\"\" srcset=\"https:\/\/realcup.org\/guayaquil2026\/wp-content\/uploads\/2026\/04\/uees_logo.jpg 400w, https:\/\/realcup.org\/guayaquil2026\/wp-content\/uploads\/2026\/04\/uees_logo-300x138.jpg 300w\" sizes=\"(max-width: 400px) 100vw, 400px\" \/>\t\t\t\t\t\t\t\t<\/a>\n\t\t\t\t\t\t\t\t\t\t\t\t\t\t\t<\/div>\n\t\t\t\t<\/div>\n\t\t<div class=\"elementor-element elementor-element-6149154f e-con-full e-flex e-con e-child\" data-id=\"6149154f\" data-element_type=\"container\" data-e-type=\"container\">\n\t\t\t\t<div class=\"elementor-element elementor-element-7d73ab49 elementor-widget elementor-widget-image\" data-id=\"7d73ab49\" data-element_type=\"widget\" data-e-type=\"widget\" data-widget_type=\"image.default\">\n\t\t\t\t\t\t\t\t\t\t\t\t\t\t\t<img loading=\"lazy\" decoding=\"async\" width=\"300\" height=\"204\" src=\"https:\/\/realcup.org\/guayaquil2026\/wp-content\/uploads\/2026\/04\/Aiepe2-300x204.jpg\" class=\"attachment-medium size-medium wp-image-570\" alt=\"\" srcset=\"https:\/\/realcup.org\/guayaquil2026\/wp-content\/uploads\/2026\/04\/Aiepe2-300x204.jpg 300w, https:\/\/realcup.org\/guayaquil2026\/wp-content\/uploads\/2026\/04\/Aiepe2.jpg 400w\" sizes=\"(max-width: 300px) 100vw, 300px\" \/>\t\t\t\t\t\t\t\t\t\t\t\t\t\t\t<\/div>\n\t\t\t\t<\/div>\n\t\t<div class=\"elementor-element elementor-element-1bef8e1c e-con-full e-flex e-con e-child\" data-id=\"1bef8e1c\" data-element_type=\"container\" data-e-type=\"container\">\n\t\t\t\t<div class=\"elementor-element elementor-element-50a8d301 elementor-widget elementor-widget-image\" data-id=\"50a8d301\" data-element_type=\"widget\" data-e-type=\"widget\" data-widget_type=\"image.default\">\n\t\t\t\t\t\t\t\t\t\t\t\t\t\t\t\t<a href=\"https:\/\/realcup.org\" target=\"_blank\" rel=\"noopener noreferrer nofollow\">\n\t\t\t\t\t\t\t<img loading=\"lazy\" decoding=\"async\" width=\"800\" height=\"450\" src=\"https:\/\/realcup.org\/guayaquil2026\/wp-content\/uploads\/2026\/03\/logo-realcup-min.png\" class=\"attachment-2048x2048 size-2048x2048 wp-image-94\" alt=\"\" srcset=\"https:\/\/realcup.org\/guayaquil2026\/wp-content\/uploads\/2026\/03\/logo-realcup-min.png 800w, https:\/\/realcup.org\/guayaquil2026\/wp-content\/uploads\/2026\/03\/logo-realcup-min-300x169.png 300w, https:\/\/realcup.org\/guayaquil2026\/wp-content\/uploads\/2026\/03\/logo-realcup-min-768x432.png 768w\" sizes=\"(max-width: 800px) 100vw, 800px\" \/>\t\t\t\t\t\t\t\t<\/a>\n\t\t\t\t\t\t\t\t\t\t\t\t\t\t\t<\/div>\n\t\t\t\t<\/div>\n\t\t\t\t<\/div>\n\t\t\t\t<div class=\"elementor-element elementor-element-fe8240e elementor-widget-divider--view-line elementor-widget elementor-widget-divider\" data-id=\"fe8240e\" data-element_type=\"widget\" data-e-type=\"widget\" data-widget_type=\"divider.default\">\n\t\t\t\t\t\t\t<div class=\"elementor-divider\">\n\t\t\t<span class=\"elementor-divider-separator\">\n\t\t\t\t\t\t<\/span>\n\t\t<\/div>\n\t\t\t\t\t\t<\/div>\n\t\t\t\t<\/div>\n\t\t<div class=\"elementor-element elementor-element-1179a23e e-con-full e-flex e-con e-child\" data-id=\"1179a23e\" data-element_type=\"container\" data-e-type=\"container\">\n\t\t\t\t<div class=\"elementor-element elementor-element-668da738 elementor-invisible elementor-widget elementor-widget-heading\" data-id=\"668da738\" data-element_type=\"widget\" data-e-type=\"widget\" data-settings=\"{&quot;_animation&quot;:&quot;fadeInLeft&quot;}\" data-widget_type=\"heading.default\">\n\t\t\t\t\t<h3 class=\"elementor-heading-title elementor-size-default\">Aliados Estrat\u00e9gicos<\/h3>\t\t\t\t<\/div>\n\t\t<div class=\"elementor-element elementor-element-60147033 e-con-full e-flex e-con e-child\" data-id=\"60147033\" data-element_type=\"container\" data-e-type=\"container\">\n\t\t<div class=\"elementor-element elementor-element-5e77fe0f e-con-full e-flex e-con e-child\" data-id=\"5e77fe0f\" data-element_type=\"container\" data-e-type=\"container\">\n\t\t\t\t<div class=\"elementor-element elementor-element-59561f0b elementor-widget elementor-widget-image\" data-id=\"59561f0b\" data-element_type=\"widget\" data-e-type=\"widget\" data-widget_type=\"image.default\">\n\t\t\t\t\t\t\t\t\t\t\t\t\t\t\t\t<a href=\"https:\/\/www.campuslatina.com\" target=\"_blank\" rel=\"noopener noreferrer nofollow\">\n\t\t\t\t\t\t\t<img loading=\"lazy\" decoding=\"async\" width=\"400\" height=\"272\" src=\"https:\/\/realcup.org\/guayaquil2026\/wp-content\/uploads\/2026\/04\/campus2.jpg\" class=\"attachment-large size-large wp-image-666\" alt=\"\" srcset=\"https:\/\/realcup.org\/guayaquil2026\/wp-content\/uploads\/2026\/04\/campus2.jpg 400w, https:\/\/realcup.org\/guayaquil2026\/wp-content\/uploads\/2026\/04\/campus2-300x204.jpg 300w\" sizes=\"(max-width: 400px) 100vw, 400px\" \/>\t\t\t\t\t\t\t\t<\/a>\n\t\t\t\t\t\t\t\t\t\t\t\t\t\t\t<\/div>\n\t\t\t\t<\/div>\n\t\t<div class=\"elementor-element elementor-element-4a95a5ac e-con-full e-flex e-con e-child\" data-id=\"4a95a5ac\" data-element_type=\"container\" data-e-type=\"container\">\n\t\t\t\t<div class=\"elementor-element elementor-element-20284c87 elementor-widget elementor-widget-image\" data-id=\"20284c87\" data-element_type=\"widget\" data-e-type=\"widget\" data-widget_type=\"image.default\">\n\t\t\t\t\t\t\t\t\t\t\t\t\t\t\t\t<a href=\"https:\/\/www.griky.co\/\" target=\"_blank\" rel=\"noopener noreferrer nofollow\">\n\t\t\t\t\t\t\t<img loading=\"lazy\" decoding=\"async\" width=\"400\" height=\"272\" src=\"https:\/\/realcup.org\/guayaquil2026\/wp-content\/uploads\/2026\/04\/griky2.jpg\" class=\"attachment-large size-large wp-image-665\" alt=\"\" srcset=\"https:\/\/realcup.org\/guayaquil2026\/wp-content\/uploads\/2026\/04\/griky2.jpg 400w, https:\/\/realcup.org\/guayaquil2026\/wp-content\/uploads\/2026\/04\/griky2-300x204.jpg 300w\" sizes=\"(max-width: 400px) 100vw, 400px\" \/>\t\t\t\t\t\t\t\t<\/a>\n\t\t\t\t\t\t\t\t\t\t\t\t\t\t\t<\/div>\n\t\t\t\t<\/div>\n\t\t<div class=\"elementor-element elementor-element-4e7fafe8 e-con-full e-flex e-con e-child\" data-id=\"4e7fafe8\" data-element_type=\"container\" data-e-type=\"container\">\n\t\t\t\t<div class=\"elementor-element elementor-element-639f4c1e elementor-widget elementor-widget-image\" data-id=\"639f4c1e\" data-element_type=\"widget\" data-e-type=\"widget\" data-widget_type=\"image.default\">\n\t\t\t\t\t\t\t\t\t\t\t\t\t\t\t\t<a href=\"https:\/\/uplanner.com\/es\/\" target=\"_blank\" rel=\"noopener noreferrer nofollow\">\n\t\t\t\t\t\t\t<img loading=\"lazy\" decoding=\"async\" width=\"400\" height=\"272\" src=\"https:\/\/realcup.org\/guayaquil2026\/wp-content\/uploads\/2026\/04\/uplanne2r.jpg\" class=\"attachment-large size-large wp-image-667\" alt=\"\" srcset=\"https:\/\/realcup.org\/guayaquil2026\/wp-content\/uploads\/2026\/04\/uplanne2r.jpg 400w, https:\/\/realcup.org\/guayaquil2026\/wp-content\/uploads\/2026\/04\/uplanne2r-300x204.jpg 300w\" sizes=\"(max-width: 400px) 100vw, 400px\" \/>\t\t\t\t\t\t\t\t<\/a>\n\t\t\t\t\t\t\t\t\t\t\t\t\t\t\t<\/div>\n\t\t\t\t<\/div>\n\t\t<div class=\"elementor-element elementor-element-d6f17b2 e-con-full e-flex e-con e-child\" data-id=\"d6f17b2\" data-element_type=\"container\" data-e-type=\"container\">\n\t\t\t\t<div class=\"elementor-element elementor-element-93d5ab0 elementor-widget elementor-widget-image\" data-id=\"93d5ab0\" data-element_type=\"widget\" data-e-type=\"widget\" data-widget_type=\"image.default\">\n\t\t\t\t\t\t\t\t\t\t\t\t\t\t\t\t<a href=\"https:\/\/www.pok.tech\/\" target=\"_blank\" rel=\"noopener noreferrer nofollow\">\n\t\t\t\t\t\t\t<img loading=\"lazy\" decoding=\"async\" width=\"400\" height=\"272\" src=\"https:\/\/realcup.org\/guayaquil2026\/wp-content\/uploads\/2026\/04\/pok.jpg\" class=\"attachment-large size-large wp-image-652\" alt=\"\" srcset=\"https:\/\/realcup.org\/guayaquil2026\/wp-content\/uploads\/2026\/04\/pok.jpg 400w, https:\/\/realcup.org\/guayaquil2026\/wp-content\/uploads\/2026\/04\/pok-300x204.jpg 300w\" sizes=\"(max-width: 400px) 100vw, 400px\" \/>\t\t\t\t\t\t\t\t<\/a>\n\t\t\t\t\t\t\t\t\t\t\t\t\t\t\t<\/div>\n\t\t\t\t<\/div>\n\t\t\t\t<\/div>\n\t\t\t\t<\/div>\n\t\t<div class=\"elementor-element elementor-element-217323e6 e-con-full e-flex e-con e-child\" data-id=\"217323e6\" data-element_type=\"container\" data-e-type=\"container\">\n\t\t\t\t<div class=\"elementor-element elementor-element-18e8fe8f elementor-widget-divider--view-line elementor-widget elementor-widget-divider\" data-id=\"18e8fe8f\" data-element_type=\"widget\" data-e-type=\"widget\" data-widget_type=\"divider.default\">\n\t\t\t\t\t\t\t<div class=\"elementor-divider\">\n\t\t\t<span class=\"elementor-divider-separator\">\n\t\t\t\t\t\t<\/span>\n\t\t<\/div>\n\t\t\t\t\t\t<\/div>\n\t\t\t\t<div class=\"elementor-element elementor-element-70b6952 elementor-invisible elementor-widget elementor-widget-heading\" data-id=\"70b6952\" data-element_type=\"widget\" data-e-type=\"widget\" data-settings=\"{&quot;_animation&quot;:&quot;fadeIn&quot;}\" data-widget_type=\"heading.default\">\n\t\t\t\t\t<h3 class=\"elementor-heading-title elementor-size-default\">Patrocinadores<\/h3>\t\t\t\t<\/div>\n\t\t<div class=\"elementor-element elementor-element-ad4fc5d e-con-full e-flex e-con e-child\" data-id=\"ad4fc5d\" data-element_type=\"container\" data-e-type=\"container\">\n\t\t<div class=\"elementor-element elementor-element-2c9ed709 e-con-full e-flex e-con e-child\" data-id=\"2c9ed709\" data-element_type=\"container\" data-e-type=\"container\">\n\t\t\t\t<div class=\"elementor-element elementor-element-857f3da elementor-widget elementor-widget-image\" data-id=\"857f3da\" data-element_type=\"widget\" data-e-type=\"widget\" data-widget_type=\"image.default\">\n\t\t\t\t\t\t\t\t\t\t\t\t\t\t\t\t<a href=\"https:\/\/www.coursera.org\/\" target=\"_blank\" rel=\"noopener noreferrer nofollow\">\n\t\t\t\t\t\t\t<img loading=\"lazy\" decoding=\"async\" width=\"400\" height=\"272\" src=\"https:\/\/realcup.org\/guayaquil2026\/wp-content\/uploads\/2026\/04\/coursera2.jpg\" class=\"attachment-large size-large wp-image-655\" alt=\"\" srcset=\"https:\/\/realcup.org\/guayaquil2026\/wp-content\/uploads\/2026\/04\/coursera2.jpg 400w, https:\/\/realcup.org\/guayaquil2026\/wp-content\/uploads\/2026\/04\/coursera2-300x204.jpg 300w\" sizes=\"(max-width: 400px) 100vw, 400px\" \/>\t\t\t\t\t\t\t\t<\/a>\n\t\t\t\t\t\t\t\t\t\t\t\t\t\t\t<\/div>\n\t\t\t\t<\/div>\n\t\t<div class=\"elementor-element elementor-element-11d99be5 e-con-full e-flex e-con e-child\" data-id=\"11d99be5\" data-element_type=\"container\" data-e-type=\"container\">\n\t\t\t\t<div class=\"elementor-element elementor-element-68236236 elementor-widget elementor-widget-image\" data-id=\"68236236\" data-element_type=\"widget\" data-e-type=\"widget\" data-widget_type=\"image.default\">\n\t\t\t\t\t\t\t\t\t\t\t\t\t\t\t\t<a href=\"http:\/\/D2L.com\" target=\"_blank\" rel=\"noopener noreferrer nofollow\">\n\t\t\t\t\t\t\t<img loading=\"lazy\" decoding=\"async\" width=\"400\" height=\"272\" src=\"https:\/\/realcup.org\/guayaquil2026\/wp-content\/uploads\/2026\/04\/d2l2.jpg\" class=\"attachment-large size-large wp-image-660\" alt=\"\" srcset=\"https:\/\/realcup.org\/guayaquil2026\/wp-content\/uploads\/2026\/04\/d2l2.jpg 400w, https:\/\/realcup.org\/guayaquil2026\/wp-content\/uploads\/2026\/04\/d2l2-300x204.jpg 300w\" sizes=\"(max-width: 400px) 100vw, 400px\" \/>\t\t\t\t\t\t\t\t<\/a>\n\t\t\t\t\t\t\t\t\t\t\t\t\t\t\t<\/div>\n\t\t\t\t<\/div>\n\t\t<div class=\"elementor-element elementor-element-cd6dffa e-con-full e-flex e-con e-child\" data-id=\"cd6dffa\" data-element_type=\"container\" data-e-type=\"container\">\n\t\t\t\t<div class=\"elementor-element elementor-element-c990096 elementor-widget elementor-widget-image\" data-id=\"c990096\" data-element_type=\"widget\" data-e-type=\"widget\" data-widget_type=\"image.default\">\n\t\t\t\t\t\t\t\t\t\t\t\t\t\t\t\t<a href=\"https:\/\/www.ellucian.com\/\" target=\"_blank\" rel=\"noopener noreferrer nofollow\">\n\t\t\t\t\t\t\t<img loading=\"lazy\" decoding=\"async\" width=\"400\" height=\"272\" src=\"https:\/\/realcup.org\/guayaquil2026\/wp-content\/uploads\/2026\/04\/elucian3.jpg\" class=\"attachment-large size-large wp-image-659\" alt=\"\" srcset=\"https:\/\/realcup.org\/guayaquil2026\/wp-content\/uploads\/2026\/04\/elucian3.jpg 400w, https:\/\/realcup.org\/guayaquil2026\/wp-content\/uploads\/2026\/04\/elucian3-300x204.jpg 300w\" sizes=\"(max-width: 400px) 100vw, 400px\" \/>\t\t\t\t\t\t\t\t<\/a>\n\t\t\t\t\t\t\t\t\t\t\t\t\t\t\t<\/div>\n\t\t\t\t<\/div>\n\t\t<div class=\"elementor-element elementor-element-86660be e-con-full e-flex e-con e-child\" data-id=\"86660be\" data-element_type=\"container\" data-e-type=\"container\">\n\t\t\t\t<div class=\"elementor-element elementor-element-d107256 elementor-widget elementor-widget-image\" data-id=\"d107256\" data-element_type=\"widget\" data-e-type=\"widget\" data-widget_type=\"image.default\">\n\t\t\t\t\t\t\t\t\t\t\t\t\t\t\t\t<a href=\"https:\/\/plataformaa.com.br\/\" target=\"_blank\" rel=\"noopener noreferrer nofollow\">\n\t\t\t\t\t\t\t<img loading=\"lazy\" decoding=\"async\" width=\"400\" height=\"272\" src=\"https:\/\/realcup.org\/guayaquil2026\/wp-content\/uploads\/2026\/04\/plataformaa.jpg\" class=\"attachment-large size-large wp-image-651\" alt=\"\" srcset=\"https:\/\/realcup.org\/guayaquil2026\/wp-content\/uploads\/2026\/04\/plataformaa.jpg 400w, https:\/\/realcup.org\/guayaquil2026\/wp-content\/uploads\/2026\/04\/plataformaa-300x204.jpg 300w\" sizes=\"(max-width: 400px) 100vw, 400px\" \/>\t\t\t\t\t\t\t\t<\/a>\n\t\t\t\t\t\t\t\t\t\t\t\t\t\t\t<\/div>\n\t\t\t\t<\/div>\n\t\t\t\t<\/div>\n\t\t\t\t<\/div>\n\t\t\t\t\t<\/div>\n\t\t\t\t<\/div>\n\t\t\t\t<\/div>\n\t\t","protected":false},"excerpt":{"rendered":"<p>Inteligencias postartificiales 11 al 13 de noviembre Universidad Esp\u00edritu Santo (UEES) Ecuador En noviembre en Ecuador regresa el encuentro anual de la Red de Asociaciones Latinoamericanas y Caribe\u00f1as de Universidades Privadas (REALCUP). Se trata del evento m\u00e1s importante de instituciones privadas de la regi\u00f3n, con la presencia de unos 600 gestores, de los cuales la [&hellip;]<\/p>\n","protected":false},"author":1,"featured_media":610,"parent":0,"menu_order":0,"comment_status":"closed","ping_status":"closed","template":"elementor_header_footer","meta":{"_acf_changed":false,"footnotes":""},"class_list":["post-149","page","type-page","status-publish","has-post-thumbnail","hentry"],"acf":[],"_links":{"self":[{"href":"https:\/\/realcup.org\/guayaquil2026\/wp-json\/wp\/v2\/pages\/149","targetHints":{"allow":["GET"]}}],"collection":[{"href":"https:\/\/realcup.org\/guayaquil2026\/wp-json\/wp\/v2\/pages"}],"about":[{"href":"https:\/\/realcup.org\/guayaquil2026\/wp-json\/wp\/v2\/types\/page"}],"author":[{"embeddable":true,"href":"https:\/\/realcup.org\/guayaquil2026\/wp-json\/wp\/v2\/users\/1"}],"replies":[{"embeddable":true,"href":"https:\/\/realcup.org\/guayaquil2026\/wp-json\/wp\/v2\/comments?post=149"}],"version-history":[{"count":10,"href":"https:\/\/realcup.org\/guayaquil2026\/wp-json\/wp\/v2\/pages\/149\/revisions"}],"predecessor-version":[{"id":946,"href":"https:\/\/realcup.org\/guayaquil2026\/wp-json\/wp\/v2\/pages\/149\/revisions\/946"}],"wp:featuredmedia":[{"embeddable":true,"href":"https:\/\/realcup.org\/guayaquil2026\/wp-json\/wp\/v2\/media\/610"}],"wp:attachment":[{"href":"https:\/\/realcup.org\/guayaquil2026\/wp-json\/wp\/v2\/media?parent=149"}],"curies":[{"name":"wp","href":"https:\/\/api.w.org\/{rel}","templated":true}]}}