{"id":159,"date":"2026-03-17T12:07:18","date_gmt":"2026-03-17T12:07:18","guid":{"rendered":"https:\/\/realcup.org\/guayaquil2026\/?page_id=159"},"modified":"2026-04-24T15:20:49","modified_gmt":"2026-04-24T15:20:49","slug":"tematica","status":"publish","type":"page","link":"https:\/\/realcup.org\/guayaquil2026\/tematica\/","title":{"rendered":"Tem\u00e1tica"},"content":{"rendered":"\t\t<div data-elementor-type=\"wp-page\" data-elementor-id=\"159\" class=\"elementor elementor-159\" data-elementor-post-type=\"page\">\n\t\t\t\t<div class=\"elementor-element elementor-element-e6365fe e-flex e-con-boxed e-con e-parent\" data-id=\"e6365fe\" data-element_type=\"container\" data-e-type=\"container\" data-settings=\"{&quot;background_background&quot;:&quot;classic&quot;}\">\n\t\t\t\t\t<div class=\"e-con-inner\">\n\t\t<div class=\"elementor-element elementor-element-84627fb e-con-full e-flex e-con e-child\" data-id=\"84627fb\" data-element_type=\"container\" data-e-type=\"container\" data-settings=\"{&quot;background_background&quot;:&quot;classic&quot;}\">\n\t\t\t\t<div class=\"elementor-element elementor-element-e14ceb7 elementor-widget elementor-widget-heading\" data-id=\"e14ceb7\" data-element_type=\"widget\" data-e-type=\"widget\" data-widget_type=\"heading.default\">\n\t\t\t\t\t<h2 class=\"elementor-heading-title elementor-size-default\">Ejes tem\u00e1ticos<\/h2>\t\t\t\t<\/div>\n\t\t\t\t<div class=\"elementor-element elementor-element-fc69f56 elementor-widget elementor-widget-heading\" data-id=\"fc69f56\" data-element_type=\"widget\" data-e-type=\"widget\" data-widget_type=\"heading.default\">\n\t\t\t\t\t<h2 class=\"elementor-heading-title elementor-size-default\">2026<\/h2>\t\t\t\t<\/div>\n\t\t\t\t<div class=\"elementor-element elementor-element-750d99f elementor-widget elementor-widget-image\" data-id=\"750d99f\" data-element_type=\"widget\" data-e-type=\"widget\" data-widget_type=\"image.default\">\n\t\t\t\t\t\t\t\t\t\t\t\t\t\t\t<img fetchpriority=\"high\" decoding=\"async\" width=\"300\" height=\"185\" src=\"https:\/\/realcup.org\/guayaquil2026\/wp-content\/uploads\/2026\/03\/olas-300x185.png\" class=\"attachment-medium size-medium wp-image-307\" alt=\"\" srcset=\"https:\/\/realcup.org\/guayaquil2026\/wp-content\/uploads\/2026\/03\/olas-300x185.png 300w, https:\/\/realcup.org\/guayaquil2026\/wp-content\/uploads\/2026\/03\/olas.png 468w\" sizes=\"(max-width: 300px) 100vw, 300px\" \/>\t\t\t\t\t\t\t\t\t\t\t\t\t\t\t<\/div>\n\t\t\t\t<\/div>\n\t\t\t\t\t<\/div>\n\t\t\t\t<\/div>\n\t\t<div class=\"elementor-element elementor-element-d4df6b2 e-con-full e-flex e-con e-parent\" data-id=\"d4df6b2\" data-element_type=\"container\" data-e-type=\"container\">\n\t\t\t\t<div class=\"elementor-element elementor-element-5a31806 elementor-widget elementor-widget-html\" data-id=\"5a31806\" data-element_type=\"widget\" data-e-type=\"widget\" data-widget_type=\"html.default\">\n\t\t\t\t\t<div style=\"width:100%;overflow:hidden;position:relative;height:200px;margin:0;padding:0;line-height:0;\">\n\n  <!-- Capa 3 - Celeste claro (fondo) -->\n  <div style=\"position:absolute;width:200%;height:100%;bottom:0;left:0;z-index:1;animation:wvs 22s linear infinite;\">\n    <svg viewBox=\"0 0 720 200\" preserveAspectRatio=\"none\" style=\"width:50%;height:100%;display:block;float:left;\">\n      <path d=\"M0,80 C60,55 120,55 180,80 C240,105 300,115 360,90 C420,65 480,55 540,75 C600,95 660,105 720,80 L720,200 L0,200 Z\" fill=\"#89D4F5\"\/>\n    <\/svg>\n    <svg viewBox=\"0 0 720 200\" preserveAspectRatio=\"none\" style=\"width:50%;height:100%;display:block;float:left;\">\n      <path d=\"M0,80 C60,55 120,55 180,80 C240,105 300,115 360,90 C420,65 480,55 540,75 C600,95 660,105 720,80 L720,200 L0,200 Z\" fill=\"#89D4F5\"\/>\n    <\/svg>\n  <\/div>\n\n  <!-- Capa 2 - Azul profundo (medio) -->\n  <div style=\"position:absolute;width:200%;height:100%;bottom:0;left:0;z-index:2;animation:wvs 18s linear infinite reverse;\">\n    <svg viewBox=\"0 0 720 200\" preserveAspectRatio=\"none\" style=\"width:50%;height:100%;display:block;float:left;\">\n      <path d=\"M0,110 C60,85 120,90 180,115 C240,140 300,130 360,105 C420,80 480,85 540,110 C600,135 660,130 720,110 L720,200 L0,200 Z\" fill=\"#0A6FA0\"\/>\n    <\/svg>\n    <svg viewBox=\"0 0 720 200\" preserveAspectRatio=\"none\" style=\"width:50%;height:100%;display:block;float:left;\">\n      <path d=\"M0,110 C60,85 120,90 180,115 C240,140 300,130 360,105 C420,80 480,85 540,110 C600,135 660,130 720,110 L720,200 L0,200 Z\" fill=\"#0A6FA0\"\/>\n    <\/svg>\n  <\/div>\n\n  <!-- Capa 1 - Azul brillante (frente) -->\n  <div style=\"position:absolute;width:200%;height:100%;bottom:0;left:0;z-index:3;animation:wvs 14s linear infinite;\">\n    <svg viewBox=\"0 0 720 200\" preserveAspectRatio=\"none\" style=\"width:50%;height:100%;display:block;float:left;\">\n      <path d=\"M0,145 C60,120 120,125 180,150 C240,175 300,165 360,140 C420,115 480,125 540,150 C600,175 660,165 720,145 L720,200 L0,200 Z\" fill=\"#1794D4\"\/>\n    <\/svg>\n    <svg viewBox=\"0 0 720 200\" preserveAspectRatio=\"none\" style=\"width:50%;height:100%;display:block;float:left;\">\n      <path d=\"M0,145 C60,120 120,125 180,150 C240,175 300,165 360,140 C420,115 480,125 540,150 C600,175 660,165 720,145 L720,200 L0,200 Z\" fill=\"#1794D4\"\/>\n    <\/svg>\n  <\/div>\n\n<\/div>\n\n<style>\n@keyframes wvs {\n  0% { transform: translateX(0); }\n  100% { transform: translateX(-50%); }\n}\n<\/style>\t\t\t\t<\/div>\n\t\t<div class=\"elementor-element elementor-element-c9dfb07 e-flex e-con-boxed e-con e-child\" data-id=\"c9dfb07\" data-element_type=\"container\" data-e-type=\"container\" data-settings=\"{&quot;background_background&quot;:&quot;classic&quot;}\">\n\t\t\t\t\t<div class=\"e-con-inner\">\n\t\t<div class=\"elementor-element elementor-element-2f114a9 e-con-full e-flex e-con e-child\" data-id=\"2f114a9\" data-element_type=\"container\" data-e-type=\"container\">\n\t\t\t\t<div class=\"elementor-element elementor-element-fb0fa26 elementor-widget elementor-widget-text-editor\" data-id=\"fb0fa26\" data-element_type=\"widget\" data-e-type=\"widget\" data-widget_type=\"text-editor.default\">\n\t\t\t\t\t\t\t\t\t<p><strong>La IA ya es infraestructura y debe integrarse de manera org\u00e1nica y en todos los niveles de la vida universitaria.<\/strong> El hecho diferencial comienza despu\u00e9s. Las instituciones requieren inteligencias artificiales para innovar en su gesti\u00f3n y en sus modelos de formaci\u00f3n. Pero no buscamos solo gestionar tecnolog\u00edas, sino cultivar inteligencias humanas m\u00faltiples capaces de liderar un mundo donde lo artificial es la norma, pero lo humano es el sentido. Son estas capacidades las que, a la postre, ser\u00e1n postartificiales.<\/p>\t\t\t\t\t\t\t\t<\/div>\n\t\t\t\t<\/div>\n\t\t<div class=\"elementor-element elementor-element-f3653c4 e-con-full e-flex e-con e-child\" data-id=\"f3653c4\" data-element_type=\"container\" data-e-type=\"container\">\n\t\t\t\t<div class=\"elementor-element elementor-element-5aa2664 elementor-widget elementor-widget-text-editor\" data-id=\"5aa2664\" data-element_type=\"widget\" data-e-type=\"widget\" data-widget_type=\"text-editor.default\">\n\t\t\t\t\t\t\t\t\t<p>Bajo esta premisa, la universidad debe entender que el reto no es s\u00f3lo t\u00e9cnico, sino estructural: la convergencia entre la aceleraci\u00f3n tecnol\u00f3gica y los cambios demogr\u00e1ficos exige una transformaci\u00f3n profunda del prop\u00f3sito institucional. Ya no basta con gestionar matr\u00edculas; es imperativo comprender la identidad de los nuevos sujetos de aprendizaje y las trayectorias que demandan.<\/p>\t\t\t\t\t\t\t\t<\/div>\n\t\t\t\t<\/div>\n\t\t<div class=\"elementor-element elementor-element-618f7c6 e-con-full e-flex e-con e-child\" data-id=\"618f7c6\" data-element_type=\"container\" data-e-type=\"container\">\n\t\t\t\t<div class=\"elementor-element elementor-element-3c15245 elementor-widget elementor-widget-text-editor\" data-id=\"3c15245\" data-element_type=\"widget\" data-e-type=\"widget\" data-widget_type=\"text-editor.default\">\n\t\t\t\t\t\t\t\t\t<p>La universidad debe evolucionar de ser un repositorio de saber a convertirse en un nodo de discernimiento. En un entorno saturado de respuestas generativas, la excelencia acad\u00e9mica se mide por la capacidad de formular las preguntas correctas. Esta agenda estrat\u00e9gica propone transitar de una universidad que reacciona a la tecnolog\u00eda hacia una que lidera la s\u00edntesis entre la potencia algor\u00edtmica y la profundidad humana.<\/p>\t\t\t\t\t\t\t\t<\/div>\n\t\t\t\t<\/div>\n\t\t\t\t\t<\/div>\n\t\t\t\t<\/div>\n\t\t\t\t<\/div>\n\t\t<div class=\"elementor-element elementor-element-1f34ee2e e-flex e-con-boxed e-con e-parent\" data-id=\"1f34ee2e\" data-element_type=\"container\" data-e-type=\"container\" data-settings=\"{&quot;background_background&quot;:&quot;classic&quot;,&quot;background_motion_fx_motion_fx_mouse&quot;:&quot;yes&quot;}\">\n\t\t\t\t\t<div class=\"e-con-inner\">\n\t\t<div class=\"elementor-element elementor-element-3111d2c3 e-con-full e-flex e-con e-child\" data-id=\"3111d2c3\" data-element_type=\"container\" data-e-type=\"container\">\n\t\t<div class=\"elementor-element elementor-element-5514d756 e-con-full e-flex elementor-invisible e-con e-child\" data-id=\"5514d756\" data-element_type=\"container\" data-e-type=\"container\" data-settings=\"{&quot;animation&quot;:&quot;fadeInRight&quot;}\">\n\t\t<div class=\"elementor-element elementor-element-1e44f796 e-con-full e-flex e-con e-child\" data-id=\"1e44f796\" data-element_type=\"container\" data-e-type=\"container\">\n\t\t\t\t<div class=\"elementor-element elementor-element-285384c7 elementor-widget elementor-widget-image\" data-id=\"285384c7\" data-element_type=\"widget\" data-e-type=\"widget\" data-widget_type=\"image.default\">\n\t\t\t\t\t\t\t\t\t\t\t\t\t\t\t<img decoding=\"async\" width=\"150\" height=\"150\" src=\"https:\/\/realcup.org\/guayaquil2026\/wp-content\/uploads\/2026\/03\/guaya_quienessomos.jpg\" class=\"attachment-large size-large wp-image-260\" alt=\"\" \/>\t\t\t\t\t\t\t\t\t\t\t\t\t\t\t<\/div>\n\t\t\t\t<\/div>\n\t\t<div class=\"elementor-element elementor-element-466b7b7d e-con-full e-flex e-con e-child\" data-id=\"466b7b7d\" data-element_type=\"container\" data-e-type=\"container\">\n\t\t\t\t<div class=\"elementor-element elementor-element-29fd2496 elementor-widget elementor-widget-heading\" data-id=\"29fd2496\" data-element_type=\"widget\" data-e-type=\"widget\" data-widget_type=\"heading.default\">\n\t\t\t\t\t<h2 class=\"elementor-heading-title elementor-size-default\">Eje 1<\/h2>\t\t\t\t<\/div>\n\t\t\t\t<div class=\"elementor-element elementor-element-963c429 elementor-widget elementor-widget-heading\" data-id=\"963c429\" data-element_type=\"widget\" data-e-type=\"widget\" data-widget_type=\"heading.default\">\n\t\t\t\t\t<h2 class=\"elementor-heading-title elementor-size-default\">\u00bfQui\u00e9nes somos?<\/h2>\t\t\t\t<\/div>\n\t\t\t\t<div class=\"elementor-element elementor-element-73773387 elementor-widget elementor-widget-text-editor\" data-id=\"73773387\" data-element_type=\"widget\" data-e-type=\"widget\" data-widget_type=\"text-editor.default\">\n\t\t\t\t\t\t\t\t\t<p>Persona, ciudadano y profesional<\/p>\t\t\t\t\t\t\t\t<\/div>\n\t\t\t\t<div class=\"elementor-element elementor-element-c09ad8f elementor-widget elementor-widget-text-editor\" data-id=\"c09ad8f\" data-element_type=\"widget\" data-e-type=\"widget\" data-widget_type=\"text-editor.default\">\n\t\t\t\t\t\t\t\t\t<p>Desaf\u00edo \/ Redefinir la misi\u00f3n y la oferta para trayectorias vitales no lineales.<\/p>\t\t\t\t\t\t\t\t<\/div>\n\t\t\t\t<div class=\"elementor-element elementor-element-3a7ee5b elementor-widget elementor-widget-text-editor\" data-id=\"3a7ee5b\" data-element_type=\"widget\" data-e-type=\"widget\" data-widget_type=\"text-editor.default\">\n\t\t\t\t\t\t\t\t\t<p>El estudiantado actual desaf\u00eda los itinerarios previsibles. Es necesario repensar a la persona que aprende, el tipo de conocimiento que se genera y el rol de la instituci\u00f3n como garante de ciudadan\u00eda y de c\u00f3mo aprende.<\/p><ul><li>Sujeto \u00e9tico en entornos algor\u00edtmicos: formaci\u00f3n integral y compromiso c\u00edvico frente a la automatizaci\u00f3n.<\/li><li>Ecosistemas de aprendizaje y trayectorias l\u00edquidas: acceso y acompa\u00f1amiento para perfiles diversos (adultos, migrantes, trabajadores).<\/li><li>Pertinencia social y democratizaci\u00f3n del saber: producci\u00f3n de conocimiento con impacto real en el tejido social.<\/li><li>\u00c9xito estudiantil y acompa\u00f1amiento predictivo: priorizar la persistencia y el egreso sobre el simple ingreso.<\/li><\/ul>\t\t\t\t\t\t\t\t<\/div>\n\t\t\t\t<\/div>\n\t\t\t\t<\/div>\n\t\t<div class=\"elementor-element elementor-element-6d631762 e-con-full e-flex elementor-invisible e-con e-child\" data-id=\"6d631762\" data-element_type=\"container\" data-e-type=\"container\" data-settings=\"{&quot;animation&quot;:&quot;fadeInRight&quot;,&quot;animation_delay&quot;:100}\">\n\t\t<div class=\"elementor-element elementor-element-17091f5f e-con-full e-flex e-con e-child\" data-id=\"17091f5f\" data-element_type=\"container\" data-e-type=\"container\">\n\t\t\t\t<div class=\"elementor-element elementor-element-2c4c68c7 elementor-widget elementor-widget-image\" data-id=\"2c4c68c7\" data-element_type=\"widget\" data-e-type=\"widget\" data-widget_type=\"image.default\">\n\t\t\t\t\t\t\t\t\t\t\t\t\t\t\t<img decoding=\"async\" width=\"150\" height=\"150\" src=\"https:\/\/realcup.org\/guayaquil2026\/wp-content\/uploads\/2026\/03\/guaya_dondeubicamos.jpg\" class=\"attachment-large size-large wp-image-255\" alt=\"\" \/>\t\t\t\t\t\t\t\t\t\t\t\t\t\t\t<\/div>\n\t\t\t\t<\/div>\n\t\t<div class=\"elementor-element elementor-element-13305a1 e-con-full e-flex e-con e-child\" data-id=\"13305a1\" data-element_type=\"container\" data-e-type=\"container\">\n\t\t\t\t<div class=\"elementor-element elementor-element-cc6ef64 elementor-widget elementor-widget-heading\" data-id=\"cc6ef64\" data-element_type=\"widget\" data-e-type=\"widget\" data-widget_type=\"heading.default\">\n\t\t\t\t\t<h2 class=\"elementor-heading-title elementor-size-default\">Eje 2<\/h2>\t\t\t\t<\/div>\n\t\t\t\t<div class=\"elementor-element elementor-element-724cef99 elementor-widget elementor-widget-heading\" data-id=\"724cef99\" data-element_type=\"widget\" data-e-type=\"widget\" data-widget_type=\"heading.default\">\n\t\t\t\t\t<h2 class=\"elementor-heading-title elementor-size-default\">\u00bfD\u00f3nde nos ubicamos?<\/h2>\t\t\t\t<\/div>\n\t\t\t\t<div class=\"elementor-element elementor-element-17eb186c elementor-widget elementor-widget-text-editor\" data-id=\"17eb186c\" data-element_type=\"widget\" data-e-type=\"widget\" data-widget_type=\"text-editor.default\">\n\t\t\t\t\t\t\t\t\t<p>Habitar ecosistemas h\u00edbridos<\/p>\t\t\t\t\t\t\t\t<\/div>\n\t\t\t\t<div class=\"elementor-element elementor-element-9f3a250 elementor-widget elementor-widget-text-editor\" data-id=\"9f3a250\" data-element_type=\"widget\" data-e-type=\"widget\" data-widget_type=\"text-editor.default\">\n\t\t\t\t\t\t\t\t\t<p>Desaf\u00edo \/ Modalidades flexibles y pedagog\u00edas con prop\u00f3sito. <\/p>\t\t\t\t\t\t\t\t<\/div>\n\t\t\t\t<div class=\"elementor-element elementor-element-eb762ce elementor-widget elementor-widget-text-editor\" data-id=\"eb762ce\" data-element_type=\"widget\" data-e-type=\"widget\" data-widget_type=\"text-editor.default\">\n\t\t\t\t\t\t\t\t\t<p>M\u00e1s que adoptar herramientas, se trata de dise\u00f1ar experiencias que potencien la autonom\u00eda del estudiante y la capacidad creativa del docente mediante decisiones organizativas sostenibles.<\/p><ul><li>Dise\u00f1o de espacios &#8216;phygital&#8217;: arquitecturas de aprendizaje que integran lo presencial y lo virtual sin fisuras.<\/li><li>Criterio y agencia humana: evaluaci\u00f3n cr\u00edtica del impacto tecnol\u00f3gico en los procesos de ense\u00f1anza.<\/li><li>Curadur\u00eda pedag\u00f3gica: nuevas competencias docentes para mediar y enriquecer el aprendizaje en la era digital.<\/li><li>Gobernanza basada en evidencia: cultura institucional de decisiones informadas, \u00e1giles y transparentes.<\/li><\/ul>\t\t\t\t\t\t\t\t<\/div>\n\t\t\t\t<\/div>\n\t\t\t\t<\/div>\n\t\t\t\t<\/div>\n\t\t<div class=\"elementor-element elementor-element-64a957f5 e-con-full e-flex e-con e-child\" data-id=\"64a957f5\" data-element_type=\"container\" data-e-type=\"container\">\n\t\t<div class=\"elementor-element elementor-element-193f9acc e-con-full e-flex elementor-invisible e-con e-child\" data-id=\"193f9acc\" data-element_type=\"container\" data-e-type=\"container\" data-settings=\"{&quot;animation&quot;:&quot;fadeInRight&quot;,&quot;animation_delay&quot;:200}\">\n\t\t<div class=\"elementor-element elementor-element-164ec506 e-con-full e-flex e-con e-child\" data-id=\"164ec506\" data-element_type=\"container\" data-e-type=\"container\">\n\t\t\t\t<div class=\"elementor-element elementor-element-7b0f1832 elementor-widget elementor-widget-image\" data-id=\"7b0f1832\" data-element_type=\"widget\" data-e-type=\"widget\" data-widget_type=\"image.default\">\n\t\t\t\t\t\t\t\t\t\t\t\t\t\t\t<img loading=\"lazy\" decoding=\"async\" width=\"150\" height=\"150\" src=\"https:\/\/realcup.org\/guayaquil2026\/wp-content\/uploads\/2026\/03\/guaya_comoevaluamos.jpg\" class=\"attachment-large size-large wp-image-253\" alt=\"\" \/>\t\t\t\t\t\t\t\t\t\t\t\t\t\t\t<\/div>\n\t\t\t\t<\/div>\n\t\t<div class=\"elementor-element elementor-element-34c0ba45 e-con-full e-flex e-con e-child\" data-id=\"34c0ba45\" data-element_type=\"container\" data-e-type=\"container\">\n\t\t\t\t<div class=\"elementor-element elementor-element-b53b529 elementor-widget elementor-widget-heading\" data-id=\"b53b529\" data-element_type=\"widget\" data-e-type=\"widget\" data-widget_type=\"heading.default\">\n\t\t\t\t\t<h2 class=\"elementor-heading-title elementor-size-default\">Eje 3<\/h2>\t\t\t\t<\/div>\n\t\t\t\t<div class=\"elementor-element elementor-element-45eb4f15 elementor-widget elementor-widget-heading\" data-id=\"45eb4f15\" data-element_type=\"widget\" data-e-type=\"widget\" data-widget_type=\"heading.default\">\n\t\t\t\t\t<h2 class=\"elementor-heading-title elementor-size-default\">\u00bfC\u00f3mo nos evaluamos?<\/h2>\t\t\t\t<\/div>\n\t\t\t\t<div class=\"elementor-element elementor-element-674293e6 elementor-widget elementor-widget-text-editor\" data-id=\"674293e6\" data-element_type=\"widget\" data-e-type=\"widget\" data-widget_type=\"text-editor.default\">\n\t\t\t\t\t\t\t\t\t<p>Calidad, \u00e9tica y confianza<\/p>\t\t\t\t\t\t\t\t<\/div>\n\t\t\t\t<div class=\"elementor-element elementor-element-b1244ec elementor-widget elementor-widget-text-editor\" data-id=\"b1244ec\" data-element_type=\"widget\" data-e-type=\"widget\" data-widget_type=\"text-editor.default\">\n\t\t\t\t\t\t\t\t\t<p>Desaf\u00edo \/ Consolidar sistemas de autorregulaci\u00f3n que impulsen la cultura de la calidad. <\/p>\t\t\t\t\t\t\t\t<\/div>\n\t\t\t\t<div class=\"elementor-element elementor-element-30db5136 elementor-widget elementor-widget-text-editor\" data-id=\"30db5136\" data-element_type=\"widget\" data-e-type=\"widget\" data-widget_type=\"text-editor.default\">\n\t\t\t\t\t\t\t\t\t<p>Nuevas formas de acceso a la educaci\u00f3n superior interpelan a los sistemas de aseguramiento de la calidad a evaluar con rigor lo que se aprende en entornos digitales y a distancia. Al mismo tiempo, la capacidad de procesar y analizar datos a gran escala ofrece a los sistemas de aseguramiento de la calidad una oportunidad para mejorar la toma de decisiones, siempre que ese potencial est\u00e9 gobernado por principios \u00e9ticos y sustentado en el juicio humano.<\/p><ul><li>Calidad en entornos digitales y educaci\u00f3n a distancia: lecciones aprendidas y casos de \u00e9xito.<\/li><li>Soberan\u00eda y \u00e9tica de datos: Pol\u00edticas que garantizan la integridad y el uso responsable de la informaci\u00f3n institucional.<\/li><li>\u00c9tica, gobernanza y confianza en sistemas de calidad mediados por tecnolog\u00eda.<\/li><\/ul>\t\t\t\t\t\t\t\t<\/div>\n\t\t\t\t<\/div>\n\t\t\t\t<\/div>\n\t\t<div class=\"elementor-element elementor-element-1c79feed e-con-full e-flex elementor-invisible e-con e-child\" data-id=\"1c79feed\" data-element_type=\"container\" data-e-type=\"container\" data-settings=\"{&quot;animation&quot;:&quot;fadeInRight&quot;,&quot;animation_delay&quot;:300}\">\n\t\t<div class=\"elementor-element elementor-element-7e601a4c e-con-full e-flex e-con e-child\" data-id=\"7e601a4c\" data-element_type=\"container\" data-e-type=\"container\">\n\t\t\t\t<div class=\"elementor-element elementor-element-441c73ac elementor-widget elementor-widget-image\" data-id=\"441c73ac\" data-element_type=\"widget\" data-e-type=\"widget\" data-widget_type=\"image.default\">\n\t\t\t\t\t\t\t\t\t\t\t\t\t\t\t<img loading=\"lazy\" decoding=\"async\" width=\"150\" height=\"150\" src=\"https:\/\/realcup.org\/guayaquil2026\/wp-content\/uploads\/2026\/03\/guaya_comoproyectamos.jpg\" class=\"attachment-large size-large wp-image-254\" alt=\"\" \/>\t\t\t\t\t\t\t\t\t\t\t\t\t\t\t<\/div>\n\t\t\t\t<\/div>\n\t\t<div class=\"elementor-element elementor-element-3b282516 e-con-full e-flex e-con e-child\" data-id=\"3b282516\" data-element_type=\"container\" data-e-type=\"container\">\n\t\t\t\t<div class=\"elementor-element elementor-element-92ff9f7 elementor-widget elementor-widget-heading\" data-id=\"92ff9f7\" data-element_type=\"widget\" data-e-type=\"widget\" data-widget_type=\"heading.default\">\n\t\t\t\t\t<h2 class=\"elementor-heading-title elementor-size-default\">Eje 4<\/h2>\t\t\t\t<\/div>\n\t\t\t\t<div class=\"elementor-element elementor-element-44a5b6c9 elementor-widget elementor-widget-heading\" data-id=\"44a5b6c9\" data-element_type=\"widget\" data-e-type=\"widget\" data-widget_type=\"heading.default\">\n\t\t\t\t\t<h2 class=\"elementor-heading-title elementor-size-default\">\u00bfC\u00f3mo nos proyectamos?<\/h2>\t\t\t\t<\/div>\n\t\t\t\t<div class=\"elementor-element elementor-element-3c3be234 elementor-widget elementor-widget-text-editor\" data-id=\"3c3be234\" data-element_type=\"widget\" data-e-type=\"widget\" data-widget_type=\"text-editor.default\">\n\t\t\t\t\t\t\t\t\t<p>Valor p\u00fablico y ciudadan\u00eda aumentada<\/p>\t\t\t\t\t\t\t\t<\/div>\n\t\t\t\t<div class=\"elementor-element elementor-element-0d29e21 elementor-widget elementor-widget-text-editor\" data-id=\"0d29e21\" data-element_type=\"widget\" data-e-type=\"widget\" data-widget_type=\"text-editor.default\">\n\t\t\t\t\t\t\t\t\t<p>Desaf\u00edo \/ Certificar competencias para un ejercicio profesional complejo y en constante evoluci\u00f3n. <\/p>\t\t\t\t\t\t\t\t<\/div>\n\t\t\t\t<div class=\"elementor-element elementor-element-2acb721 elementor-widget elementor-widget-text-editor\" data-id=\"2acb721\" data-element_type=\"widget\" data-e-type=\"widget\" data-widget_type=\"text-editor.default\">\n\t\t\t\t\t\t\t\t\t<p>La inserci\u00f3n laboral exige curr\u00edculos \u00e1giles y alianzas simbi\u00f3ticas con el sector productivo para cerrar la brecha entre formaci\u00f3n y desempe\u00f1o.<\/p><ul><li>Certificaci\u00f3n de saberes en la era de la automatizaci\u00f3n: verificaci\u00f3n de competencias de alto nivel que trascienden la ejecuci\u00f3n t\u00e9cnica.<\/li><li>Simbiosis laboral: codise\u00f1o de soluciones y perfiles acad\u00e9micos junto a actores sociales y productivos.<\/li><li>Competencias modulares y apilables: formatos flexibles y microcredenciales que permiten el aprendizaje a lo largo de la vida.<\/li><li>Emprendedores universitarios.<\/li><\/ul>\t\t\t\t\t\t\t\t<\/div>\n\t\t\t\t<\/div>\n\t\t\t\t<\/div>\n\t\t\t\t<\/div>\n\t\t\t\t\t<\/div>\n\t\t\t\t<\/div>\n\t\t<div class=\"elementor-element elementor-element-75a563e2 e-con-full e-flex e-con e-parent\" data-id=\"75a563e2\" data-element_type=\"container\" data-e-type=\"container\">\n\t\t<div class=\"elementor-element elementor-element-47d57339 e-con-full e-flex e-con e-child\" data-id=\"47d57339\" data-element_type=\"container\" data-e-type=\"container\">\n\t\t\t\t<div class=\"elementor-element elementor-element-270912ea elementor-widget elementor-widget-video\" data-id=\"270912ea\" data-element_type=\"widget\" data-e-type=\"widget\" data-settings=\"{&quot;youtube_url&quot;:&quot;https:\\\/\\\/youtu.be\\\/Q_mmxNp3Da8?si=kVoUuPX3e9Ul3q5c&quot;,&quot;video_type&quot;:&quot;youtube&quot;,&quot;controls&quot;:&quot;yes&quot;}\" data-widget_type=\"video.default\">\n\t\t\t\t\t\t\t<div class=\"elementor-wrapper elementor-open-inline\">\n\t\t\t<div class=\"elementor-video\"><\/div>\t\t<\/div>\n\t\t\t\t\t\t<\/div>\n\t\t\t\t<\/div>\n\t\t<div class=\"elementor-element elementor-element-29044c56 e-con-full e-flex e-con e-child\" data-id=\"29044c56\" data-element_type=\"container\" data-e-type=\"container\">\n\t\t<div class=\"elementor-element elementor-element-13c3c847 e-con-full e-flex elementor-invisible e-con e-child\" data-id=\"13c3c847\" data-element_type=\"container\" data-e-type=\"container\" data-settings=\"{&quot;animation&quot;:&quot;fadeInLeft&quot;,&quot;animation_delay&quot;:100}\">\n\t\t\t\t<div class=\"elementor-element elementor-element-7bc397c elementor-widget elementor-widget-heading\" data-id=\"7bc397c\" data-element_type=\"widget\" data-e-type=\"widget\" data-widget_type=\"heading.default\">\n\t\t\t\t\t<h2 class=\"elementor-heading-title elementor-size-default\">Isidro Fierro<\/h2>\t\t\t\t<\/div>\n\t\t\t\t<div class=\"elementor-element elementor-element-5ac24d31 elementor-widget elementor-widget-heading\" data-id=\"5ac24d31\" data-element_type=\"widget\" data-e-type=\"widget\" data-widget_type=\"heading.default\">\n\t\t\t\t\t<h3 class=\"elementor-heading-title elementor-size-default\">Rector UEES<\/h3>\t\t\t\t<\/div>\n\t\t\t\t<\/div>\n\t\t\t\t<\/div>\n\t\t\t\t<\/div>\n\t\t\t\t<\/div>\n\t\t","protected":false},"excerpt":{"rendered":"<p>Ejes tem\u00e1ticos 2026 La IA ya es infraestructura y debe integrarse de manera org\u00e1nica y en todos los niveles de la vida universitaria. El hecho diferencial comienza despu\u00e9s. Las instituciones requieren inteligencias artificiales para innovar en su gesti\u00f3n y en sus modelos de formaci\u00f3n. Pero no buscamos solo gestionar tecnolog\u00edas, sino cultivar inteligencias humanas m\u00faltiples [&hellip;]<\/p>\n","protected":false},"author":1,"featured_media":0,"parent":0,"menu_order":0,"comment_status":"closed","ping_status":"closed","template":"elementor_header_footer","meta":{"_acf_changed":false,"footnotes":""},"class_list":["post-159","page","type-page","status-publish","hentry"],"acf":[],"_links":{"self":[{"href":"https:\/\/realcup.org\/guayaquil2026\/wp-json\/wp\/v2\/pages\/159","targetHints":{"allow":["GET"]}}],"collection":[{"href":"https:\/\/realcup.org\/guayaquil2026\/wp-json\/wp\/v2\/pages"}],"about":[{"href":"https:\/\/realcup.org\/guayaquil2026\/wp-json\/wp\/v2\/types\/page"}],"author":[{"embeddable":true,"href":"https:\/\/realcup.org\/guayaquil2026\/wp-json\/wp\/v2\/users\/1"}],"replies":[{"embeddable":true,"href":"https:\/\/realcup.org\/guayaquil2026\/wp-json\/wp\/v2\/comments?post=159"}],"version-history":[{"count":10,"href":"https:\/\/realcup.org\/guayaquil2026\/wp-json\/wp\/v2\/pages\/159\/revisions"}],"predecessor-version":[{"id":784,"href":"https:\/\/realcup.org\/guayaquil2026\/wp-json\/wp\/v2\/pages\/159\/revisions\/784"}],"wp:attachment":[{"href":"https:\/\/realcup.org\/guayaquil2026\/wp-json\/wp\/v2\/media?parent=159"}],"curies":[{"name":"wp","href":"https:\/\/api.w.org\/{rel}","templated":true}]}}