{"id":187,"date":"2026-03-17T12:41:43","date_gmt":"2026-03-17T12:41:43","guid":{"rendered":"https:\/\/realcup.org\/guayaquil2026\/?page_id=187"},"modified":"2026-04-24T16:05:51","modified_gmt":"2026-04-24T16:05:51","slug":"sobre-realcup","status":"publish","type":"page","link":"https:\/\/realcup.org\/guayaquil2026\/sobre-realcup\/","title":{"rendered":"Sobre Realcup"},"content":{"rendered":"\t\t<div data-elementor-type=\"wp-page\" data-elementor-id=\"187\" class=\"elementor elementor-187\" data-elementor-post-type=\"page\">\n\t\t\t\t<div class=\"elementor-element elementor-element-62fcbb4 e-flex e-con-boxed e-con e-parent\" data-id=\"62fcbb4\" data-element_type=\"container\" data-e-type=\"container\" data-settings=\"{&quot;background_background&quot;:&quot;classic&quot;}\">\n\t\t\t\t\t<div class=\"e-con-inner\">\n\t\t<div class=\"elementor-element elementor-element-aff7295 e-con-full e-flex e-con e-child\" data-id=\"aff7295\" data-element_type=\"container\" data-e-type=\"container\" data-settings=\"{&quot;background_background&quot;:&quot;classic&quot;}\">\n\t\t\t\t<div class=\"elementor-element elementor-element-ce21788 elementor-widget elementor-widget-heading\" data-id=\"ce21788\" data-element_type=\"widget\" data-e-type=\"widget\" data-widget_type=\"heading.default\">\n\t\t\t\t\t<h2 class=\"elementor-heading-title elementor-size-default\">REALCUP<\/h2>\t\t\t\t<\/div>\n\t\t\t\t<div class=\"elementor-element elementor-element-3fe09d9 elementor-widget elementor-widget-heading\" data-id=\"3fe09d9\" data-element_type=\"widget\" data-e-type=\"widget\" data-widget_type=\"heading.default\">\n\t\t\t\t\t<h2 class=\"elementor-heading-title elementor-size-default\">representa a 16 asociaciones que nuclean a 1428 instituciones universitarias de gesti\u00f3n privada<\/h2>\t\t\t\t<\/div>\n\t\t\t\t<div class=\"elementor-element elementor-element-469c114 elementor-widget elementor-widget-image\" data-id=\"469c114\" data-element_type=\"widget\" data-e-type=\"widget\" data-widget_type=\"image.default\">\n\t\t\t\t\t\t\t\t\t\t\t\t\t\t\t<img fetchpriority=\"high\" decoding=\"async\" width=\"300\" height=\"185\" src=\"https:\/\/realcup.org\/guayaquil2026\/wp-content\/uploads\/2026\/03\/olas-300x185.png\" class=\"attachment-medium size-medium wp-image-307\" alt=\"\" srcset=\"https:\/\/realcup.org\/guayaquil2026\/wp-content\/uploads\/2026\/03\/olas-300x185.png 300w, https:\/\/realcup.org\/guayaquil2026\/wp-content\/uploads\/2026\/03\/olas.png 468w\" sizes=\"(max-width: 300px) 100vw, 300px\" \/>\t\t\t\t\t\t\t\t\t\t\t\t\t\t\t<\/div>\n\t\t\t\t<\/div>\n\t\t\t\t\t<\/div>\n\t\t\t\t<\/div>\n\t\t<div class=\"elementor-element elementor-element-df689ca e-con-full e-flex e-con e-parent\" data-id=\"df689ca\" data-element_type=\"container\" data-e-type=\"container\">\n\t\t\t\t<div class=\"elementor-element elementor-element-7d5ee7e elementor-widget elementor-widget-html\" data-id=\"7d5ee7e\" data-element_type=\"widget\" data-e-type=\"widget\" data-widget_type=\"html.default\">\n\t\t\t\t\t<div style=\"width:100%;overflow:hidden;position:relative;height:200px;margin:0;padding:0;line-height:0;\">\n\n  <!-- Capa 4 - Celeste claro (fondo) -->\n  <div style=\"position:absolute;width:200%;height:100%;bottom:0;left:0;z-index:1;animation:wvs 22s linear infinite;\">\n    <svg viewBox=\"0 0 720 200\" preserveAspectRatio=\"none\" style=\"width:50%;height:100%;display:block;float:left;\">\n      <path d=\"M0,60 C60,35 120,35 180,60 C240,85 300,95 360,70 C420,45 480,35 540,55 C600,75 660,85 720,60 L720,200 L0,200 Z\" fill=\"#89D4F5\"\/>\n    <\/svg>\n    <svg viewBox=\"0 0 720 200\" preserveAspectRatio=\"none\" style=\"width:50%;height:100%;display:block;float:left;\">\n      <path d=\"M0,60 C60,35 120,35 180,60 C240,85 300,95 360,70 C420,45 480,35 540,55 C600,75 660,85 720,60 L720,200 L0,200 Z\" fill=\"#89D4F5\"\/>\n    <\/svg>\n  <\/div>\n\n  <!-- Capa 3 - Azul profundo (medio) -->\n  <div style=\"position:absolute;width:200%;height:100%;bottom:0;left:0;z-index:2;animation:wvs 18s linear infinite reverse;\">\n    <svg viewBox=\"0 0 720 200\" preserveAspectRatio=\"none\" style=\"width:50%;height:100%;display:block;float:left;\">\n      <path d=\"M0,90 C60,65 120,70 180,95 C240,120 300,110 360,85 C420,60 480,65 540,90 C600,115 660,110 720,90 L720,200 L0,200 Z\" fill=\"#0A6FA0\"\/>\n    <\/svg>\n    <svg viewBox=\"0 0 720 200\" preserveAspectRatio=\"none\" style=\"width:50%;height:100%;display:block;float:left;\">\n      <path d=\"M0,90 C60,65 120,70 180,95 C240,120 300,110 360,85 C420,60 480,65 540,90 C600,115 660,110 720,90 L720,200 L0,200 Z\" fill=\"#0A6FA0\"\/>\n    <\/svg>\n  <\/div>\n\n  <!-- Capa 2 - Azul brillante -->\n  <div style=\"position:absolute;width:200%;height:100%;bottom:0;left:0;z-index:3;animation:wvs 14s linear infinite;\">\n    <svg viewBox=\"0 0 720 200\" preserveAspectRatio=\"none\" style=\"width:50%;height:100%;display:block;float:left;\">\n      <path d=\"M0,125 C60,100 120,105 180,130 C240,155 300,145 360,120 C420,95 480,105 540,130 C600,155 660,145 720,125 L720,200 L0,200 Z\" fill=\"#1794D4\"\/>\n    <\/svg>\n    <svg viewBox=\"0 0 720 200\" preserveAspectRatio=\"none\" style=\"width:50%;height:100%;display:block;float:left;\">\n      <path d=\"M0,125 C60,100 120,105 180,130 C240,155 300,145 360,120 C420,95 480,105 540,130 C600,155 660,145 720,125 L720,200 L0,200 Z\" fill=\"#1794D4\"\/>\n    <\/svg>\n  <\/div>\n\n  <!-- Capa 1 - Blanca (frente) -->\n  <div style=\"position:absolute;width:200%;height:100%;bottom:0;left:0;z-index:4;animation:wvs 20s linear infinite reverse;\">\n    <svg viewBox=\"0 0 720 200\" preserveAspectRatio=\"none\" style=\"width:50%;height:100%;display:block;float:left;\">\n      <path d=\"M0,155 C60,130 120,135 180,160 C240,185 300,175 360,150 C420,125 480,135 540,160 C600,185 660,175 720,155 L720,200 L0,200 Z\" fill=\"#ffffff\"\/>\n    <\/svg>\n    <svg viewBox=\"0 0 720 200\" preserveAspectRatio=\"none\" style=\"width:50%;height:100%;display:block;float:left;\">\n      <path d=\"M0,155 C60,130 120,135 180,160 C240,185 300,175 360,150 C420,125 480,135 540,160 C600,185 660,175 720,155 L720,200 L0,200 Z\" fill=\"#ffffff\"\/>\n    <\/svg>\n  <\/div>\n\n<\/div>\n\n<style>\n@keyframes wvs {\n  0% { transform: translateX(0); }\n  100% { transform: translateX(-50%); }\n}\n<\/style>\t\t\t\t<\/div>\n\t\t\t\t<\/div>\n\t\t<div class=\"elementor-element elementor-element-3d562448 e-flex e-con-boxed e-con e-parent\" data-id=\"3d562448\" data-element_type=\"container\" data-e-type=\"container\" data-settings=\"{&quot;background_background&quot;:&quot;classic&quot;,&quot;background_motion_fx_motion_fx_mouse&quot;:&quot;yes&quot;}\">\n\t\t\t\t\t<div class=\"e-con-inner\">\n\t\t\t\t<div class=\"elementor-element elementor-element-39b19429 elementor-widget elementor-widget-text-editor\" data-id=\"39b19429\" data-element_type=\"widget\" data-e-type=\"widget\" data-widget_type=\"text-editor.default\">\n\t\t\t\t\t\t\t\t\t<p class=\"p1\"><b>La <a href=\"https:\/\/realcup.org\/\" target=\"_blank\" rel=\"noopener noreferrer nofollow\">Red de Asociaciones Latinoamericanas y Caribe\u00f1as de Universidades Privadas (REALCUP)<\/a><\/b> fue fundada en el a\u00f1o 2016 con apoyo del <a href=\"https:\/\/www.iesalc.unesco.org\/en\/\" target=\"_blank\" rel=\"noopener noreferrer nofollow\"><span class=\"s1\">IESALC- UNESCO<\/span><\/a>. En la actualidad se encuentra conformada por 16 asociaciones de universidades privadas de 13 pa\u00edses de Am\u00e9rica Latina y el Caribe.<\/p><p>El 7 de diciembre de 2023, el rector de la Universidad Abierta Interamericana (CRUP \u2022 Argentina) Dr. <strong>Rodolfo De Vincenzi<\/strong>\u00a0fue electo como presidente de REALCUP. El profesor <strong>Santiago Gonz\u00e1lez Larrain <\/strong>(CUP \u2022 Chile) es el Vicepresidente 1\u00b0. La Dra. <strong>L\u00facia Teixeira <\/strong>(SEMESP \u2022 Brasil) ocupa el cargo de Vicepresidente 2\u00b0.<\/p><p><a href=\"https:\/\/realcup.org\/realcup\/\" target=\"_blank\" rel=\"noopener noreferrer nofollow\"><strong> REALCUP.org<\/strong><\/a><\/p>\t\t\t\t\t\t\t\t<\/div>\n\t\t\t\t<div class=\"elementor-element elementor-element-3825e000 elementor-widget elementor-widget-video\" data-id=\"3825e000\" data-element_type=\"widget\" data-e-type=\"widget\" data-settings=\"{&quot;youtube_url&quot;:&quot;https:\\\/\\\/youtu.be\\\/NVT4uN2rbMM?si=b0-TGcgGRHzsahRk&quot;,&quot;video_type&quot;:&quot;youtube&quot;,&quot;controls&quot;:&quot;yes&quot;}\" data-widget_type=\"video.default\">\n\t\t\t\t\t\t\t<div class=\"elementor-wrapper elementor-open-inline\">\n\t\t\t<div class=\"elementor-video\"><\/div>\t\t<\/div>\n\t\t\t\t\t\t<\/div>\n\t\t\t\t\t<\/div>\n\t\t\t\t<\/div>\n\t\t<div class=\"elementor-element elementor-element-4685e2c6 e-flex e-con-boxed e-con e-parent\" data-id=\"4685e2c6\" data-element_type=\"container\" data-e-type=\"container\">\n\t\t\t\t\t<div class=\"e-con-inner\">\n\t\t<div class=\"elementor-element elementor-element-332ab96e e-con-full e-flex e-con e-child\" data-id=\"332ab96e\" data-element_type=\"container\" data-e-type=\"container\">\n\t\t\t\t<div class=\"elementor-element elementor-element-4d90ceef elementor-widget elementor-widget-heading\" data-id=\"4d90ceef\" data-element_type=\"widget\" data-e-type=\"widget\" data-widget_type=\"heading.default\">\n\t\t\t\t\t<h2 class=\"elementor-heading-title elementor-size-default\">La cooperaci\u00f3n es el lenguaje com\u00fan del progreso institucional<\/h2>\t\t\t\t<\/div>\n\t\t\t\t<div class=\"elementor-element elementor-element-7e5c3bc6 elementor-widget elementor-widget-heading\" data-id=\"7e5c3bc6\" data-element_type=\"widget\" data-e-type=\"widget\" data-widget_type=\"heading.default\">\n\t\t\t\t\t<h2 class=\"elementor-heading-title elementor-size-default\">Por <strong>Rodolfo de Vincenzi  <\/strong><br> Presidente de REALCUP<\/h2>\t\t\t\t<\/div>\n\t\t\t\t<div class=\"elementor-element elementor-element-26084fc3 elementor-mobile-align-center elementor-widget elementor-widget-button\" data-id=\"26084fc3\" data-element_type=\"widget\" data-e-type=\"widget\" data-widget_type=\"button.default\">\n\t\t\t\t\t\t\t\t\t\t<a class=\"elementor-button elementor-button-link elementor-size-sm elementor-animation-push\" href=\"https:\/\/realcup.org\/wp-content\/uploads\/2025\/12\/Balance_REALCUP_2025.pdf\" target=\"_blank\" rel=\"noopener noreferrer nofollow\">\n\t\t\t\t\t\t<span class=\"elementor-button-content-wrapper\">\n\t\t\t\t\t\t\t\t\t<span class=\"elementor-button-text\">BALANCE DE GESTI\u00d3N 2025<\/span>\n\t\t\t\t\t<\/span>\n\t\t\t\t\t<\/a>\n\t\t\t\t\t\t\t\t<\/div>\n\t\t\t\t<\/div>\n\t\t<div class=\"elementor-element elementor-element-6a2fb64b e-con-full e-flex e-con e-child\" data-id=\"6a2fb64b\" data-element_type=\"container\" data-e-type=\"container\">\n\t\t\t\t<div class=\"elementor-element elementor-element-1dcfe0f4 elementor-widget elementor-widget-text-editor\" data-id=\"1dcfe0f4\" data-element_type=\"widget\" data-e-type=\"widget\" data-widget_type=\"text-editor.default\">\n\t\t\t\t\t\t\t\t\t<p>Si est\u00e1s navegando esta p\u00e1gina, es porque te interesa asistir a Guayaquil REALCUP 2026. Y eso nos alegra.<\/p><p>Estamos trabajando para que sea el encuentro m\u00e1s significativo de esta red. Y el m\u00e1s convocante. Ser\u00e1 el tercero de esta gesti\u00f3n: comenzamos en Puebla REALCUP 2024 y continuamos en S\u00e3o Paulo REALCUP 2025. La Universidad Esp\u00edritu Santo ser\u00e1 anfitriona, en su campus de Samborond\u00f3n.<\/p><p>REALCUP no es solo una red que representa. Es una red que construye.<\/p><p>En el dise\u00f1o de Guayaquil REALCUP 2026 pusimos el foco en la cocreaci\u00f3n y la cooperaci\u00f3n como motores de evoluci\u00f3n y expansi\u00f3n. Lo hacemos en un momento en que la inteligencia artificial deja de ser diferencial para convertirse en infraestructura. El valor ya no est\u00e1 en la tecnolog\u00eda. Est\u00e1 en la capacidad institucional de darle sentido, direcci\u00f3n y prop\u00f3sito.<\/p>\t\t\t\t\t\t\t\t<\/div>\n\t\t\t\t<div class=\"elementor-element elementor-element-6455a477 elementor-widget elementor-widget-text-editor\" data-id=\"6455a477\" data-element_type=\"widget\" data-e-type=\"widget\" data-widget_type=\"text-editor.default\">\n\t\t\t\t\t\t\t\t\t<p>No se trata de incorporar tecnolog\u00eda. Se trata de articularla con decisiones acad\u00e9micas e institucionales que produzcan trayectorias formativas con sentido.<\/p><p>Cocrear es abrir procesos y construir confianza. Cooperar es convertir esa confianza en acci\u00f3n: en proyectos concretos, en capacidades organizacionales, en resultados. Por eso, avanzar en nuestro plan estrat\u00e9gico exige mayor involucramiento de nuestras asociaciones nacionales. Para que el impacto de REALCUP llegue, con capilaridad, a cada universidad que representan.<\/p><p>REALCUP se proyecta como una plataforma viva de aprendizaje, innovaci\u00f3n y colaboraci\u00f3n. Nuestra tarea no es solo representar. Es codise\u00f1ar soluciones que mejoren la pertinencia, la calidad y la equidad de los sistemas universitarios de Am\u00e9rica Latina y el Caribe.<\/p><p>El futuro no se espera. Se dise\u00f1a. Se ejecuta. Y se sostiene.<\/p><p>Eso requiere algo m\u00e1s que acuerdos. Requiere la convicci\u00f3n de que transformar en contextos complejos solo es posible si lo hacemos juntos: universidades, asociaciones, socios, aliados y comunidades.<\/p><p>Porque la cooperaci\u00f3n no es solo un valor. Es una forma de operar. Y, en ese camino, es el lenguaje com\u00fan del progreso institucional. Estaremos felices de volver a vernos en Ecuador en noviembre pr\u00f3ximo.<\/p><p><strong>Acceda a nuestro portal <a href=\"https:\/\/realcup.org\/\" target=\"_blank\" rel=\"noopener noreferrer nofollow\">web oficial<\/a><\/strong><\/p>\t\t\t\t\t\t\t\t<\/div>\n\t\t\t\t<\/div>\n\t\t\t\t\t<\/div>\n\t\t\t\t<\/div>\n\t\t<div class=\"elementor-element elementor-element-c312a23 e-flex e-con-boxed e-con e-parent\" data-id=\"c312a23\" data-element_type=\"container\" data-e-type=\"container\" data-settings=\"{&quot;background_background&quot;:&quot;classic&quot;}\">\n\t\t\t\t\t<div class=\"e-con-inner\">\n\t\t<div class=\"elementor-element elementor-element-49f8108c e-con-full e-flex elementor-invisible e-con e-child\" data-id=\"49f8108c\" data-element_type=\"container\" data-e-type=\"container\" data-settings=\"{&quot;animation&quot;:&quot;fadeInRight&quot;}\">\n\t\t\t\t<div class=\"elementor-element elementor-element-59d772c8 elementor-widget elementor-widget-image\" data-id=\"59d772c8\" data-element_type=\"widget\" data-e-type=\"widget\" data-widget_type=\"image.default\">\n\t\t\t\t\t\t\t\t\t\t\t\t\t\t\t<img decoding=\"async\" width=\"800\" height=\"534\" src=\"https:\/\/realcup.org\/guayaquil2026\/wp-content\/uploads\/2026\/04\/IMG_8204-1024x683.jpg\" class=\"attachment-large size-large wp-image-506\" alt=\"\" srcset=\"https:\/\/realcup.org\/guayaquil2026\/wp-content\/uploads\/2026\/04\/IMG_8204-1024x683.jpg 1024w, https:\/\/realcup.org\/guayaquil2026\/wp-content\/uploads\/2026\/04\/IMG_8204-300x200.jpg 300w, https:\/\/realcup.org\/guayaquil2026\/wp-content\/uploads\/2026\/04\/IMG_8204-768x512.jpg 768w, https:\/\/realcup.org\/guayaquil2026\/wp-content\/uploads\/2026\/04\/IMG_8204.jpg 1200w\" sizes=\"(max-width: 800px) 100vw, 800px\" \/>\t\t\t\t\t\t\t\t\t\t\t\t\t\t\t<\/div>\n\t\t\t\t<\/div>\n\t\t<div class=\"elementor-element elementor-element-e8eb921 e-con-full e-flex elementor-invisible e-con e-child\" data-id=\"e8eb921\" data-element_type=\"container\" data-e-type=\"container\" data-settings=\"{&quot;animation&quot;:&quot;fadeInLeft&quot;}\">\n\t\t<div class=\"elementor-element elementor-element-27fb54d1 e-con-full e-flex elementor-invisible e-con e-child\" data-id=\"27fb54d1\" data-element_type=\"container\" data-e-type=\"container\" data-settings=\"{&quot;animation&quot;:&quot;fadeInLeft&quot;,&quot;animation_delay&quot;:100}\">\n\t\t\t\t<div class=\"elementor-element elementor-element-7878a543 elementor-widget elementor-widget-heading\" data-id=\"7878a543\" data-element_type=\"widget\" data-e-type=\"widget\" data-widget_type=\"heading.default\">\n\t\t\t\t\t<h2 class=\"elementor-heading-title elementor-size-default\">S\u00e3o Paulo <br>REALCUP <br><\/h2>\t\t\t\t<\/div>\n\t\t\t\t<div class=\"elementor-element elementor-element-56d9602d elementor-widget elementor-widget-heading\" data-id=\"56d9602d\" data-element_type=\"widget\" data-e-type=\"widget\" data-widget_type=\"heading.default\">\n\t\t\t\t\t<h2 class=\"elementor-heading-title elementor-size-default\">2025<\/h2>\t\t\t\t<\/div>\n\t\t\t\t<\/div>\n\t\t\t\t<div class=\"elementor-element elementor-element-322e631a elementor-mobile-align-center elementor-widget elementor-widget-button\" data-id=\"322e631a\" data-element_type=\"widget\" data-e-type=\"widget\" data-widget_type=\"button.default\">\n\t\t\t\t\t\t\t\t\t\t<a class=\"elementor-button elementor-button-link elementor-size-sm elementor-animation-push\" href=\"https:\/\/realcup.org\/saopaulo2025\" target=\"_blank\" rel=\"noopener noreferrer nofollow\">\n\t\t\t\t\t\t<span class=\"elementor-button-content-wrapper\">\n\t\t\t\t\t\t\t\t\t<span class=\"elementor-button-text\">QUIERO SABER M\u00c1S<\/span>\n\t\t\t\t\t<\/span>\n\t\t\t\t\t<\/a>\n\t\t\t\t\t\t\t\t<\/div>\n\t\t\t\t<\/div>\n\t\t\t\t\t<\/div>\n\t\t\t\t<\/div>\n\t\t<div class=\"elementor-element elementor-element-1318b726 e-flex e-con-boxed e-con e-parent\" data-id=\"1318b726\" data-element_type=\"container\" data-e-type=\"container\">\n\t\t\t\t\t<div class=\"e-con-inner\">\n\t\t<div class=\"elementor-element elementor-element-622ca8e8 e-con-full e-flex e-con e-child\" data-id=\"622ca8e8\" data-element_type=\"container\" data-e-type=\"container\">\n\t\t\t\t<div class=\"elementor-element elementor-element-d4ed6d5 elementor-invisible elementor-widget elementor-widget-heading\" data-id=\"d4ed6d5\" data-element_type=\"widget\" data-e-type=\"widget\" data-settings=\"{&quot;_animation&quot;:&quot;fadeInLeft&quot;}\" data-widget_type=\"heading.default\">\n\t\t\t\t\t<h2 class=\"elementor-heading-title elementor-size-default\">Instituciones asociadas<\/h2>\t\t\t\t<\/div>\n\t\t<div class=\"elementor-element elementor-element-a2ac30 e-con-full e-flex e-con e-child\" data-id=\"a2ac30\" data-element_type=\"container\" data-e-type=\"container\">\n\t\t<div class=\"elementor-element elementor-element-143329bb e-con-full e-flex e-con e-child\" data-id=\"143329bb\" data-element_type=\"container\" data-e-type=\"container\">\n\t\t\t\t<div class=\"elementor-element elementor-element-1dbb2977 elementor-widget elementor-widget-image\" data-id=\"1dbb2977\" data-element_type=\"widget\" data-e-type=\"widget\" data-widget_type=\"image.default\">\n\t\t\t\t\t\t\t\t\t\t\t\t\t\t\t\t<a href=\"https:\/\/aciet.org.co\/\" target=\"_blank\" rel=\"noopener noreferrer nofollow\">\n\t\t\t\t\t\t\t<img decoding=\"async\" width=\"256\" height=\"256\" src=\"https:\/\/realcup.org\/guayaquil2026\/wp-content\/uploads\/2026\/03\/asociados-REALCUP1.png\" class=\"attachment-medium size-medium wp-image-16\" alt=\"\" srcset=\"https:\/\/realcup.org\/guayaquil2026\/wp-content\/uploads\/2026\/03\/asociados-REALCUP1.png 256w, https:\/\/realcup.org\/guayaquil2026\/wp-content\/uploads\/2026\/03\/asociados-REALCUP1-150x150.png 150w\" sizes=\"(max-width: 256px) 100vw, 256px\" \/>\t\t\t\t\t\t\t\t<\/a>\n\t\t\t\t\t\t\t\t\t\t\t\t\t\t\t<\/div>\n\t\t\t\t<\/div>\n\t\t<div class=\"elementor-element elementor-element-11dc47dc e-con-full e-flex e-con e-child\" data-id=\"11dc47dc\" data-element_type=\"container\" data-e-type=\"container\">\n\t\t\t\t<div class=\"elementor-element elementor-element-39fdb205 elementor-widget elementor-widget-image\" data-id=\"39fdb205\" data-element_type=\"widget\" data-e-type=\"widget\" data-widget_type=\"image.default\">\n\t\t\t\t\t\t\t\t\t\t\t\t\t\t\t\t<a href=\"https:\/\/adru.do\/\" target=\"_blank\" rel=\"noopener noreferrer nofollow\">\n\t\t\t\t\t\t\t<img loading=\"lazy\" decoding=\"async\" width=\"256\" height=\"256\" src=\"https:\/\/realcup.org\/guayaquil2026\/wp-content\/uploads\/2026\/03\/asociados-REALCUP2.png\" class=\"attachment-medium size-medium wp-image-17\" alt=\"\" srcset=\"https:\/\/realcup.org\/guayaquil2026\/wp-content\/uploads\/2026\/03\/asociados-REALCUP2.png 256w, https:\/\/realcup.org\/guayaquil2026\/wp-content\/uploads\/2026\/03\/asociados-REALCUP2-150x150.png 150w\" sizes=\"(max-width: 256px) 100vw, 256px\" \/>\t\t\t\t\t\t\t\t<\/a>\n\t\t\t\t\t\t\t\t\t\t\t\t\t\t\t<\/div>\n\t\t\t\t<\/div>\n\t\t<div class=\"elementor-element elementor-element-1bfac2b7 e-con-full e-flex e-con e-child\" data-id=\"1bfac2b7\" data-element_type=\"container\" data-e-type=\"container\">\n\t\t\t\t<div class=\"elementor-element elementor-element-78df511e elementor-widget elementor-widget-image\" data-id=\"78df511e\" data-element_type=\"widget\" data-e-type=\"widget\" data-widget_type=\"image.default\">\n\t\t\t\t\t\t\t\t\t\t\t\t\t\t\t\t<a href=\"https:\/\/tecnologicoargos.edu.ec\/\" target=\"_blank\" rel=\"noopener noreferrer nofollow\">\n\t\t\t\t\t\t\t<img loading=\"lazy\" decoding=\"async\" width=\"256\" height=\"256\" src=\"https:\/\/realcup.org\/guayaquil2026\/wp-content\/uploads\/2026\/03\/asociados-REALCUP3.png\" class=\"attachment-medium size-medium wp-image-18\" alt=\"\" srcset=\"https:\/\/realcup.org\/guayaquil2026\/wp-content\/uploads\/2026\/03\/asociados-REALCUP3.png 256w, https:\/\/realcup.org\/guayaquil2026\/wp-content\/uploads\/2026\/03\/asociados-REALCUP3-150x150.png 150w\" sizes=\"(max-width: 256px) 100vw, 256px\" \/>\t\t\t\t\t\t\t\t<\/a>\n\t\t\t\t\t\t\t\t\t\t\t\t\t\t\t<\/div>\n\t\t\t\t<\/div>\n\t\t<div class=\"elementor-element elementor-element-5c82d2c0 e-con-full e-flex e-con e-child\" data-id=\"5c82d2c0\" data-element_type=\"container\" data-e-type=\"container\">\n\t\t\t\t<div class=\"elementor-element elementor-element-57b9ab23 elementor-widget elementor-widget-image\" data-id=\"57b9ab23\" data-element_type=\"widget\" data-e-type=\"widget\" data-widget_type=\"image.default\">\n\t\t\t\t\t\t\t\t\t\t\t\t\t\t\t\t<a href=\"https:\/\/www.anup.bo\/\" target=\"_blank\" rel=\"noopener noreferrer nofollow\">\n\t\t\t\t\t\t\t<img loading=\"lazy\" decoding=\"async\" width=\"256\" height=\"256\" src=\"https:\/\/realcup.org\/guayaquil2026\/wp-content\/uploads\/2026\/03\/asociados-REALCUP4.png\" class=\"attachment-medium size-medium wp-image-19\" alt=\"\" srcset=\"https:\/\/realcup.org\/guayaquil2026\/wp-content\/uploads\/2026\/03\/asociados-REALCUP4.png 256w, https:\/\/realcup.org\/guayaquil2026\/wp-content\/uploads\/2026\/03\/asociados-REALCUP4-150x150.png 150w\" sizes=\"(max-width: 256px) 100vw, 256px\" \/>\t\t\t\t\t\t\t\t<\/a>\n\t\t\t\t\t\t\t\t\t\t\t\t\t\t\t<\/div>\n\t\t\t\t<\/div>\n\t\t<div class=\"elementor-element elementor-element-5f57e4a4 e-con-full e-flex e-con e-child\" data-id=\"5f57e4a4\" data-element_type=\"container\" data-e-type=\"container\">\n\t\t\t\t<div class=\"elementor-element elementor-element-5ffaac4 elementor-widget elementor-widget-image\" data-id=\"5ffaac4\" data-element_type=\"widget\" data-e-type=\"widget\" data-widget_type=\"image.default\">\n\t\t\t\t\t\t\t\t\t\t\t\t\t\t\t\t<a href=\"https:\/\/www.apup.org.py\/\" target=\"_blank\" rel=\"noopener noreferrer nofollow\">\n\t\t\t\t\t\t\t<img loading=\"lazy\" decoding=\"async\" width=\"256\" height=\"256\" src=\"https:\/\/realcup.org\/guayaquil2026\/wp-content\/uploads\/2026\/03\/asociados-REALCUP5.png\" class=\"attachment-medium size-medium wp-image-20\" alt=\"\" srcset=\"https:\/\/realcup.org\/guayaquil2026\/wp-content\/uploads\/2026\/03\/asociados-REALCUP5.png 256w, https:\/\/realcup.org\/guayaquil2026\/wp-content\/uploads\/2026\/03\/asociados-REALCUP5-150x150.png 150w\" sizes=\"(max-width: 256px) 100vw, 256px\" \/>\t\t\t\t\t\t\t\t<\/a>\n\t\t\t\t\t\t\t\t\t\t\t\t\t\t\t<\/div>\n\t\t\t\t<\/div>\n\t\t<div class=\"elementor-element elementor-element-61278779 e-con-full e-flex e-con e-child\" data-id=\"61278779\" data-element_type=\"container\" data-e-type=\"container\">\n\t\t\t\t<div class=\"elementor-element elementor-element-60114841 elementor-widget elementor-widget-image\" data-id=\"60114841\" data-element_type=\"widget\" data-e-type=\"widget\" data-widget_type=\"image.default\">\n\t\t\t\t\t\t\t\t\t\t\t\t\t\t\t\t<a href=\"https:\/\/auppa.org.pa\/\" target=\"_blank\" rel=\"noopener noreferrer nofollow\">\n\t\t\t\t\t\t\t<img loading=\"lazy\" decoding=\"async\" width=\"256\" height=\"256\" src=\"https:\/\/realcup.org\/guayaquil2026\/wp-content\/uploads\/2026\/03\/asociados-REALCUP6.png\" class=\"attachment-medium size-medium wp-image-21\" alt=\"\" srcset=\"https:\/\/realcup.org\/guayaquil2026\/wp-content\/uploads\/2026\/03\/asociados-REALCUP6.png 256w, https:\/\/realcup.org\/guayaquil2026\/wp-content\/uploads\/2026\/03\/asociados-REALCUP6-150x150.png 150w\" sizes=\"(max-width: 256px) 100vw, 256px\" \/>\t\t\t\t\t\t\t\t<\/a>\n\t\t\t\t\t\t\t\t\t\t\t\t\t\t\t<\/div>\n\t\t\t\t<\/div>\n\t\t<div class=\"elementor-element elementor-element-529860ba e-con-full e-flex e-con e-child\" data-id=\"529860ba\" data-element_type=\"container\" data-e-type=\"container\">\n\t\t\t\t<div class=\"elementor-element elementor-element-2cae892a elementor-widget elementor-widget-image\" data-id=\"2cae892a\" data-element_type=\"widget\" data-e-type=\"widget\" data-widget_type=\"image.default\">\n\t\t\t\t\t\t\t\t\t\t\t\t\t\t\t<img loading=\"lazy\" decoding=\"async\" width=\"256\" height=\"256\" src=\"https:\/\/realcup.org\/guayaquil2026\/wp-content\/uploads\/2026\/03\/asociados-REALCUP7.png\" class=\"attachment-medium size-medium wp-image-22\" alt=\"\" srcset=\"https:\/\/realcup.org\/guayaquil2026\/wp-content\/uploads\/2026\/03\/asociados-REALCUP7.png 256w, https:\/\/realcup.org\/guayaquil2026\/wp-content\/uploads\/2026\/03\/asociados-REALCUP7-150x150.png 150w\" sizes=\"(max-width: 256px) 100vw, 256px\" \/>\t\t\t\t\t\t\t\t\t\t\t\t\t\t\t<\/div>\n\t\t\t\t<\/div>\n\t\t<div class=\"elementor-element elementor-element-d10cfd0 e-con-full e-flex e-con e-child\" data-id=\"d10cfd0\" data-element_type=\"container\" data-e-type=\"container\">\n\t\t\t\t<div class=\"elementor-element elementor-element-70cace97 elementor-widget elementor-widget-image\" data-id=\"70cace97\" data-element_type=\"widget\" data-e-type=\"widget\" data-widget_type=\"image.default\">\n\t\t\t\t\t\t\t\t\t\t\t\t\t\t\t\t<a href=\"https:\/\/auprides.org\/\" target=\"_blank\" rel=\"noopener noreferrer nofollow\">\n\t\t\t\t\t\t\t<img loading=\"lazy\" decoding=\"async\" width=\"300\" height=\"185\" src=\"https:\/\/realcup.org\/guayaquil2026\/wp-content\/uploads\/2026\/04\/logo_auprides-300x185.jpg\" class=\"attachment-medium size-medium wp-image-349\" alt=\"\" srcset=\"https:\/\/realcup.org\/guayaquil2026\/wp-content\/uploads\/2026\/04\/logo_auprides-300x185.jpg 300w, https:\/\/realcup.org\/guayaquil2026\/wp-content\/uploads\/2026\/04\/logo_auprides.jpg 400w\" sizes=\"(max-width: 300px) 100vw, 300px\" \/>\t\t\t\t\t\t\t\t<\/a>\n\t\t\t\t\t\t\t\t\t\t\t\t\t\t\t<\/div>\n\t\t\t\t<\/div>\n\t\t\t\t<\/div>\n\t\t<div class=\"elementor-element elementor-element-61148f96 e-con-full e-flex e-con e-child\" data-id=\"61148f96\" data-element_type=\"container\" data-e-type=\"container\">\n\t\t<div class=\"elementor-element elementor-element-3246610b e-con-full e-flex e-con e-child\" data-id=\"3246610b\" data-element_type=\"container\" data-e-type=\"container\">\n\t\t\t\t<div class=\"elementor-element elementor-element-60ef5a05 elementor-widget elementor-widget-image\" data-id=\"60ef5a05\" data-element_type=\"widget\" data-e-type=\"widget\" data-widget_type=\"image.default\">\n\t\t\t\t\t\t\t\t\t\t\t\t\t\t\t\t<a href=\"https:\/\/www.crup.org.ar\/\" target=\"_blank\" rel=\"noopener noreferrer nofollow\">\n\t\t\t\t\t\t\t<img loading=\"lazy\" decoding=\"async\" width=\"256\" height=\"256\" src=\"https:\/\/realcup.org\/guayaquil2026\/wp-content\/uploads\/2026\/03\/asociados-REALCUP9.png\" class=\"attachment-medium size-medium wp-image-24\" alt=\"\" srcset=\"https:\/\/realcup.org\/guayaquil2026\/wp-content\/uploads\/2026\/03\/asociados-REALCUP9.png 256w, https:\/\/realcup.org\/guayaquil2026\/wp-content\/uploads\/2026\/03\/asociados-REALCUP9-150x150.png 150w\" sizes=\"(max-width: 256px) 100vw, 256px\" \/>\t\t\t\t\t\t\t\t<\/a>\n\t\t\t\t\t\t\t\t\t\t\t\t\t\t\t<\/div>\n\t\t\t\t<\/div>\n\t\t<div class=\"elementor-element elementor-element-876a49b e-con-full e-flex e-con e-child\" data-id=\"876a49b\" data-element_type=\"container\" data-e-type=\"container\">\n\t\t\t\t<div class=\"elementor-element elementor-element-ede4e33 elementor-widget elementor-widget-image\" data-id=\"ede4e33\" data-element_type=\"widget\" data-e-type=\"widget\" data-widget_type=\"image.default\">\n\t\t\t\t\t\t\t\t\t\t\t\t\t\t\t\t<a href=\"https:\/\/www.cupchile.cl\/\" target=\"_blank\" rel=\"noopener noreferrer nofollow\">\n\t\t\t\t\t\t\t<img loading=\"lazy\" decoding=\"async\" width=\"256\" height=\"256\" src=\"https:\/\/realcup.org\/guayaquil2026\/wp-content\/uploads\/2026\/03\/asociados-REALCUP10.png\" class=\"attachment-medium size-medium wp-image-25\" alt=\"\" srcset=\"https:\/\/realcup.org\/guayaquil2026\/wp-content\/uploads\/2026\/03\/asociados-REALCUP10.png 256w, https:\/\/realcup.org\/guayaquil2026\/wp-content\/uploads\/2026\/03\/asociados-REALCUP10-150x150.png 150w\" sizes=\"(max-width: 256px) 100vw, 256px\" \/>\t\t\t\t\t\t\t\t<\/a>\n\t\t\t\t\t\t\t\t\t\t\t\t\t\t\t<\/div>\n\t\t\t\t<\/div>\n\t\t<div class=\"elementor-element elementor-element-408c4fea e-con-full e-flex e-con e-child\" data-id=\"408c4fea\" data-element_type=\"container\" data-e-type=\"container\">\n\t\t\t\t<div class=\"elementor-element elementor-element-6a743ae6 elementor-widget elementor-widget-image\" data-id=\"6a743ae6\" data-element_type=\"widget\" data-e-type=\"widget\" data-widget_type=\"image.default\">\n\t\t\t\t\t\t\t\t\t\t\t\t\t\t\t\t<a href=\"http:\/\/fipes.pe\/\" target=\"_blank\" rel=\"noopener noreferrer nofollow\">\n\t\t\t\t\t\t\t<img loading=\"lazy\" decoding=\"async\" width=\"256\" height=\"256\" src=\"https:\/\/realcup.org\/guayaquil2026\/wp-content\/uploads\/2026\/03\/asociados-REALCUP11.png\" class=\"attachment-medium size-medium wp-image-26\" alt=\"\" srcset=\"https:\/\/realcup.org\/guayaquil2026\/wp-content\/uploads\/2026\/03\/asociados-REALCUP11.png 256w, https:\/\/realcup.org\/guayaquil2026\/wp-content\/uploads\/2026\/03\/asociados-REALCUP11-150x150.png 150w\" sizes=\"(max-width: 256px) 100vw, 256px\" \/>\t\t\t\t\t\t\t\t<\/a>\n\t\t\t\t\t\t\t\t\t\t\t\t\t\t\t<\/div>\n\t\t\t\t<\/div>\n\t\t<div class=\"elementor-element elementor-element-74e56272 e-con-full e-flex e-con e-child\" data-id=\"74e56272\" data-element_type=\"container\" data-e-type=\"container\">\n\t\t\t\t<div class=\"elementor-element elementor-element-5deae830 elementor-widget elementor-widget-image\" data-id=\"5deae830\" data-element_type=\"widget\" data-e-type=\"widget\" data-widget_type=\"image.default\">\n\t\t\t\t\t\t\t\t\t\t\t\t\t\t\t\t<a href=\"https:\/\/www.fimpes.org.mx\/\" target=\"_blank\" rel=\"noopener noreferrer nofollow\">\n\t\t\t\t\t\t\t<img loading=\"lazy\" decoding=\"async\" width=\"256\" height=\"256\" src=\"https:\/\/realcup.org\/guayaquil2026\/wp-content\/uploads\/2026\/03\/asociados-REALCUP12.png\" class=\"attachment-medium size-medium wp-image-27\" alt=\"\" srcset=\"https:\/\/realcup.org\/guayaquil2026\/wp-content\/uploads\/2026\/03\/asociados-REALCUP12.png 256w, https:\/\/realcup.org\/guayaquil2026\/wp-content\/uploads\/2026\/03\/asociados-REALCUP12-150x150.png 150w\" sizes=\"(max-width: 256px) 100vw, 256px\" \/>\t\t\t\t\t\t\t\t<\/a>\n\t\t\t\t\t\t\t\t\t\t\t\t\t\t\t<\/div>\n\t\t\t\t<\/div>\n\t\t<div class=\"elementor-element elementor-element-32e0794 e-con-full e-flex e-con e-child\" data-id=\"32e0794\" data-element_type=\"container\" data-e-type=\"container\">\n\t\t\t\t<div class=\"elementor-element elementor-element-24f150aa elementor-widget elementor-widget-image\" data-id=\"24f150aa\" data-element_type=\"widget\" data-e-type=\"widget\" data-widget_type=\"image.default\">\n\t\t\t\t\t\t\t\t\t\t\t\t\t\t\t\t<a href=\"https:\/\/www.globaledu.cr\/\" target=\"_blank\" rel=\"noopener noreferrer nofollow\">\n\t\t\t\t\t\t\t<img loading=\"lazy\" decoding=\"async\" width=\"256\" height=\"256\" src=\"https:\/\/realcup.org\/guayaquil2026\/wp-content\/uploads\/2026\/03\/asociados-REALCUP13.png\" class=\"attachment-medium size-medium wp-image-28\" alt=\"\" srcset=\"https:\/\/realcup.org\/guayaquil2026\/wp-content\/uploads\/2026\/03\/asociados-REALCUP13.png 256w, https:\/\/realcup.org\/guayaquil2026\/wp-content\/uploads\/2026\/03\/asociados-REALCUP13-150x150.png 150w\" sizes=\"(max-width: 256px) 100vw, 256px\" \/>\t\t\t\t\t\t\t\t<\/a>\n\t\t\t\t\t\t\t\t\t\t\t\t\t\t\t<\/div>\n\t\t\t\t<\/div>\n\t\t<div class=\"elementor-element elementor-element-5857660d e-con-full e-flex e-con e-child\" data-id=\"5857660d\" data-element_type=\"container\" data-e-type=\"container\">\n\t\t\t\t<div class=\"elementor-element elementor-element-49ac2b25 elementor-widget elementor-widget-image\" data-id=\"49ac2b25\" data-element_type=\"widget\" data-e-type=\"widget\" data-widget_type=\"image.default\">\n\t\t\t\t\t\t\t\t\t\t\t\t\t\t\t\t<a href=\"https:\/\/www.semesp.org.br\/\" target=\"_blank\" rel=\"noopener noreferrer nofollow\">\n\t\t\t\t\t\t\t<img loading=\"lazy\" decoding=\"async\" width=\"256\" height=\"256\" src=\"https:\/\/realcup.org\/guayaquil2026\/wp-content\/uploads\/2026\/03\/asociados-REALCUP14.png\" class=\"attachment-medium size-medium wp-image-29\" alt=\"\" srcset=\"https:\/\/realcup.org\/guayaquil2026\/wp-content\/uploads\/2026\/03\/asociados-REALCUP14.png 256w, https:\/\/realcup.org\/guayaquil2026\/wp-content\/uploads\/2026\/03\/asociados-REALCUP14-150x150.png 150w\" sizes=\"(max-width: 256px) 100vw, 256px\" \/>\t\t\t\t\t\t\t\t<\/a>\n\t\t\t\t\t\t\t\t\t\t\t\t\t\t\t<\/div>\n\t\t\t\t<\/div>\n\t\t<div class=\"elementor-element elementor-element-32204687 e-con-full e-flex e-con e-child\" data-id=\"32204687\" data-element_type=\"container\" data-e-type=\"container\">\n\t\t\t\t<div class=\"elementor-element elementor-element-73e5d40c elementor-widget elementor-widget-image\" data-id=\"73e5d40c\" data-element_type=\"widget\" data-e-type=\"widget\" data-widget_type=\"image.default\">\n\t\t\t\t\t\t\t\t\t\t\t\t\t\t\t<img loading=\"lazy\" decoding=\"async\" width=\"256\" height=\"256\" src=\"https:\/\/realcup.org\/guayaquil2026\/wp-content\/uploads\/2026\/03\/asociados-REALCUP15.png\" class=\"attachment-medium size-medium wp-image-30\" alt=\"\" srcset=\"https:\/\/realcup.org\/guayaquil2026\/wp-content\/uploads\/2026\/03\/asociados-REALCUP15.png 256w, https:\/\/realcup.org\/guayaquil2026\/wp-content\/uploads\/2026\/03\/asociados-REALCUP15-150x150.png 150w\" sizes=\"(max-width: 256px) 100vw, 256px\" \/>\t\t\t\t\t\t\t\t\t\t\t\t\t\t\t<\/div>\n\t\t\t\t<\/div>\n\t\t<div class=\"elementor-element elementor-element-3472b1cf e-con-full e-flex e-con e-child\" data-id=\"3472b1cf\" data-element_type=\"container\" data-e-type=\"container\">\n\t\t\t\t<\/div>\n\t\t\t\t<\/div>\n\t\t\t\t<\/div>\n\t\t\t\t\t<\/div>\n\t\t\t\t<\/div>\n\t\t<div class=\"elementor-element elementor-element-c41a29c e-flex e-con-boxed e-con e-parent\" data-id=\"c41a29c\" data-element_type=\"container\" data-e-type=\"container\">\n\t\t\t\t\t<div class=\"e-con-inner\">\n\t\t\t\t<div class=\"elementor-element elementor-element-8e081d3 elementor-widget elementor-widget-html\" data-id=\"8e081d3\" data-element_type=\"widget\" data-e-type=\"widget\" data-widget_type=\"html.default\">\n\t\t\t\t\t\n\n\n<script type=\"application\/ld+json\">\n{\n  \"@context\": \"https:\/\/schema.org\",\n  \"@type\": \"FAQPage\",\n  \"mainEntity\": [\n    {\n      \"@type\": \"Question\",\n      \"name\": \"\u00bfQu\u00e9 es REALCUP?\",\n      \"acceptedAnswer\": {\n        \"@type\": \"Answer\",\n        \"text\": \"La Red de Asociaciones Latinoamericanas y Caribe\u00f1as de Universidades Privadas (REALCUP) es una asociaci\u00f3n civil sin fines de lucro, con el principal objetivo del intercambio y cooperaci\u00f3n en el desarrollo de una educaci\u00f3n superior de calidad. En 2026 se encuentra conformada por 16 asociaciones de universidades privadas de 13 pa\u00edses de Am\u00e9rica Latina y el Caribe, nucleando a 1.428 instituciones universitarias privadas en la regi\u00f3n.\"\n      }\n    },\n    {\n      \"@type\": \"Question\",\n      \"name\": \"\u00bfCu\u00e1les son las Autoridades REALCUP 2024-2027?\",\n      \"acceptedAnswer\": {\n        \"@type\": \"Answer\",\n        \"text\": \"El 7 de diciembre de 2023, el rector de la Universidad Abierta Interamericana (CRUP Argentina), Dr. Rodolfo De Vincenzi, fue electo como presidente de REALCUP para un per\u00edodo de cuatro a\u00f1os de gesti\u00f3n. El profesor Santiago Gonz\u00e1lez Larrain (CUP Chile), es el Vicepresidente 1\u00b0, y la Dra. L\u00facia Teixeira (SEMESP Brasil) ocupa el cargo de Vicepresidente 2\u00b0.\"\n      }\n    },\n\n {\n      \"@type\": \"Question\",\n      \"name\": \"\u00bfA qui\u00e9n representa REALCUP?\",\n      \"acceptedAnswer\": {\n        \"@type\": \"Answer\",\n        \"text\": \"En 2026 representa a 16 asociaciones de universidades privadas de 13 pa\u00edses de Am\u00e9rica Latina y el Caribe, las cuales nuclean a 1.428 instituciones universitarias privadas en la regi\u00f3n. Estas son las asociaciones miembros: Asociaci\u00f3n Colombiana de Instituciones de Educaci\u00f3n Superior (ACIET), Asociaci\u00f3n Dominicana de Rectores de Universidades (ADRU), Asociaci\u00f3n de Instituciones Educativas Particulares del Ecuador (AIEPE), Asociaci\u00f3n Nacional de Universidades Privadas (ANUP), Bolivia, Asociaci\u00f3n Paraguaya de Universidades Privadas (APUP), Asociaci\u00f3n Colombiana de Universidades (ASCUN), Asociaci\u00f3n de Universidades Particulares de Panam\u00e1 (AUPPA), Asociaci\u00f3n de Universidades Privadas de la Rep\u00fablica Dominicana (AUPRI), Asociaci\u00f3n de Universidades Privadas de El Salvador (AUPRIDES), Consejo de Rectores de las Universidades Privadas de Argentina (CRUP), Corporaci\u00f3n de Universidades Privadas (CUP), Chile, Federaci\u00f3n de Instituciones Mexicanas Particulares de Educaci\u00f3n Superior (FIMPES), Federaci\u00f3n de Instituciones Privadas de Educaci\u00f3n Superior (FIPES), Per\u00fa, Consorcio Costarricense de Educaci\u00f3n Superior para la Educaci\u00f3n Internacional (globalEdu), Sindicato das Entidades Mantenedoras de Estabelecimentos de Ensino Superior No Estado de Sao Paulo (SEMESP), Asociaci\u00f3n Unidad de Rectores de las Universidades Privadas de Costa Rica (UNIRE)\"\n      }\n    },\n {\n      \"@type\": \"Question\",\n      \"name\": \"\u00bfQu\u00e9 hace REALCUP?\",\n      \"acceptedAnswer\": {\n        \"@type\": \"Answer\",\n        \"text\": \"Misi\u00f3n \/ REALCUP fomenta la acci\u00f3n com\u00fan hacia pol\u00edticas y sistemas educativos de calidad en la regi\u00f3n. Para cumplir dicha misi\u00f3n, lo hace: (1) con respeto a la autonom\u00eda y los contextos sociales de cada pa\u00eds; (2) facilitando la internacionalizaci\u00f3n de las instituciones de educaci\u00f3n superior; (3) colaborando en mejorar la calidad de la docencia, la investigaci\u00f3n, la innovaci\u00f3n, la transferencia y la vinculaci\u00f3n con las necesidades de la sociedad; (4) buscando la integraci\u00f3n de la iniciativa privada en la atenci\u00f3n de las necesidades educativas de la regi\u00f3n latinoamericana y caribe\u00f1a.\n\nVisi\u00f3n \/ Constituir la red de referencia para la acci\u00f3n colaborativa de Educaci\u00f3n Superior en Am\u00e9rica Latina y el Caribe, como una plataforma para el desarrollo de estrategias comunes de las asociaciones de instituciones privadas de educaci\u00f3n superior que la conforman, proporcionando respuestas pr\u00e1cticas a los desaf\u00edos sociales futuros.\n\nEjes de trabajo \/ Desde inicios de 2024, la gesti\u00f3n se apoya en tres ejes centrales: superar la palabra, dise\u00f1ando experiencias y proyectos que trascienden el diagn\u00f3stico; lograr capilaridad, llegando a cada asociaci\u00f3n y universidad mediante una agenda situada y las Unidades de Vinculaci\u00f3n Institucional (UVI); y promover la cocreaci\u00f3n, construyendo soluciones colectivas junto a las instituciones y aliados estrat\u00e9gicos.\"\n      }\n    },\n {\n      \"@type\": \"Question\",\n      \"name\": \"\u00bfRealizan encuentros presenciales?\",\n      \"acceptedAnswer\": {\n        \"@type\": \"Answer\",\n        \"text\": \"S\u00ed. El encuentro anual de la Red de Asociaciones Latinoamericanas y Caribe\u00f1as de Universidades Privadas (REALCUP) es el m\u00e1s importante de instituciones privadas de la regi\u00f3n. Se realiza en noviembre de cada a\u00f1o en alguna universidad asociada. Los eventos anuales realizados durante la gesti\u00f3n 2024-2027 han sido:\n\nPuebla REALCUP 2024 \/ El Encuentro anual Puebla REALCUP 2024 \u201cCalidad inclusiva y pertinencia din\u00e1mica en las universidades privadas de Latinoam\u00e9rica y el Caribe\u201d fue realizado en la Universidad An\u00e1huac Puebla entre el 1 y el 3 de octubre de 2024 y organizado junto a FIMPES.\n\n300 participantes\n60 ponentes internacionales\n94 rectores de instituciones universitarias privadas\n\nS\u00e3o Paulo REALCUP 2025. Dise\u00f1os de futuro \/ Se realiz\u00f3 del 12 al 14 de noviembre de 2025 en la Universidade Presbiteriana Mackenzie, organizado junto a SEMESP. Fueron tres d\u00edas de actividades presenciales, donde se asisti\u00f3 a trece sesiones plenarias, y los asistentes pudieron elegir entre ocho duetos, quince sesiones Inmersivas +DES y cinco Incubadoras UVI. El tercer d\u00eda fue destinado a una actividad organizada por la OCDE.\n\nEl evento ha significado una evoluci\u00f3n de la idea de encuentro anual. Desde la comunicaci\u00f3n digital, ocho meses antes lanzamos una web propia con la programaci\u00f3n y los invitados. Tambi\u00e9n se duplic\u00f3 la cantidad de asistentes y creci\u00f3 un 30% la propuesta de actividades.\n\n550 participantes\n70 ponentes internacionales\n330 rectores de instituciones universitarias privadas\n\nGuayaquil REALCUP 2026. Inteligencias postartificiales \/ La Universidad Esp\u00edritu Santo (UEES) de Ecuador ser\u00e1 la anfitriona de la edici\u00f3n 2026 de nuestro encuentro anual, a realizarse del 11 al 13 de noviembre de 2026 en su campus de Samborond\u00f3n, Guayaquil. Ser\u00e1 organizado junto a AIEPE, la asociaci\u00f3n ecuatoriana que nuclea a un grupo de universidades privadas miembros.\"\n      }\n    },\n {\n      \"@type\": \"Question\",\n      \"name\": \"\u00bfC\u00f3mo se puede vincular con REALCUP?\",\n      \"acceptedAnswer\": {\n        \"@type\": \"Answer\",\n        \"text\": \"El primer contacto es a trav\u00e9s del correo institucional: asistencia@realcup.org. Tambi\u00e9n somos activos en LinkedIn donde intercambiamos cotidianamente mensajes con nuestra comunidad.\n\nPara ser ASOCIADO de REALCUP, se debe adjuntar Estatuto institucional y reconocimiento oficial de la instituci\u00f3n. Una vez aceptada su solicitud, deber\u00e1 abonar una cuota social anual que ser\u00e1 informado por la Comisi\u00f3n Directiva.\"\n      }\n    },\n {\n      \"@type\": \"Question\",\n      \"name\": \"\u00bfC\u00f3mo se puede vincular con REALCUP siendo una empresa edtech?\",\n      \"acceptedAnswer\": {\n        \"@type\": \"Answer\",\n        \"text\": \"Existen dos modos de alianza: como Aliado Estrat\u00e9gico o como Patrocinador. REALCUP concibe sus v\u00ednculos con organizaciones externas como parte de una estrategia de fortalecimiento institucional, orientada a ampliar capacidades, recursos y oportunidades para las instituciones miembros.\n\nEstos v\u00ednculos se desarrollan preservando en todo momento la autonom\u00eda acad\u00e9mica, la gobernanza asociativa y la definici\u00f3n colectiva de la agenda estrat\u00e9gica de REALCUP, que contin\u00faan siendo responsabilidad exclusiva de las asociaciones y universidades que integran la Red.\n\nDefinici\u00f3n de Aliado Estrat\u00e9gico REALCUP \/ Se considera Aliado Estrat\u00e9gico de REALCUP a toda organizaci\u00f3n de reconocido prestigio en su campo de acci\u00f3n, cuyos productos o servicios representan oportunidades alineadas con las aspiraciones y desaf\u00edos de las instituciones de educaci\u00f3n superior de Am\u00e9rica Latina y el Caribe. Estas organizaciones manifiestan su disposici\u00f3n a codise\u00f1ar, junto a REALCUP, soluciones contextualizadas que contribuyan al cumplimiento de la agenda estrat\u00e9gica de la red. Denota una relaci\u00f3n bidireccional y de largo plazo, no solo un patrocinio puntual.\n\nDefinici\u00f3n de Patrocinador REALCUP \/ Se considera Patrocinador a toda organizaci\u00f3n de reconocido prestigio y alto valor de marca, cuyos productos o servicios, resultan de inter\u00e9s o utilidad para las universidades miembros de la red. Si bien pueden no estar necesariamente alineados con la agenda estrat\u00e9gica de REALCUP, estos patrocinadores aportan recursos financieros, log\u00edsticos y\/o humanos que contribuyen al fortalecimiento de actividades espec\u00edficas de REALCUP.\"\n      }\n    },\n {\n      \"@type\": \"Question\",\n      \"name\": \"\u00bfQu\u00e9 es el Programa +DES de REALCUP?\",\n      \"acceptedAnswer\": {\n        \"@type\": \"Answer\",\n        \"text\": \"El Programa +DES (+ Desarrollo en Educaci\u00f3n Superior) de REALCUP se consolida como el principal ecosistema para promover la innovaci\u00f3n, el fortalecimiento del aseguramiento de la calidad y la transformaci\u00f3n institucional de las organizaciones que conforman la red. Su prop\u00f3sito es ofrecer acompa\u00f1amiento estrat\u00e9gico a las universidades miembros para diagnosticar, dise\u00f1ar, implementar y certificar sus procesos y logros, en clave con est\u00e1ndares internacionales y alianzas globales de alto valor.\n\nDirigido por la Dra Ariana De Vincenzi, una de las l\u00edneas de cooperaci\u00f3n e integraci\u00f3n que ha propiciado REALCUP a trav\u00e9s del Programa +DES es el aseguramiento interno y externo de la calidad. Durante 2025 y 2026, el Programa +DES proyecta su desarrollo estrat\u00e9gico en torno a tres ejes prioritarios. 1. Construir puentes virtuosos entre las universidades que integran las asociaciones miembro de REALCUP y diversos organismos especializados en educaci\u00f3n y tecnolog\u00eda (edtech y consultores expertos en educaci\u00f3n superior); 2. Sostener y expandir las alianzas estrat\u00e9gicas con organismos internacionales, agencias externas de aseguramiento de la calidad y entidades de referencia como UNESCO, INQAAHE, OEI y OCDE; 3. Implementar consultor\u00edas situadas en los distintos pa\u00edses donde las universidades requieran acompa\u00f1amiento especializado.\"\n      }\n    },\n{\n      \"@type\": \"Question\",\n      \"name\": \"\u00bfQu\u00e9 son las Unidades de Vinculaci\u00f3n Institucional (UVIs) de REALCUP?\",\n      \"acceptedAnswer\": {\n        \"@type\": \"Answer\",\n        \"text\": \"Bajo la coordinaci\u00f3n de la Secretar\u00eda Acad\u00e9mica y referentes de las asociaciones nacionales, durante 2025 se crearon seis Unidades de Vinculaci\u00f3n Institucional (UVI): la UVI de Directores Ejecutivos de las asociaciones, la UVI de Marcos Regulatorios y Asuntos Jur\u00eddicos, la UVI de Internacionalizaci\u00f3n, la UVI de Calidad, la UVI de Aprendizaje a lo Largo de la Vida y la UVI de Educaci\u00f3n a Distancia.\n\nLas UVI constituyen hoy el principal espacio de capilaridad efectiva entre las asociaciones nacionales miembro y las universidades que conforman el ecosistema REALCUP. Son el puente que traduce las estrategias regionales en acciones concretas y contextualizadas, permitiendo que las decisiones colectivas lleguen a cada instituci\u00f3n con sentido, pertinencia y velocidad.\"\n      }\n    },\n {\n      \"@type\": \"Question\",\n      \"name\": \"\u00bfProduce REALCUP alg\u00fan contenido acad\u00e9mico o de investigaci\u00f3n?\",\n      \"acceptedAnswer\": {\n        \"@type\": \"Answer\",\n        \"text\": \"S\u00ed. La Colecci\u00f3n Protop\u00edas sobre la Universidad, dirigida por REALCUP, tiene como objetivo analizar, desde una perspectiva estrat\u00e9gica y aplicada, los desaf\u00edos, transformaciones y futuros posibles de la universidad privada en Am\u00e9rica Latina.\n\nLa Colecci\u00f3n fue lanzada en octubre de 2025 con el t\u00edtulo \u201cU+: Dise\u00f1os de futuro en la educaci\u00f3n superior privada\u201d, de Hugo Pardo Kuklinski y Rodolfo De Vincenzi, coeditado por la Universidad Esp\u00edritu Santo y la Universidad Continental. El segundo volumen se encuentra actualmente en producci\u00f3n y ser\u00e1 publicado durante el cuarto trimestre de 2026, con autor\u00eda de Jamil Salmi y Jos\u00e9 Escamilla. Los coeditores ser\u00e1n la Universidad Abierta Interamericana (UAI) y la Corporaci\u00f3n Universitaria Minuto de Dios (UNIMINUTO).\n\nCada libro se desarrolla como un producto editorial de amplia circulaci\u00f3n, que incluye un sitio web oficial, un libro en formato PDF de libre descarga y contenidos multimedia complementarios. Este enfoque transmedi\u00e1tico ha demostrado una alta viralidad dentro de la comunidad universitaria, con miles de descargas y una fuerte presencia en espacios institucionales y acad\u00e9micos de la regi\u00f3n.\n\n      }\n    },\n\n\n  ]\n}\n<\/script>\t\t\t\t<\/div>\n\t\t\t\t\t<\/div>\n\t\t\t\t<\/div>\n\t\t\t\t<\/div>\n\t\t","protected":false},"excerpt":{"rendered":"<p>REALCUP representa a 16 asociaciones que nuclean a 1428 instituciones universitarias de gesti\u00f3n privada La Red de Asociaciones Latinoamericanas y Caribe\u00f1as de Universidades Privadas (REALCUP) fue fundada en el a\u00f1o 2016 con apoyo del IESALC- UNESCO. En la actualidad se encuentra conformada por 16 asociaciones de universidades privadas de 13 pa\u00edses de Am\u00e9rica Latina y [&hellip;]<\/p>\n","protected":false},"author":1,"featured_media":0,"parent":0,"menu_order":0,"comment_status":"closed","ping_status":"closed","template":"elementor_header_footer","meta":{"_acf_changed":false,"footnotes":""},"class_list":["post-187","page","type-page","status-publish","hentry"],"acf":[],"_links":{"self":[{"href":"https:\/\/realcup.org\/guayaquil2026\/wp-json\/wp\/v2\/pages\/187","targetHints":{"allow":["GET"]}}],"collection":[{"href":"https:\/\/realcup.org\/guayaquil2026\/wp-json\/wp\/v2\/pages"}],"about":[{"href":"https:\/\/realcup.org\/guayaquil2026\/wp-json\/wp\/v2\/types\/page"}],"author":[{"embeddable":true,"href":"https:\/\/realcup.org\/guayaquil2026\/wp-json\/wp\/v2\/users\/1"}],"replies":[{"embeddable":true,"href":"https:\/\/realcup.org\/guayaquil2026\/wp-json\/wp\/v2\/comments?post=187"}],"version-history":[{"count":10,"href":"https:\/\/realcup.org\/guayaquil2026\/wp-json\/wp\/v2\/pages\/187\/revisions"}],"predecessor-version":[{"id":790,"href":"https:\/\/realcup.org\/guayaquil2026\/wp-json\/wp\/v2\/pages\/187\/revisions\/790"}],"wp:attachment":[{"href":"https:\/\/realcup.org\/guayaquil2026\/wp-json\/wp\/v2\/media?parent=187"}],"curies":[{"name":"wp","href":"https:\/\/api.w.org\/{rel}","templated":true}]}}